{"id":4158,"date":"2019-02-05T00:55:07","date_gmt":"2019-02-05T00:55:07","guid":{"rendered":"https:\/\/rudolph-richter.de\/fliesenhandel\/?post_type=project&#038;p=4158"},"modified":"2019-02-06T20:42:13","modified_gmt":"2019-02-06T20:42:13","slug":"cevisama-2019","status":"publish","type":"project","link":"https:\/\/rudolph-richter.de\/fliesenhandel\/project\/cevisama-2019\/","title":{"rendered":"CEVISAMA 2019"},"content":{"rendered":"<p>[et_pb_section bb_built=&#8220;1&#8243; _builder_version=&#8220;3.19.5&#8243; background_color=&#8220;#ffffff&#8220; use_background_color_gradient=&#8220;on&#8220; background_color_gradient_start=&#8220;#ffffff&#8220; background_color_gradient_end=&#8220;#ffffff&#8220;][et_pb_row _builder_version=&#8220;3.19.5&#8243; background_color=&#8220;#ffffff&#8220; use_background_color_gradient=&#8220;on&#8220; background_color_gradient_start=&#8220;#ffffff&#8220; background_color_gradient_end=&#8220;#ffffff&#8220;][et_pb_column type=&#8220;4_4&#8243;][et_pb_text _builder_version=&#8220;3.19.5&#8243; text_font=&#8220;Ubuntu||||||||&#8220; text_font_size=&#8220;16px&#8220; header_font=&#8220;Ubuntu||||||||&#8220; header_font_size=&#8220;45px&#8220; header_2_font_size=&#8220;30px&#8220; background_color=&#8220;#ffffff&#8220; use_background_color_gradient=&#8220;on&#8220; background_color_gradient_start=&#8220;#ffffff&#8220; background_color_gradient_end=&#8220;#ffffff&#8220;]<\/p>\n<h1><span style=\"color: #ff6600;\">CEVISAMA 2019<\/span><\/h1>\n<h2><span style=\"color: #ff6600;\">&#8230; es geht wieder nach Spanien !<\/span><\/h2>\n<p><span style=\"color: #808080;\"><strong><span class='et-dropcap'>E<\/span><\/strong>s war kalt und regnerisch in den fr\u00fchen Morgenstunden des letzten Montages im Januar und im Autoradio wurde vor Glatteis durch \u00fcberfrierende N\u00e4sse gewarnt.\u00a0Trotzdem machten wir uns auf den Weg zum Flughafen Amsterdam-Schiphol, um von dort mit dem KLM Flug 1503 nach Valencia in Spanien zu fliegen. Hier fand vom 28. Januar bis zum 01.Februar die wichtigste Messe der spanischen Fliesenindustrie statt. Wir landeten in der Hauptstadt der autonomen Region Valencia nach einem gut zweist\u00fcndigen Flug und einiger Versp\u00e4tung aufgrund der Wettersituation in Mitteleuropa. Spanien empfing uns mit einem nur leicht bew\u00f6lkten Himmel und einer angenehmen Au\u00dfentemperatur von \u00fcber 20 Grad Celsius. Nach unserem Check-in in unser Hotel in der Innenstadt von Valencia beschlossen wir, den restlichen Nachmittag mit ein wenig Sightseeing zu verbringen. Wir hatten Valencia schon \u00f6fter besucht, deshalb sind uns viele Sehensw\u00fcrdigkeiten bekannt. Sehenswert ist nicht nur die Altstadt der knapp 790.000 Einwohner z\u00e4hlenden Metropole, sondern auch die moderne Ciudad de las Artes y de las Ciencias (Stadt der K\u00fcnste und Wissenschaft). Dieser Teil der Stadt liegt im ehemaligen Lauf des Turia-Flusses. Um die letzten w\u00e4rmenden Sonnenstrahlen des Tages zu genie\u00dfen, entschlossen wir uns, in die N\u00e4he des Stadtstrandes Malvarosa\u00a0zu fahren. <\/span><\/p>\n<p>[\/et_pb_text][\/et_pb_column][\/et_pb_row][et_pb_row _builder_version=&#8220;3.19.5&#8243; background_color=&#8220;#ffffff&#8220; use_background_color_gradient=&#8220;on&#8220; background_color_gradient_start=&#8220;#ffffff&#8220; background_color_gradient_end=&#8220;#ffffff&#8220; background_color_1=&#8220;#ffffff&#8220; use_background_color_gradient_1=&#8220;on&#8220; background_color_gradient_start_1=&#8220;#ffffff&#8220; background_color_gradient_end_1=&#8220;#ffffff&#8220; background_color_2=&#8220;#ffffff&#8220; use_background_color_gradient_2=&#8220;on&#8220; background_color_gradient_start_2=&#8220;#ffffff&#8220; background_color_gradient_end_2=&#8220;#ffffff&#8220; module_alignment=&#8220;center&#8220;][et_pb_column type=&#8220;4_4&#8243;][et_pb_image admin_label=&#8220;Valencia-Landeanflug&#8220; _builder_version=&#8220;3.19.5&#8243; src=&#8220;https:\/\/rudolph-richter.de\/fliesenhandel\/wp-content\/uploads\/2019\/02\/Blog-CEVISAMA2019-Landeanflug.jpg&#8220; background_color=&#8220;#ffffff&#8220; use_background_color_gradient=&#8220;on&#8220; background_color_gradient_start=&#8220;#ffffff&#8220; background_color_gradient_end=&#8220;#ffffff&#8220; use_overlay=&#8220;on&#8220; overlay_icon_color=&#8220;#e02b20&#8243; hover_icon=&#8220;%%47%%&#8220; align=&#8220;center&#8220; alt=&#8220;Auf geht`s zur CEVISAMA 2019! Landeanflug auf Valencia, Spanien&#8220; title_text=&#8220;Auf geht`s zur CEVISAMA 2019! Landeanflug auf Valencia, Spanien&#8220; \/][\/et_pb_column][\/et_pb_row][et_pb_row _builder_version=&#8220;3.19.5&#8243; background_color=&#8220;#ffffff&#8220; use_background_color_gradient=&#8220;on&#8220; background_color_gradient_start=&#8220;#ffffff&#8220; background_color_gradient_end=&#8220;#ffffff&#8220;][et_pb_column type=&#8220;4_4&#8243;][et_pb_text admin_label=&#8220;El Cabanyal&#8220; _builder_version=&#8220;3.19.5&#8243; text_font=&#8220;Ubuntu||||||||&#8220; text_font_size=&#8220;16px&#8220; header_font=&#8220;Ubuntu||||||||&#8220; header_font_size=&#8220;45px&#8220; header_2_font_size=&#8220;30px&#8220; background_color=&#8220;#ffffff&#8220; use_background_color_gradient=&#8220;on&#8220; background_color_gradient_start=&#8220;#ffffff&#8220; background_color_gradient_end=&#8220;#ffffff&#8220;]<\/p>\n<h2><span style=\"color: #ff6600;\"><span style=\"caret-color: #ff6600;\">Benvinguts al Cabanyal !*\u00a0<\/span><\/span><\/h2>\n<p><span style=\"color: #808080;\">* Willkommen in Cabanyal auf Valenciano<\/span><\/p>\n<p><span style=\"color: #808080;\"><strong><span class='et-dropcap'>U<\/span><\/strong>nser Weg f\u00fchrte uns durch den Stadtteil El Cabanyal. Dieser in \u00f6stlicher Richtung liegende Barrio (Stadtviertel) war in der Vergangenheit ein verschlafenes Fischerdorf, das mehrere schwere Feuersbr\u00fcnste und verheerende Epidemien erlitt. Im Jahre 1897 wurde dieser Teil \u00a0von der Stadt Valencia eingemeindet. Daraufhin erlebte El Cabanyal einen wahren Boom: Einige reiche B\u00fcrger Valencias errichteten dort Sommerresidenzen. \u00a0Es wurde eine Stra\u00dfenbahn geplant, die den Stadtteil mit der Innenstadt Valencias verbinden sollte. Viele H\u00e4user wurden im Stil des Modernismo errichtet, der damals sehr beliebt war. Diese Art des spanischen Jugendstils ist farbenfroh und die Fassaden der Geb\u00e4ude werden h\u00e4ufig mit Fliesen verziert. Dabei werden oft helle Fliesen mit blauen oder gr\u00fcnen Kontrastfliesen kombiniert. Andere Hausfronten sind vollst\u00e4ndig mit Dekorfliesen verkleidet, die Motive des Fischfangs oder maurische Ornamente darstellen. Leider wurden w\u00e4hrend und nach dem spanischen B\u00fcrgerkrieg viele historische H\u00e4user zerst\u00f6rt oder abgerissen, um Platz f\u00fcr mehrst\u00f6ckige Wohnh\u00e4user zu schaffen. Der Stadtteil wurde immer weiter vernachl\u00e4ssigt bis die Conselleria de Cultura de la Generalitat Valenciana (die Kulturbeh\u00f6rde des Landes Valencia) im Jahre 1993 das gesamte Gebiet zum Kulturdenkmal erkl\u00e4rte. Seitdem erlebt El Cabanyal einen zweiten\u00a0 Boom. Viele H\u00e4user werden liebevoll restauriert und somit vor weiterem Verfall bewahrt. Restaurants und Caf\u00e9s er\u00f6ffnen und die ersten Touristen erkunden den Stadtteil. Wir waren vor allem von dem Charme des Barrios und nat\u00fcrlich von den wundersch\u00f6nen bunten Fassaden aus Fliesen begeistert.<\/span><\/p>\n<p style=\"text-align: center;\"><em><strong><span style=\"color: #ff6600;\">&#8211; viele Fotos k\u00f6nnen durch Anklicken vergr\u00f6\u00dfert werden &#8211;<\/span><\/strong><\/em><\/p>\n<p>[\/et_pb_text][\/et_pb_column][\/et_pb_row][et_pb_row][et_pb_column type=&#8220;1_2&#8243;][et_pb_image admin_label=&#8220;ElCa&#8220; _builder_version=&#8220;3.19.5&#8243; src=&#8220;https:\/\/rudolph-richter.de\/fliesenhandel\/wp-content\/uploads\/2019\/02\/Blog-CEVISAMA2019-ElCabanyalHauser.jpg&#8220; show_in_lightbox=&#8220;on&#8220; background_color=&#8220;#ffffff&#8220; use_background_color_gradient=&#8220;on&#8220; background_color_gradient_start=&#8220;#ffffff&#8220; background_color_gradient_end=&#8220;#ffffff&#8220; use_overlay=&#8220;on&#8220; overlay_icon_color=&#8220;#e02b20&#8243; hover_icon=&#8220;%%47%%&#8220; align=&#8220;center&#8220; alt=&#8220;Unterwegs in El Cabanyal &#8211; hier gibt es viel f\u00fcr Fliesenfans zu entdecken!&#8220; title_text=&#8220;Unterwegs in El Cabanyal &#8211; hier gibt es viel f\u00fcr Fliesenfans zu entdecken!&#8220; \/][\/et_pb_column][et_pb_column type=&#8220;1_2&#8243;][et_pb_image admin_label=&#8220;El Cabanyal-HausBlauWeiss&#8220; _builder_version=&#8220;3.19.5&#8243; src=&#8220;https:\/\/rudolph-richter.de\/fliesenhandel\/wp-content\/uploads\/2019\/02\/Blog-CEVISAMA2019-ElCabanyal-HausBlauWeiss.jpg&#8220; show_in_lightbox=&#8220;on&#8220; background_color=&#8220;#ffffff&#8220; use_background_color_gradient=&#8220;on&#8220; background_color_gradient_start=&#8220;#ffffff&#8220; background_color_gradient_end=&#8220;#ffffff&#8220; use_overlay=&#8220;on&#8220; overlay_icon_color=&#8220;#e02b20&#8243; hover_icon=&#8220;%%47%%&#8220; align=&#8220;center&#8220; alt=&#8220;Unterwegs in El Cabanyal &#8211; hier gibt es viel f\u00fcr Fliesenfans zu entdecken!&#8220; title_text=&#8220;Unterwegs in El Cabanyal &#8211; hier gibt es viel f\u00fcr Fliesenfans zu entdecken!&#8220; \/][\/et_pb_column][\/et_pb_row][et_pb_row][et_pb_column type=&#8220;1_3&#8243;][et_pb_image admin_label=&#8220;El Cabanyal-Maurisch&#8220; _builder_version=&#8220;3.19.5&#8243; src=&#8220;https:\/\/rudolph-richter.de\/fliesenhandel\/wp-content\/uploads\/2019\/02\/Blog-CEVISAMA2019-ElCabanyal-Maurisch.jpg&#8220; show_in_lightbox=&#8220;on&#8220; background_color=&#8220;#ffffff&#8220; use_background_color_gradient=&#8220;on&#8220; background_color_gradient_start=&#8220;#ffffff&#8220; background_color_gradient_end=&#8220;#ffffff&#8220; use_overlay=&#8220;on&#8220; overlay_icon_color=&#8220;#e02b20&#8243; hover_icon=&#8220;%%47%%&#8220; align=&#8220;center&#8220; alt=&#8220;Unterwegs in El Cabanyal. Hausfassade mit maurischen Dekoren&#8220; title_text=&#8220;Unterwegs in El Cabanyal. Hausfassade mit maurischen Dekoren&#8220; \/][\/et_pb_column][et_pb_column type=&#8220;1_3&#8243;][et_pb_image admin_label=&#8220;El Canal-HausMann&#8220; _builder_version=&#8220;3.19.5&#8243; src=&#8220;https:\/\/rudolph-richter.de\/fliesenhandel\/wp-content\/uploads\/2019\/02\/Blog-CEVISAMA2019-ElCabanyal-HausMann.jpg&#8220; show_in_lightbox=&#8220;on&#8220; background_color=&#8220;#ffffff&#8220; use_background_color_gradient=&#8220;on&#8220; background_color_gradient_start=&#8220;#ffffff&#8220; background_color_gradient_end=&#8220;#ffffff&#8220; use_overlay=&#8220;on&#8220; overlay_icon_color=&#8220;#e02b20&#8243; hover_icon=&#8220;%%47%%&#8220; align=&#8220;center&#8220; alt=&#8220;Unterwegs in El Cabanyal &#8211; hier gibt es viel f\u00fcr Fliesenfans zu entdecken!&#8220; title_text=&#8220;Unterwegs in El Cabanyal &#8211; hier gibt es viel f\u00fcr Fliesenfans zu entdecken!&#8220; \/][\/et_pb_column][et_pb_column type=&#8220;1_3&#8243;][et_pb_image admin_label=&#8220;Gr\u00fcnesHaus&#8220; _builder_version=&#8220;3.19.5&#8243; src=&#8220;https:\/\/rudolph-richter.de\/fliesenhandel\/wp-content\/uploads\/2019\/02\/Blog-CEVISAMA2019-ElCabanyal-Guen.jpg&#8220; show_in_lightbox=&#8220;on&#8220; background_color=&#8220;#ffffff&#8220; use_background_color_gradient=&#8220;on&#8220; background_color_gradient_start=&#8220;#ffffff&#8220; background_color_gradient_end=&#8220;#ffffff&#8220; use_overlay=&#8220;on&#8220; overlay_icon_color=&#8220;#e02b20&#8243; hover_icon=&#8220;%%47%%&#8220; align=&#8220;center&#8220; alt=&#8220;Unterwegs in El Cabanyal &#8211; hier gibt es viel f\u00fcr Fliesenfans zu entdecken!&#8220; title_text=&#8220;Unterwegs in El Cabanyal &#8211; hier gibt es viel f\u00fcr Fliesenfans zu entdecken!&#8220; \/][\/et_pb_column][\/et_pb_row][et_pb_row][et_pb_column type=&#8220;1_2&#8243;][et_pb_image admin_label=&#8220;Malvarosa1&#8243; _builder_version=&#8220;3.19.5&#8243; src=&#8220;https:\/\/rudolph-richter.de\/fliesenhandel\/wp-content\/uploads\/2019\/02\/Blog-CEVISAMA2019-Malvarossa.jpg&#8220; show_in_lightbox=&#8220;on&#8220; background_color=&#8220;#ffffff&#8220; use_background_color_gradient=&#8220;on&#8220; background_color_gradient_start=&#8220;#ffffff&#8220; background_color_gradient_end=&#8220;#ffffff&#8220; use_overlay=&#8220;on&#8220; overlay_icon_color=&#8220;#e02b20&#8243; hover_icon=&#8220;%%47%%&#8220; align=&#8220;center&#8220; alt=&#8220;So sch\u00f6n kann Messe sein ! Am Strand von Malvarosa in Valencia w\u00e4hrend der CEVISAMA 2019&#8243; title_text=&#8220;So sch\u00f6n kann Messe sein ! Am Strand von Malvarosa in Valencia w\u00e4hrend der CEVISAMA 2019&#8243; \/][\/et_pb_column][et_pb_column type=&#8220;1_2&#8243;][et_pb_image admin_label=&#8220;Stadtstrand&#8220; _builder_version=&#8220;3.19.5&#8243; src=&#8220;https:\/\/rudolph-richter.de\/fliesenhandel\/wp-content\/uploads\/2019\/02\/Blog-CEVISAMA2019-Stadtstrand.jpg&#8220; show_in_lightbox=&#8220;on&#8220; background_color=&#8220;#ffffff&#8220; use_background_color_gradient=&#8220;on&#8220; background_color_gradient_start=&#8220;#ffffff&#8220; background_color_gradient_end=&#8220;#ffffff&#8220; use_overlay=&#8220;on&#8220; overlay_icon_color=&#8220;#e02b20&#8243; hover_icon=&#8220;%%47%%&#8220; align=&#8220;center&#8220; alt=&#8220;Am Stadtstrand von Malvarosa in Valencia&#8220; title_text=&#8220;Am Stadtstrand von Malvarosa in Valencia &#8220; \/][\/et_pb_column][\/et_pb_row][et_pb_row _builder_version=&#8220;3.19.5&#8243; background_color=&#8220;#ffffff&#8220; use_background_color_gradient=&#8220;on&#8220; background_color_gradient_start=&#8220;#ffffff&#8220; background_color_gradient_end=&#8220;#ffffff&#8220;][et_pb_column type=&#8220;4_4&#8243;][et_pb_text admin_label=&#8220;Abends in Valencia&#8220; _builder_version=&#8220;3.19.5&#8243; text_font=&#8220;Ubuntu||||||||&#8220; text_font_size=&#8220;16px&#8220; header_font=&#8220;Ubuntu||||||||&#8220; header_font_size=&#8220;45px&#8220; header_2_font_size=&#8220;30px&#8220; background_color=&#8220;#ffffff&#8220; use_background_color_gradient=&#8220;on&#8220; background_color_gradient_start=&#8220;#ffffff&#8220; background_color_gradient_end=&#8220;#ffffff&#8220;]<\/p>\n<p><span style=\"color: #808080;\"><strong><span class='et-dropcap'>W<\/span><\/strong>\u00e4hrend unserer Besichtigungstour in den Stra\u00dfen Carrer de la Reine und Carrer de la Barraca, war es mittlerweile Abend geworden und unsere Fotokamera konnte aufgrund der einbrechenden D\u00e4mmerung die leuchtenden Farben der Azulejos (Fliesen) an den Fassaden nicht mehr einfangen. Deshalb brachen wir unseren Spaziergang in El Cabanyal ab und schlenderten noch ein wenig auf der nahen Strandpromenade von Malvarosa . Wir sind uns aber sicher, dass wir irgendwann noch einmal nach El Cabanyal zur\u00fcckkehren werden, um unsere Besichtigung in diesem besonderen Stadtteil fortzusetzen und um weitere sch\u00f6ne Hausfronten zu entdecken. Nach einem k\u00f6stlichen Abendessen mit f\u00fcr Spanien typischer Paella in einem Restaurant in der Innenstadt von Valencia kehrten wir zu unserem Hotel zur\u00fcck.<\/span><\/p>\n<p>[\/et_pb_text][\/et_pb_column][\/et_pb_row][et_pb_row][et_pb_column type=&#8220;1_3&#8243;][et_pb_image admin_label=&#8220;Plaza de Toros&#8220; _builder_version=&#8220;3.19.5&#8243; src=&#8220;https:\/\/rudolph-richter.de\/fliesenhandel\/wp-content\/uploads\/2019\/02\/Blog-CEVISAMA2019-PlazadelToros.jpg&#8220; show_in_lightbox=&#8220;on&#8220; background_color=&#8220;#ffffff&#8220; use_background_color_gradient=&#8220;on&#8220; background_color_gradient_start=&#8220;#ffffff&#8220; background_color_gradient_end=&#8220;#ffffff&#8220; use_overlay=&#8220;on&#8220; overlay_icon_color=&#8220;#e02b20&#8243; hover_icon=&#8220;%%47%%&#8220; align=&#8220;center&#8220; alt=&#8220;Unterwegs in der Innenstadt von Valencia : hier der Plaza de Toros (Stierkampfarena)&#8220; title_text=&#8220;Unterwegs in der Innenstadt von Valencia : hier der Plaza de Toros (Stierkampfarena)&#8220; \/][\/et_pb_column][et_pb_column type=&#8220;1_3&#8243;][et_pb_image admin_label=&#8220;Bellota&#8220; _builder_version=&#8220;3.19.5&#8243; src=&#8220;https:\/\/rudolph-richter.de\/fliesenhandel\/wp-content\/uploads\/2019\/02\/Blog-CEVISAMA2019-Bellota-1.jpg&#8220; show_in_lightbox=&#8220;on&#8220; background_color=&#8220;#ffffff&#8220; use_background_color_gradient=&#8220;on&#8220; background_color_gradient_start=&#8220;#ffffff&#8220; background_color_gradient_end=&#8220;#ffffff&#8220; use_overlay=&#8220;on&#8220; overlay_icon_color=&#8220;#e02b20&#8243; hover_icon=&#8220;%%47%%&#8220; align=&#8220;center&#8220; alt=&#8220;Spanien ist nicht nur f\u00fcr sch\u00f6ne Fliesen bekannt sondern auch f\u00fcr gutes Essen&#8220; title_text=&#8220;Spanien ist nicht nur f\u00fcr sch\u00f6ne Fliesen bekannt sondern auch f\u00fcr gutes Essen&#8220; \/][\/et_pb_column][et_pb_column type=&#8220;1_3&#8243;][et_pb_image admin_label=&#8220;Paella&#8220; _builder_version=&#8220;3.19.5&#8243; src=&#8220;https:\/\/rudolph-richter.de\/fliesenhandel\/wp-content\/uploads\/2019\/02\/Blog-CEVISAMA2019-Paella.jpg&#8220; show_in_lightbox=&#8220;on&#8220; background_color=&#8220;#ffffff&#8220; use_background_color_gradient=&#8220;on&#8220; background_color_gradient_start=&#8220;#ffffff&#8220; background_color_gradient_end=&#8220;#ffffff&#8220; use_overlay=&#8220;on&#8220; overlay_icon_color=&#8220;#e02b20&#8243; hover_icon=&#8220;%%47%%&#8220; align=&#8220;center&#8220; alt=&#8220;Einfach k\u00f6stlich! Spanische Paella mit Meeresfr\u00fcchten&#8220; title_text=&#8220;Einfach k\u00f6stlich! Spanische Paella mit Meeresfr\u00fcchten&#8220; \/][\/et_pb_column][\/et_pb_row][et_pb_row _builder_version=&#8220;3.19.5&#8243; background_color=&#8220;#ffffff&#8220; use_background_color_gradient=&#8220;on&#8220; background_color_gradient_start=&#8220;#ffffff&#8220; background_color_gradient_end=&#8220;#ffffff&#8220;][et_pb_column type=&#8220;4_4&#8243;][et_pb_text admin_label=&#8220;Cevisama&#8220; _builder_version=&#8220;3.19.5&#8243; text_font=&#8220;Ubuntu||||||||&#8220; text_font_size=&#8220;16px&#8220; header_font=&#8220;Ubuntu||||||||&#8220; header_font_size=&#8220;45px&#8220; header_2_font_size=&#8220;30px&#8220;]<\/p>\n<h2><span style=\"color: #ff6600;\">Die CEVISAMA Messe beginnt &#8230;<\/span><\/h2>\n<p><span style=\"color: #808080;\"><strong><span class='et-dropcap'>A<\/span><\/strong>m n\u00e4chsten Morgen brachte uns ein Shuttlebus vom Hotel direkt zum Messezentrum im Stadtteil Benimamet. Es begann f\u00fcr uns der erste Messetag der CEVISAMA 2019 ! Die spanische Fliesenindustrie hat im vergangenen Jahr 2018 mehr als 530 Millionen qm produziert und davon wurden 75% in 187 L\u00e4nder exportiert. Es ist somit wenig verwunderlich, dass man auf der CEVISAMA ein internationales Publikum trifft, das auf der Fliesenmesse wie wir Trend-Scouting betreibt. Dabei wurden unsere Erwartungen schon in den ersten Stunden unseres Messebesuches nicht entt\u00e4uscht:\u00a0<\/span><\/p>\n<p>[\/et_pb_text][\/et_pb_column][\/et_pb_row][et_pb_row _builder_version=&#8220;3.19.5&#8243; background_color=&#8220;#ffffff&#8220; use_background_color_gradient=&#8220;on&#8220; background_color_gradient_start=&#8220;#ffffff&#8220; background_color_gradient_end=&#8220;#ffffff&#8220; module_alignment=&#8220;center&#8220;][et_pb_column type=&#8220;1_2&#8243;][et_pb_image admin_label=&#8220;Messehalle&#8220; _builder_version=&#8220;3.19.5&#8243; src=&#8220;https:\/\/rudolph-richter.de\/fliesenhandel\/wp-content\/uploads\/2019\/02\/Blog-CEVISAMA2019-MesseMall.jpg&#8220; show_in_lightbox=&#8220;on&#8220; background_color=&#8220;#ffffff&#8220; use_background_color_gradient=&#8220;on&#8220; background_color_gradient_start=&#8220;#ffffff&#8220; background_color_gradient_end=&#8220;#ffffff&#8220; use_overlay=&#8220;on&#8220; overlay_icon_color=&#8220;#e02b20&#8243; hover_icon=&#8220;%%47%%&#8220; align=&#8220;center&#8220; alt=&#8220;Endlich geht die CEVISAMA 2019 los!&#8220; title_text=&#8220;Endlich geht die CEVISAMA 2019 los!&#8220; \/][\/et_pb_column][et_pb_column type=&#8220;1_2&#8243;][et_pb_image admin_label=&#8220;HexagonMosaik&#8220; _builder_version=&#8220;3.19.5&#8243; src=&#8220;https:\/\/rudolph-richter.de\/fliesenhandel\/wp-content\/uploads\/2019\/02\/Blog-CEVISAMA2019-HexagonMosaik.jpg&#8220; show_in_lightbox=&#8220;on&#8220; background_color=&#8220;#ffffff&#8220; use_background_color_gradient=&#8220;on&#8220; background_color_gradient_start=&#8220;#ffffff&#8220; background_color_gradient_end=&#8220;#ffffff&#8220; use_overlay=&#8220;on&#8220; overlay_icon_color=&#8220;#e02b20&#8243; hover_icon=&#8220;%%47%%&#8220; align=&#8220;center&#8220; alt=&#8220;Mosaik aus Hexagon-Fliesen&#8220; title_text=&#8220;Mosaik aus Hexagon-Fliesen&#8220; \/][\/et_pb_column][\/et_pb_row][et_pb_row _builder_version=&#8220;3.19.5&#8243; background_color=&#8220;#ffffff&#8220; use_background_color_gradient=&#8220;on&#8220; background_color_gradient_start=&#8220;#ffffff&#8220; background_color_gradient_end=&#8220;#ffffff&#8220; module_alignment=&#8220;center&#8220;][et_pb_column type=&#8220;1_3&#8243;][et_pb_image admin_label=&#8220;HolzoptikROCA&#8220; _builder_version=&#8220;3.19.5&#8243; src=&#8220;https:\/\/rudolph-richter.de\/fliesenhandel\/wp-content\/uploads\/2019\/02\/Blog-CEVISAMA2019-ROCA-Holzoptik.jpg&#8220; show_in_lightbox=&#8220;on&#8220; background_color=&#8220;#ffffff&#8220; use_background_color_gradient=&#8220;on&#8220; background_color_gradient_start=&#8220;#ffffff&#8220; background_color_gradient_end=&#8220;#ffffff&#8220; use_overlay=&#8220;on&#8220; overlay_icon_color=&#8220;#e02b20&#8243; hover_icon=&#8220;%%47%%&#8220; align=&#8220;center&#8220; alt=&#8220;neue Holzoptik-Fliesen auf der CEVISAMA 2019&#8243; title_text=&#8220;neue Holzoptik-Fliesen auf der CEVISAMA 2019&#8243; \/][\/et_pb_column][et_pb_column type=&#8220;1_3&#8243;][et_pb_image admin_label=&#8220;Besttile&#8220; _builder_version=&#8220;3.19.5&#8243; src=&#8220;https:\/\/rudolph-richter.de\/fliesenhandel\/wp-content\/uploads\/2019\/02\/Blog-Cevisama2019-Besttile.jpg&#8220; show_in_lightbox=&#8220;on&#8220; background_color=&#8220;#ffffff&#8220; use_background_color_gradient=&#8220;on&#8220; background_color_gradient_start=&#8220;#ffffff&#8220; background_color_gradient_end=&#8220;#ffffff&#8220; use_overlay=&#8220;on&#8220; overlay_icon_color=&#8220;#e02b20&#8243; hover_icon=&#8220;%%47%%&#8220; align=&#8220;center&#8220; alt=&#8220;Hexagon-Fliesen und quadratische Wandfliesen waren ein wichtiges Thema auf der CEVISAMA 2019&#8243; title_text=&#8220;Hexagon-Fliesen und quadratische Wandfliesen waren ein wichtiges Thema auf der CEVISAMA 2019&#8243; \/][\/et_pb_column][et_pb_column type=&#8220;1_3&#8243;][et_pb_image admin_label=&#8220;Argenta&#8220; _builder_version=&#8220;3.19.5&#8243; src=&#8220;https:\/\/rudolph-richter.de\/fliesenhandel\/wp-content\/uploads\/2019\/02\/Blog-CEVISAMA2019-Argenta-MadeWithHeart.jpg&#8220; show_in_lightbox=&#8220;on&#8220; background_color=&#8220;#ffffff&#8220; use_background_color_gradient=&#8220;on&#8220; background_color_gradient_start=&#8220;#ffffff&#8220; background_color_gradient_end=&#8220;#ffffff&#8220; use_overlay=&#8220;on&#8220; overlay_icon_color=&#8220;#e02b20&#8243; hover_icon=&#8220;%%47%%&#8220; align=&#8220;center&#8220; alt=&#8220;sehr herzlich bei Argenta : Made with Heart&#8220; title_text=&#8220;sehr herzlich bei Argenta : Made with Heart&#8220; \/][\/et_pb_column][\/et_pb_row][et_pb_row _builder_version=&#8220;3.19.5&#8243; background_color=&#8220;#ffffff&#8220; use_background_color_gradient=&#8220;on&#8220; background_color_gradient_start=&#8220;#ffffff&#8220; background_color_gradient_end=&#8220;#ffffff&#8220; module_alignment=&#8220;center&#8220;][et_pb_column type=&#8220;1_4&#8243;][et_pb_image admin_label=&#8220;Hutmacher&#8220; _builder_version=&#8220;3.19.5&#8243; src=&#8220;https:\/\/rudolph-richter.de\/fliesenhandel\/wp-content\/uploads\/2019\/02\/BLOG-CEVISAMA2019-Hutmacher.jpg&#8220; show_in_lightbox=&#8220;on&#8220; background_color=&#8220;#ffffff&#8220; use_background_color_gradient=&#8220;on&#8220; background_color_gradient_start=&#8220;#ffffff&#8220; background_color_gradient_end=&#8220;#ffffff&#8220; use_overlay=&#8220;on&#8220; overlay_icon_color=&#8220;#e02b20&#8243; hover_icon=&#8220;%%47%%&#8220; align=&#8220;center&#8220; alt=&#8220;Perfekt inszeniert : der verr\u00fcckte Hutmacher aus %22Alice im Wunderland%22 auf der CEVISAMA 2019&#8243; title_text=&#8220;Perfekt inszeniert : der verr\u00fcckte Hutmacher aus %22Alice im Wunderland%22 auf der CEVISAMA 2019&#8243; \/][\/et_pb_column][et_pb_column type=&#8220;1_4&#8243;][et_pb_image admin_label=&#8220;M\u00e4rchenHolz&#8220; _builder_version=&#8220;3.19.5&#8243; src=&#8220;https:\/\/rudolph-richter.de\/fliesenhandel\/wp-content\/uploads\/2019\/02\/Blog-CEVISAMA2019-MaerchenHolz.jpg&#8220; show_in_lightbox=&#8220;on&#8220; background_color=&#8220;#ffffff&#8220; use_background_color_gradient=&#8220;on&#8220; background_color_gradient_start=&#8220;#ffffff&#8220; background_color_gradient_end=&#8220;#ffffff&#8220; use_overlay=&#8220;on&#8220; overlay_icon_color=&#8220;#e02b20&#8243; hover_icon=&#8220;%%47%%&#8220; align=&#8220;center&#8220; alt=&#8220;M\u00e4rchenhafte Inszenierung einer Holzoptik-Fliese&#8220; title_text=&#8220;M\u00e4rchenhafte Inszenierung einer Holzoptik-Fliese&#8220; \/][\/et_pb_column][et_pb_column type=&#8220;1_4&#8243;][et_pb_image admin_label=&#8220;spanischeMarmorsorten&#8220; _builder_version=&#8220;3.19.5&#8243; src=&#8220;https:\/\/rudolph-richter.de\/fliesenhandel\/wp-content\/uploads\/2019\/02\/Blog-CEVISAMA2019-spanMarmor.jpg&#8220; show_in_lightbox=&#8220;on&#8220; background_color=&#8220;#ffffff&#8220; use_background_color_gradient=&#8220;on&#8220; background_color_gradient_start=&#8220;#ffffff&#8220; background_color_gradient_end=&#8220;#ffffff&#8220; use_overlay=&#8220;on&#8220; overlay_icon_color=&#8220;#e02b20&#8243; hover_icon=&#8220;%%47%%&#8220; align=&#8220;center&#8220; alt=&#8220;Imitation von spanischen Marmorsorten auf der CEVISAMA 2019&#8243; title_text=&#8220;Imitation von spanischen Marmorsorten auf der CEVISAMA 2019&#8243; \/][\/et_pb_column][et_pb_column type=&#8220;1_4&#8243;][et_pb_image admin_label=&#8220;Urban Jungle&#8220; _builder_version=&#8220;3.19.5&#8243; src=&#8220;https:\/\/rudolph-richter.de\/fliesenhandel\/wp-content\/uploads\/2019\/02\/Blog-CEVISAMA2019-UrbanJungle.jpg&#8220; show_in_lightbox=&#8220;on&#8220; background_color=&#8220;#ffffff&#8220; use_background_color_gradient=&#8220;on&#8220; background_color_gradient_start=&#8220;#ffffff&#8220; background_color_gradient_end=&#8220;#ffffff&#8220; use_overlay=&#8220;on&#8220; overlay_icon_color=&#8220;#e02b20&#8243; hover_icon=&#8220;%%47%%&#8220; align=&#8220;center&#8220; alt=&#8220;Fliesen im Urban Jungle-Design&#8220; title_text=&#8220;Fliesen im Urban Jungle-Design&#8220; \/][\/et_pb_column][\/et_pb_row][et_pb_row _builder_version=&#8220;3.19.5&#8243; background_color=&#8220;#ffffff&#8220; use_background_color_gradient=&#8220;on&#8220; background_color_gradient_start=&#8220;#ffffff&#8220; background_color_gradient_end=&#8220;#ffffff&#8220; module_alignment=&#8220;center&#8220;][et_pb_column type=&#8220;1_2&#8243;][et_pb_image admin_label=&#8220;Bolsoi&#8220; _builder_version=&#8220;3.19.5&#8243; src=&#8220;https:\/\/rudolph-richter.de\/fliesenhandel\/wp-content\/uploads\/2019\/02\/Blog-CEVISAMA2019-Bolsoi.jpg&#8220; show_in_lightbox=&#8220;on&#8220; background_color=&#8220;#ffffff&#8220; use_background_color_gradient=&#8220;on&#8220; background_color_gradient_start=&#8220;#ffffff&#8220; background_color_gradient_end=&#8220;#ffffff&#8220; use_overlay=&#8220;on&#8220; overlay_icon_color=&#8220;#e02b20&#8243; hover_icon=&#8220;%%47%%&#8220; align=&#8220;center&#8220; alt=&#8220;Richtig gutgemacht! metallische Wandverkleidung mit 3D-Effekt&#8220; title_text=&#8220;Richtig gutgemacht! metallische Wandverkleidung mit 3D-Effekt&#8220; \/][\/et_pb_column][et_pb_column type=&#8220;1_2&#8243;][et_pb_image admin_label=&#8220;Peronda&#8220; _builder_version=&#8220;3.19.5&#8243; src=&#8220;https:\/\/rudolph-richter.de\/fliesenhandel\/wp-content\/uploads\/2019\/02\/Blog-CEVISAMA2019-Peronda.jpg&#8220; show_in_lightbox=&#8220;on&#8220; background_color=&#8220;#ffffff&#8220; use_background_color_gradient=&#8220;on&#8220; background_color_gradient_start=&#8220;#ffffff&#8220; background_color_gradient_end=&#8220;#ffffff&#8220; use_overlay=&#8220;on&#8220; overlay_icon_color=&#8220;#e02b20&#8243; hover_icon=&#8220;%%47%%&#8220; align=&#8220;center&#8220; alt=&#8220;Es zeigt sich einmal wieder: Die spanischen Fliesenhersteller beherrschen das Vintage-Design&#8220; title_text=&#8220;Es zeigt sich einmal wieder: Die spanischen Fliesenhersteller beherrschen das Vintage-Design&#8220; \/][\/et_pb_column][\/et_pb_row][et_pb_row _builder_version=&#8220;3.19.5&#8243; background_color=&#8220;#ffffff&#8220; use_background_color_gradient=&#8220;on&#8220; background_color_gradient_start=&#8220;#ffffff&#8220; background_color_gradient_end=&#8220;#ffffff&#8220; module_alignment=&#8220;center&#8220;][et_pb_column type=&#8220;1_2&#8243;][et_pb_image admin_label=&#8220;Galileo&#8220; _builder_version=&#8220;3.19.5&#8243; src=&#8220;https:\/\/rudolph-richter.de\/fliesenhandel\/wp-content\/uploads\/2019\/02\/Blog-CEVISAMA2019-ElMolino-Galileo.jpg&#8220; show_in_lightbox=&#8220;on&#8220; background_color=&#8220;#ffffff&#8220; use_background_color_gradient=&#8220;on&#8220; background_color_gradient_start=&#8220;#ffffff&#8220; background_color_gradient_end=&#8220;#ffffff&#8220; use_overlay=&#8220;on&#8220; overlay_icon_color=&#8220;#e02b20&#8243; hover_icon=&#8220;%%47%%&#8220; align=&#8220;center&#8220; alt=&#8220;Eine neue gl\u00e4nzende Betonoptik auf der CEVISAMA 2019 und bald in unseren Fliesenausstellungen in Essen und Iserlohn&#8220; title_text=&#8220;Eine neue gl\u00e4nzende Betonoptik auf der CEVISAMA 2019 und bald in unseren Fliesenausstellungen in Essen und Iserlohn&#8220; \/][\/et_pb_column][et_pb_column type=&#8220;1_2&#8243;][et_pb_image admin_label=&#8220;Steinoptik&#8220; _builder_version=&#8220;3.19.5&#8243; src=&#8220;https:\/\/rudolph-richter.de\/fliesenhandel\/wp-content\/uploads\/2019\/02\/Blog-CEVISAMA2019-Steinoptik.jpg&#8220; show_in_lightbox=&#8220;on&#8220; background_color=&#8220;#ffffff&#8220; use_background_color_gradient=&#8220;on&#8220; background_color_gradient_start=&#8220;#ffffff&#8220; background_color_gradient_end=&#8220;#ffffff&#8220; use_overlay=&#8220;on&#8220; overlay_icon_color=&#8220;#e02b20&#8243; hover_icon=&#8220;%%47%%&#8220; align=&#8220;center&#8220; alt=&#8220;Wandfliesen in einer rustikalen Steinoptik&#8220; title_text=&#8220;Wandfliesen in einer rustikalen Steinoptik&#8220; \/][\/et_pb_column][\/et_pb_row][et_pb_row _builder_version=&#8220;3.19.5&#8243; background_color=&#8220;#ffffff&#8220; use_background_color_gradient=&#8220;on&#8220; background_color_gradient_start=&#8220;#ffffff&#8220; background_color_gradient_end=&#8220;#ffffff&#8220; module_alignment=&#8220;center&#8220;][et_pb_column type=&#8220;1_3&#8243;][et_pb_image admin_label=&#8220;Mainzu1&#8243; _builder_version=&#8220;3.19.5&#8243; src=&#8220;https:\/\/rudolph-richter.de\/fliesenhandel\/wp-content\/uploads\/2019\/02\/Blog-CEVISAMA2019-Feuerstelle.jpg&#8220; show_in_lightbox=&#8220;on&#8220; background_color=&#8220;#ffffff&#8220; use_background_color_gradient=&#8220;on&#8220; background_color_gradient_start=&#8220;#ffffff&#8220; background_color_gradient_end=&#8220;#ffffff&#8220; use_overlay=&#8220;on&#8220; overlay_icon_color=&#8220;#e02b20&#8243; hover_icon=&#8220;%%47%%&#8220; align=&#8220;center&#8220; alt=&#8220;Perfekt inszenierter Messestand auf der Fliesenmesse in Spanien&#8220; title_text=&#8220;Perfekt inszenierter Messestand auf der Fliesenmesse in Spanien&#8220; \/][\/et_pb_column][et_pb_column type=&#8220;1_3&#8243;][et_pb_image admin_label=&#8220;Mosaikkunst&#8220; _builder_version=&#8220;3.19.5&#8243; src=&#8220;https:\/\/rudolph-richter.de\/fliesenhandel\/wp-content\/uploads\/2019\/02\/Blog-CEVISAMA2019-Mosaikkunst.jpg&#8220; show_in_lightbox=&#8220;on&#8220; background_color=&#8220;#ffffff&#8220; use_background_color_gradient=&#8220;on&#8220; background_color_gradient_start=&#8220;#ffffff&#8220; background_color_gradient_end=&#8220;#ffffff&#8220; use_overlay=&#8220;on&#8220; overlay_icon_color=&#8220;#e02b20&#8243; hover_icon=&#8220;%%47%%&#8220; align=&#8220;center&#8220; alt=&#8220;Mosaikkunst auf der CEVISAMA 2019 in Valencia&#8220; title_text=&#8220;Mosaikkunst auf der CEVISAMA 2019 in Valencia&#8220; \/][\/et_pb_column][et_pb_column type=&#8220;1_3&#8243;][et_pb_image admin_label=&#8220;ROCA-Samba&#8220; _builder_version=&#8220;3.19.5&#8243; src=&#8220;https:\/\/rudolph-richter.de\/fliesenhandel\/wp-content\/uploads\/2019\/02\/Blog-CEVISAMA2019-RocaSage.jpg&#8220; show_in_lightbox=&#8220;on&#8220; background_color=&#8220;#ffffff&#8220; use_background_color_gradient=&#8220;on&#8220; background_color_gradient_end=&#8220;#ffffff&#8220; use_overlay=&#8220;on&#8220; overlay_icon_color=&#8220;#e02b20&#8243; hover_icon=&#8220;%%47%%&#8220; align=&#8220;center&#8220; alt=&#8220;Bald bei uns in Iserlohn und Essen erh\u00e4ltlich : Fliesen in der Trendfarbe Sage mit passender Zementfliesen-Optik&#8220; title_text=&#8220;Bald bei uns in Iserlohn und Essen erh\u00e4ltlich : Fliesen in der Trendfarbe Sage mit passender Zementfliesen-Optik&#8220; \/][\/et_pb_column][\/et_pb_row][et_pb_row _builder_version=&#8220;3.19.5&#8243; background_color=&#8220;#ffffff&#8220; use_background_color_gradient=&#8220;on&#8220; background_color_gradient_start=&#8220;#ffffff&#8220; background_color_gradient_end=&#8220;#ffffff&#8220; module_alignment=&#8220;center&#8220;][et_pb_column type=&#8220;1_3&#8243;][et_pb_image admin_label=&#8220;TravellerSanit\u00e4r&#8220; _builder_version=&#8220;3.19.5&#8243; src=&#8220;https:\/\/rudolph-richter.de\/fliesenhandel\/wp-content\/uploads\/2019\/02\/Blog-CEVISAMA2019-TravellerSanitaer.jpg&#8220; show_in_lightbox=&#8220;on&#8220; background_color=&#8220;#ffffff&#8220; use_background_color_gradient=&#8220;on&#8220; background_color_gradient_start=&#8220;#ffffff&#8220; background_color_gradient_end=&#8220;#ffffff&#8220; use_overlay=&#8220;on&#8220; overlay_icon_color=&#8220;#e02b20&#8243; hover_icon=&#8220;%%47%%&#8220; align=&#8220;center&#8220; alt=&#8220;Sanit\u00e4r und Badm\u00f6bel im Traveller-Look&#8220; title_text=&#8220;Sanit\u00e4r und Badm\u00f6bel im Traveller-Look&#8220; \/][\/et_pb_column][et_pb_column type=&#8220;1_3&#8243;][et_pb_image admin_label=&#8220;ExtremeMarmoroptiken&#8220; _builder_version=&#8220;3.19.5&#8243; src=&#8220;https:\/\/rudolph-richter.de\/fliesenhandel\/wp-content\/uploads\/2019\/02\/Blog-CEVISAMA2019-MarmoroptikExtrem.jpg&#8220; show_in_lightbox=&#8220;on&#8220; background_color=&#8220;#ffffff&#8220; use_background_color_gradient=&#8220;on&#8220; background_color_gradient_start=&#8220;#ffffff&#8220; background_color_gradient_end=&#8220;#ffffff&#8220; use_overlay=&#8220;on&#8220; overlay_icon_color=&#8220;#e02b20&#8243; hover_icon=&#8220;%%47%%&#8220; align=&#8220;center&#8220; alt=&#8220;Ein weiteres wichtiges Messethema auf der CEVISAMA 2019 : extreme Marmoroptiken&#8220; title_text=&#8220;Ein weiteres wichtiges Messethema auf der CEVISAMA 2019 : extreme Marmoroptiken&#8220; \/][\/et_pb_column][et_pb_column type=&#8220;1_3&#8243;][et_pb_image admin_label=&#8220;ZickZack&#8220; _builder_version=&#8220;3.19.5&#8243; src=&#8220;https:\/\/rudolph-richter.de\/fliesenhandel\/wp-content\/uploads\/2019\/02\/Blog-CEVISAMA2019-ZickZack.jpg&#8220; show_in_lightbox=&#8220;on&#8220; background_color=&#8220;#ffffff&#8220; use_background_color_gradient=&#8220;on&#8220; background_color_gradient_start=&#8220;#ffffff&#8220; background_color_gradient_end=&#8220;#ffffff&#8220; use_overlay=&#8220;on&#8220; overlay_icon_color=&#8220;#e02b20&#8243; hover_icon=&#8220;%%47%%&#8220; align=&#8220;center&#8220; alt=&#8220;Retrofliesen im Stil der 1970\/1980er Jahre auf der CEVISAMA 2019&#8243; title_text=&#8220;Retrofliesen im Stil der 1970\/1980er Jahre auf der CEVISAMA 2019&#8243; \/][\/et_pb_column][\/et_pb_row][et_pb_row _builder_version=&#8220;3.19.5&#8243; background_color=&#8220;#ffffff&#8220; use_background_color_gradient=&#8220;on&#8220; background_color_gradient_start=&#8220;#ffffff&#8220; background_color_gradient_end=&#8220;#ffffff&#8220;][et_pb_column type=&#8220;4_4&#8243;][et_pb_text admin_label=&#8220;Cevisama&#8220; _builder_version=&#8220;3.19.5&#8243; text_font=&#8220;Ubuntu||||||||&#8220; text_font_size=&#8220;16px&#8220; header_font=&#8220;Ubuntu||||||||&#8220; header_font_size=&#8220;45px&#8220; header_2_font_size=&#8220;30px&#8220;]<\/p>\n<p><span style=\"color: #808080;\"><strong><span class='et-dropcap'>W<\/span><\/strong>ie schon in der Vergangenheit immer wieder festgestellt, sind die spanischen Fliesenhersteller die wahren Meister des Vintage-Designs. Die Fliesen im Shabby Chic Look weisen im Jahre 2019 dabei oftmals f\u00fchlbare Reliefs und Ornamente auf und erscheinen dadurch noch originalgetreuer.\u00a0 Dabei erleben s\u00e4mtliche Stil-Epochen ein Comeback. Es werden Wandfliesen-Serien von den spanischen Herstellern angeboten, die sich an Jugendstilfliesen orientieren und die uns an die Azulejos an den Hausfassaden in El Cabanyal erinnern. Andere Dekorfliesen imitieren Designfliesen aus den 1970\/1980er Jahren. Wie schon auf der letzten <a href=\"https:\/\/rudolph-richter.de\/fliesenhandel\/project\/cersaie2018\/\">CERSAIE<\/a> Fliesenmesse in Bologna zu sehen war, wird die Farbpalette der neuen Wandfliesen-Serien breiter und vielf\u00e4ltiger. Man findet zarte Pudert\u00f6ne aber auch dominante dunkle Blau-, Gr\u00fcn- und Rott\u00f6ne. Was das Formatsortiment anbelangt, sind die Keramikhersteller von der iberischen Halbinsel dagegen eher vorsichtig. Nat\u00fcrlich findet man Natursteinnachbildungen auf gro\u00dfformatigen Feinsteinzeugfliesen, kleinere Formate dominieren aber das Fliesenangebot aus Spanien. Wandfliesen werden h\u00e4ufig im Riemchenformat gezeigt, Es scheint, dass immer mehr Wandfliesenhersteller auf das traditionelle quadratische Format setzen. Bei den aktuellen Bodenserien der spanischen Hersteller dominiert der Betonlook in allen Ausf\u00fchrungen. Aber auch hier findet zur Zeit eine Neuorientierung statt, da viele Hersteller zus\u00e4tzlich auch Fliesen im Steinlook anbieten. Dabei lassen sie sich von Marmorsorten und Kalksteinen aus ihrem Heimatland inspirieren, \u00a0wie zum Beispiel bei Nachbildungen des dunklen Nero Marquina, des braunen Emperador Oscuro, des \u00a0wei\u00dfen Blanco Macael oder des beliebten beigen Crema Marfil. Bemerkenswert ist auch das gro\u00dfe Angebot an Hexagon und Achteck-Fliesen auf den Messest\u00e4nden der CEVISAMA 2019. Auf unserem Rundgang in den Messehallen begeistern uns immer wieder die zum Teil sehr aufwendig dekorierten Produkt-Pr\u00e4sentationen einiger Hersteller. Ein spanischer Hersteller stellte zum Beispiel Szenen wie die des verr\u00fcckten Hutmachers aus dem Buch \u201eAlice im Wunderland\u201c von Lewis Carrol nach, andere setzten das Vintage-Thema bis ins letzte Detail auf ihrem Messestand um. Bei der Auswahl des Standdesigns bewiesen viele Aussteller Mut zur Farbe. Am Ende des zweiten Messetages ging es wieder zum Flughafen, um mit der spanischen Airline Vueling nach Amsterdam zu fliegen. Als wir sp\u00e4t in der Nacht vom Flughafen Amsterdam-Schiphol auf den verschneiten Stra\u00dfen nach Hause fuhren, drehten sich unsere Gespr\u00e4che noch lange um die gro\u00dfartigen Messe-Impressionen.<\/span><\/p>\n<p>[\/et_pb_text][\/et_pb_column][\/et_pb_row][et_pb_row _builder_version=&#8220;3.19.5&#8243; background_color=&#8220;#ffffff&#8220; use_background_color_gradient=&#8220;on&#8220; background_color_gradient_start=&#8220;#ffffff&#8220; background_color_gradient_end=&#8220;#ffffff&#8220; module_alignment=&#8220;center&#8220;][et_pb_column type=&#8220;1_2&#8243;][et_pb_image admin_label=&#8220;Eingang&#8220; _builder_version=&#8220;3.19.5&#8243; src=&#8220;https:\/\/rudolph-richter.de\/fliesenhandel\/wp-content\/uploads\/2019\/02\/Blog-CEVISAMA2019-Eingang.jpg&#8220; background_color=&#8220;#ffffff&#8220; use_background_color_gradient=&#8220;on&#8220; background_color_gradient_start=&#8220;#ffffff&#8220; background_color_gradient_end=&#8220;#ffffff&#8220; use_overlay=&#8220;on&#8220; overlay_icon_color=&#8220;#e02b20&#8243; hover_icon=&#8220;%%47%%&#8220; align=&#8220;center&#8220; alt=&#8220;Sanit\u00e4r und Badm\u00f6bel im Traveller-Look&#8220; title_text=&#8220;Sanit\u00e4r und Badm\u00f6bel im Traveller-Look&#8220; \/][\/et_pb_column][et_pb_column type=&#8220;1_2&#8243;][et_pb_image admin_label=&#8220;Kisses&#8220; _builder_version=&#8220;3.19.5&#8243; src=&#8220;https:\/\/rudolph-richter.de\/fliesenhandel\/wp-content\/uploads\/2019\/02\/Blog_CEVISAMA2019-Kisses.jpg&#8220; background_color=&#8220;#ffffff&#8220; use_background_color_gradient=&#8220;on&#8220; background_color_gradient_start=&#8220;#ffffff&#8220; background_color_gradient_end=&#8220;#ffffff&#8220; align=&#8220;center&#8220; alt=&#8220;#CEVISAMA 2019 &#8211; Kisses from CEVISAMA&#8220; title_text=&#8220;#CEVISAMA 2019 &#8211; Kisses from CEVISAMA&#8220; \/][\/et_pb_column][\/et_pb_row][et_pb_row _builder_version=&#8220;3.19.5&#8243; background_color=&#8220;#ffffff&#8220; use_background_color_gradient=&#8220;on&#8220; background_color_gradient_start=&#8220;#ffffff&#8220; background_color_gradient_end=&#8220;#ffffff&#8220;][et_pb_column type=&#8220;4_4&#8243;][et_pb_text admin_label=&#8220;Res\u00fcmee&#8220; _builder_version=&#8220;3.19.5&#8243; text_font=&#8220;Ubuntu||||||||&#8220; text_font_size=&#8220;16px&#8220; header_font=&#8220;Ubuntu||||||||&#8220; header_font_size=&#8220;45px&#8220; header_2_font_size=&#8220;30px&#8220; background_color=&#8220;#ffffff&#8220; use_background_color_gradient=&#8220;on&#8220; background_color_gradient_start=&#8220;#ffffff&#8220; background_color_gradient_end=&#8220;#ffffff&#8220;]<\/p>\n<h2><span style=\"color: #ff6600;\">CEVISAMA 2019 : Unser Res\u00fcmee<\/span><\/h2>\n<p><span style=\"color: #808080;\"><strong><span class='et-dropcap'>A<\/span><\/strong>uch dieses Jahr stellen wir wieder zum Ende unseres Messebesuches fest, dass die CEVISAMA Fliesenmesse f\u00fcr uns immer bedeutsamer wird. Auf der Messe stellte fast die gesamte Fliesenindustrie aus dem spanischen Fliesencluster Castellon ihre Neuheiten aus. Zus\u00e4tzlich pr\u00e4sentierte eine zunehmende Anzahl an Fliesenausstellern aus Italien ihre Fliesenserien, die auf der letzten CERSAIE in Bologna\/Italien nur als Prototypen bzw. Labormuster ausgestellt waren und nun bereits in Produktion gegangen sind. Wir konnten au\u00dferdem beobachten, dass auch immer mehr au\u00dfereurop\u00e4ischen Fliesenhersteller den Weg nach Valencia finden. In diesem Jahr wurde daher die Zahl der Messepavillons noch einmal um zwei weitere Hallen erweitert! Gleiches spiegelt sich auf der Seite der Messebesucher wider: Es scheint fast so, als ob die Stadt an der Costa del Azahar zur Zeit der CEVISAMA fest in der Hand der Fliesenwelt ist. Betritt man abends ein Restaurant in der Innenstadt, trifft man fast automatisch auf Messebesucher\/-aussteller. Auch als Fliesen-Trendbarometer hat die Fliesenmesse in Spanien wieder hohe Ma\u00dfst\u00e4be gesetzt. Auf der CEVISAMA 2019 konnten wir viele neue Eindr\u00fccke von den zuk\u00fcnftigen Entwicklungen und Ideen der spanischen Fliesenherstellern gewinnen. Wir sind gespannt, ob wir die dann vielleicht ausgearbeiteten Serien bei unserem Besuch der Fliesenmesse COVERINGS 2019 \u00a0in Orlando \/USA schon begutachten k\u00f6nnen. Unsere spanischen Industriepartnern pr\u00e4sentierten auf der Messe aber auch bereits fertiggestellte Serien. Wir waren zum Teil von den neuen Serien so begeistert, so dass wir diese sofort bestellt haben. Sobald die Lieferungen in unserem Zentrallager eingetroffen sind, werden wir unsere Fliesenausstellungen in Iserlohn und Essen mit den Neuheiten bemustern und Ihnen pr\u00e4sentieren k\u00f6nnen. In den n\u00e4chsten Monaten werden Sie also viele neue Fliesen-Highlights aus Spanien von der CEVISAMA 2019 bei uns finden. Es lohnt sich also, uns in Iserlohn oder Essen zu besuchen &#8230;<\/span><\/p>\n<p>[\/et_pb_text][\/et_pb_column][\/et_pb_row][et_pb_row _builder_version=&#8220;3.19.5&#8243; background_color=&#8220;#ffffff&#8220; use_background_color_gradient=&#8220;on&#8220; background_color_gradient_start=&#8220;#ffffff&#8220; background_color_gradient_end=&#8220;#ffffff&#8220;][et_pb_column type=&#8220;4_4&#8243;][et_pb_text admin_label=&#8220;Gracias&#8220; _builder_version=&#8220;3.19.5&#8243; text_font=&#8220;Ubuntu||||||||&#8220; text_font_size=&#8220;16px&#8220; header_font=&#8220;Ubuntu||||||||&#8220; header_font_size=&#8220;45px&#8220; header_2_font_size=&#8220;30px&#8220;]<\/p>\n<h2><span style=\"color: #ff6600;\"><span style=\"caret-color: #ff6600;\">Gracias por el buen Tiempo en Valencia!<\/span><\/span><\/h2>\n<p><span style=\"color: #808080;\"><strong><span class='et-dropcap'>W<\/span><\/strong>ir bedanken uns bei der Wirtschafts- und Handelsabteilung des spanischen Generalkonsulats, die uns den Besuch der CEVISAMA 2019 erm\u00f6glicht hat. Wir sind dem Verband der spanischen Fliesenindustrie (ASCER) f\u00fcr die Bereitstellung der Informationen \u00a0und allen Industriepartnern f\u00fcr den freundlichen Empfang auf ihren Messest\u00e4nden dankbar.<\/span><\/p>\n<p>[\/et_pb_text][\/et_pb_column][\/et_pb_row][et_pb_row _builder_version=&#8220;3.19.5&#8243; background_color=&#8220;#ffffff&#8220; use_background_color_gradient=&#8220;on&#8220; background_color_gradient_start=&#8220;#ffffff&#8220; background_color_gradient_end=&#8220;#ffffff&#8220;][et_pb_column type=&#8220;4_4&#8243;][et_pb_text admin_label=&#8220;Quellenangabe&#8220; _builder_version=&#8220;3.19.5&#8243; text_font=&#8220;Ubuntu||||||||&#8220; text_font_size=&#8220;12px&#8220; header_font=&#8220;Ubuntu||||||||&#8220; header_font_size=&#8220;45px&#8220; header_2_font_size=&#8220;30px&#8220;]<\/p>\n<h5><span style=\"color: #ff6600;\"><span style=\"caret-color: #ff6600;\">Quellenangaben<\/span><\/span><\/h5>\n<ul>\n<li><span style=\"color: #808080;\"><span style=\"caret-color: #808080;\">www.ascer.es<\/span><\/span><\/li>\n<li><span style=\"color: #808080;\">https:\/\/cevisama.feriavalencia.com\/\u00a0<\/span><\/li>\n<li><span style=\"color: #808080;\">www.comunitatvalenciana.com<\/span><\/li>\n<li><span style=\"color: #808080;\">www.cabanyalinfo.com<\/span><\/li>\n<li><span style=\"color: #808080;\">www.tileofspain.com<\/span><\/li>\n<li><span style=\"color: #808080;\">www.cabanyal.com<\/span><\/li>\n<li><span style=\"color: #808080;\">Wikipedia f\u00fcr allgemeine Informationen<\/span><\/li>\n<li><span style=\"color: #808080;\">&#8222;Reisef\u00fchrer Valencia&#8220; von Brigitte Hilbrecht , 2018 erschienen im Reisebuch-Verlag<\/span><\/li>\n<li><span style=\"color: #808080;\">&#8222;Citytrip Valencia&#8220; von Stephanie Schulz, 2018 erschienen in der Reise Know-How Reihe\u00a0<\/span><\/li>\n<li><span style=\"color: #808080;\">alle Fotos sind Eigentum der Rudolph Richter GmbH<\/span><\/li>\n<\/ul>\n<p>[\/et_pb_text][\/et_pb_column][\/et_pb_row][et_pb_row][\/et_pb_row][\/et_pb_section]<\/p>\n","protected":false},"excerpt":{"rendered":"<p>CEVISAMA 2019 &#8230; es geht wieder nach Spanien ! <span class='et-dropcap'>E<\/span>s war kalt und regnerisch in den fr\u00fchen Morgenstunden des letzten Montages im Januar und im Autoradio wurde vor Glatteis durch \u00fcberfrierende N\u00e4sse gewarnt.\u00a0Trotzdem machten wir uns auf den Weg zum Flughafen Amsterdam-Schiphol, um von dort mit dem KLM Flug 1503 nach Valencia in Spanien zu [&hellip;]<\/p>\n","protected":false},"author":1,"featured_media":4239,"comment_status":"open","ping_status":"closed","template":"","meta":{"_et_pb_use_builder":"on","_et_pb_old_content":"","_et_gb_content_width":"","footnotes":""},"project_category":[54,44,58],"project_tag":[615,611,37,605,610,66,412,411,185,599,608,205,464,616,617,620,618,619,612,128,622,607,606,609,614,621,613],"class_list":["post-4158","project","type-project","status-publish","has-post-thumbnail","hentry","project_category-fliesen","project_category-messe","project_category-trends","project_tag-azulejos","project_tag-cabanyal","project_tag-cevisama","project_tag-cevisama2019","project_tag-el-cabanyal","project_tag-fliesen","project_tag-fliesenblog","project_tag-fliesenblogger","project_tag-fliesenmesse","project_tag-fliesenreport","project_tag-fliesentrends2019","project_tag-fliesenwelt","project_tag-informationen-ueber-fliesen","project_tag-keramische-hausfassaden","project_tag-messebesuch","project_tag-messeblog","project_tag-messeprogramm","project_tag-plaza-de-toros","project_tag-silken-hotel-valencia","project_tag-spanien","project_tag-spanien-blog","project_tag-spanische-fliesen","project_tag-spanische-fliesenmesse","project_tag-valencia","project_tag-valencia-besichtigung","project_tag-valencia-blog","project_tag-valencia-sights"],"_links":{"self":[{"href":"https:\/\/rudolph-richter.de\/fliesenhandel\/wp-json\/wp\/v2\/project\/4158","targetHints":{"allow":["GET"]}}],"collection":[{"href":"https:\/\/rudolph-richter.de\/fliesenhandel\/wp-json\/wp\/v2\/project"}],"about":[{"href":"https:\/\/rudolph-richter.de\/fliesenhandel\/wp-json\/wp\/v2\/types\/project"}],"author":[{"embeddable":true,"href":"https:\/\/rudolph-richter.de\/fliesenhandel\/wp-json\/wp\/v2\/users\/1"}],"replies":[{"embeddable":true,"href":"https:\/\/rudolph-richter.de\/fliesenhandel\/wp-json\/wp\/v2\/comments?post=4158"}],"version-history":[{"count":54,"href":"https:\/\/rudolph-richter.de\/fliesenhandel\/wp-json\/wp\/v2\/project\/4158\/revisions"}],"predecessor-version":[{"id":4241,"href":"https:\/\/rudolph-richter.de\/fliesenhandel\/wp-json\/wp\/v2\/project\/4158\/revisions\/4241"}],"wp:featuredmedia":[{"embeddable":true,"href":"https:\/\/rudolph-richter.de\/fliesenhandel\/wp-json\/wp\/v2\/media\/4239"}],"wp:attachment":[{"href":"https:\/\/rudolph-richter.de\/fliesenhandel\/wp-json\/wp\/v2\/media?parent=4158"}],"wp:term":[{"taxonomy":"project_category","embeddable":true,"href":"https:\/\/rudolph-richter.de\/fliesenhandel\/wp-json\/wp\/v2\/project_category?post=4158"},{"taxonomy":"project_tag","embeddable":true,"href":"https:\/\/rudolph-richter.de\/fliesenhandel\/wp-json\/wp\/v2\/project_tag?post=4158"}],"curies":[{"name":"wp","href":"https:\/\/api.w.org\/{rel}","templated":true}]}}