{"id":5134,"date":"2020-02-08T19:27:36","date_gmt":"2020-02-08T19:27:36","guid":{"rendered":"https:\/\/rudolph-richter.de\/fliesenhandel\/?post_type=project&#038;p=5134"},"modified":"2020-02-11T23:44:03","modified_gmt":"2020-02-11T23:44:03","slug":"werksbesuch-bei-eliane","status":"publish","type":"project","link":"https:\/\/rudolph-richter.de\/fliesenhandel\/project\/werksbesuch-bei-eliane\/","title":{"rendered":"ELIANE Werksbesuch"},"content":{"rendered":"<p>[et_pb_section fb_built=&#8220;1&#8243; _builder_version=&#8220;4.2.2&#8243; background_color=&#8220;#ffffff&#8220; use_background_color_gradient=&#8220;on&#8220; background_color_gradient_start=&#8220;#ffffff&#8220; background_color_gradient_end=&#8220;#ffffff&#8220;][et_pb_row _builder_version=&#8220;4.2.2&#8243; background_color=&#8220;#ffffff&#8220; use_background_color_gradient=&#8220;on&#8220; background_color_gradient_start=&#8220;#ffffff&#8220; background_color_gradient_end=&#8220;#ffffff&#8220; custom_margin=&#8220;25px||||false|false&#8220;][et_pb_column type=&#8220;4_4&#8243; _builder_version=&#8220;4.2.2&#8243;][et_pb_text admin_label=&#8220;Einf\u00fchrung&#8220; _builder_version=&#8220;4.2.2&#8243; text_font=&#8220;Delius||||||||&#8220; text_font_size=&#8220;20px&#8220; header_font=&#8220;Delius|700|||||||&#8220; header_text_color=&#8220;#000000&#8243; header_font_size=&#8220;64px&#8220; header_2_text_color=&#8220;#0c71c3&#8243;]<\/p>\n<h1><span style=\"color: #808080;\">ELIANE Werksbesuch<\/span><\/h1>\n<h2><span style=\"color: #808080;\">Es geht nach Brasilien !<\/span><\/h2>\n<p><span style=\"color: #808080;\">Was war das f\u00fcr ein Auftakt in das Jahr 2020 ! Mitte Januar feierte unser Industriepartner ELIANE aus Brasilien nicht nur sein 60j\u00e4hriges Bestehen, sondern stellte auf einer exklusiven Preview in seinem Stammsitz in Cocal do Sul im Bundesstaat Santa Catarina die Neuheiten und Entwicklungen f\u00fcr das Jahr 2020 vor. Wir folgten\u00a0 daher nur zu gern der Einladung und machten uns auf den Weg nach S\u00fcdamerika.<\/span><\/p>\n<p>[\/et_pb_text][\/et_pb_column][\/et_pb_row][et_pb_row column_structure=&#8220;1_2,1_2&#8243; _builder_version=&#8220;4.2.2&#8243; background_color=&#8220;#ffffff&#8220; use_background_color_gradient=&#8220;on&#8220; background_color_gradient_start=&#8220;#ffffff&#8220; background_color_gradient_end=&#8220;#ffffff&#8220; custom_margin=&#8220;25px||||false|false&#8220;][et_pb_column type=&#8220;1_2&#8243; _builder_version=&#8220;4.2.2&#8243;][et_pb_image src=&#8220;https:\/\/rudolph-richter.de\/fliesenhandel\/wp-content\/uploads\/2020\/02\/BLOG-Brasilien2020-SaoPaulo-HotelSkyline.jpg&#8220; admin_label=&#8220;SaoPauloSkyline&#8220; _builder_version=&#8220;4.2.2&#8243; background_color=&#8220;#ffffff&#8220; use_background_color_gradient=&#8220;on&#8220; background_color_gradient_start=&#8220;#ffffff&#8220; background_color_gradient_end=&#8220;#ffffff&#8220;][\/et_pb_image][\/et_pb_column][et_pb_column type=&#8220;1_2&#8243; _builder_version=&#8220;4.2.2&#8243;][et_pb_image src=&#8220;https:\/\/rudolph-richter.de\/fliesenhandel\/wp-content\/uploads\/2020\/02\/BLOG-Brasilien2020-HinterMASP.jpg&#8220; admin_label=&#8220;hinterMASP&#8220; _builder_version=&#8220;4.2.2&#8243; background_color=&#8220;#ffffff&#8220; use_background_color_gradient=&#8220;on&#8220; background_color_gradient_start=&#8220;#ffffff&#8220; background_color_gradient_end=&#8220;#ffffff&#8220;][\/et_pb_image][\/et_pb_column][\/et_pb_row][et_pb_row _builder_version=&#8220;4.2.2&#8243; background_color=&#8220;#ffffff&#8220; use_background_color_gradient=&#8220;on&#8220; background_color_gradient_start=&#8220;#ffffff&#8220; background_color_gradient_end=&#8220;#ffffff&#8220; custom_margin=&#8220;25px||||false|false&#8220;][et_pb_column type=&#8220;4_4&#8243; _builder_version=&#8220;4.2.2&#8243;][et_pb_text admin_label=&#8220;SaoPaulo ist bunt&#8220; _builder_version=&#8220;4.2.2&#8243; text_font=&#8220;Delius||||||||&#8220; text_font_size=&#8220;20px&#8220; header_font=&#8220;Delius|700|||||||&#8220; header_text_color=&#8220;#000000&#8243; header_font_size=&#8220;64px&#8220; header_2_text_color=&#8220;#0c71c3&#8243;]<\/p>\n<h2><span style=\"color: #808080;\">Bem-vindo a S\u00e3o Paulo \/ Brasil<\/span><\/h2>\n<p><span style=\"color: #808080;\">Nach einem fast 12st\u00fcndigen Flug von Amsterdam aus erreichten wir die Metropole S\u00e3o Paulo. W\u00e4hrend des Landeanfluges schwebte unsere Boeing 777-200 der niederl\u00e4ndischen Fluggesellschaft KLM minutenlang \u00fcber ein scheinbar endloses Meer aus Hochh\u00e4usern, und wir bekamen einen ersten Eindruck von den gigantischen Ausma\u00dfen dieser Mega-City. \u00dcber 12 Millionen Menschen leben hier, im Gro\u00dfraum gar mehr als 21 Millionen ! Damit geh\u00f6rt die Stadt zu den gr\u00f6\u00dften Metropolen der Welt und bildet das wichtigste Wirtschafts- und Finanzzentrum S\u00fcdamerikas. Da unser Weiterflug in den S\u00fcden Brasiliens, wo sich der Hauptsitz der Firma ELIANE befindet,\u00a0erst einen Tag sp\u00e4ter geplant war, hatten wir etwas Zeit, die gewaltige Stadt zu erkunden. Wir spazierten in Richtung MASP (Museum de Arte de S\u00e3o Paulo) auf der gro\u00dfz\u00fcgigen Avenida Paulista, in der viele brasilianische und ausl\u00e4ndische Firmen ihre Vertretungen haben oder einen Flagship-Store betreiben. Vergleicht man S\u00e3o Paulo mit New York, so ist die Avenida Paulista Wall-Street, Broadway und 5th Avenue in einem. Aber nicht nur die Architektur der Hochh\u00e4user erinnert an die Stadt in den USA, sondern auch die multikulturellen Paulistas (so nennen sich die Einwohner S\u00e3o Paulos). Viele Einwohner haben Wurzeln in Portugal, Italien, Deutschland oder Japan. <\/span><\/p>\n<p>[\/et_pb_text][\/et_pb_column][\/et_pb_row][et_pb_row column_structure=&#8220;1_3,1_3,1_3&#8243; _builder_version=&#8220;4.2.2&#8243; background_color=&#8220;#ffffff&#8220; use_background_color_gradient=&#8220;on&#8220; background_color_gradient_start=&#8220;#ffffff&#8220; background_color_gradient_end=&#8220;#ffffff&#8220; custom_margin=&#8220;25px||||false|false&#8220;][et_pb_column type=&#8220;1_3&#8243; _builder_version=&#8220;4.2.2&#8243;][et_pb_image src=&#8220;https:\/\/rudolph-richter.de\/fliesenhandel\/wp-content\/uploads\/2020\/02\/BLOG-Brasilien2020-Niemeyer.jpg&#8220; admin_label=&#8220;OscarNiemeyer&#8220; _builder_version=&#8220;4.2.2&#8243; background_color=&#8220;#ffffff&#8220; use_background_color_gradient=&#8220;on&#8220; background_color_gradient_start=&#8220;#ffffff&#8220; background_color_gradient_end=&#8220;#ffffff&#8220;][\/et_pb_image][\/et_pb_column][et_pb_column type=&#8220;1_3&#8243; _builder_version=&#8220;4.2.2&#8243;][et_pb_image src=&#8220;https:\/\/rudolph-richter.de\/fliesenhandel\/wp-content\/uploads\/2020\/02\/BLOG-Brasilien2020-AvenidaPaulista.jpg&#8220; admin_label=&#8220;AvenidaPaulista&#8220; _builder_version=&#8220;4.2.2&#8243; background_color=&#8220;#ffffff&#8220; use_background_color_gradient=&#8220;on&#8220; background_color_gradient_start=&#8220;#ffffff&#8220; background_color_gradient_end=&#8220;#ffffff&#8220;][\/et_pb_image][\/et_pb_column][et_pb_column type=&#8220;1_3&#8243; _builder_version=&#8220;4.2.2&#8243;][et_pb_image src=&#8220;https:\/\/rudolph-richter.de\/fliesenhandel\/wp-content\/uploads\/2020\/02\/BLOG-Brasilien2020-MASP.jpg&#8220; admin_label=&#8220;MASP&#8220; _builder_version=&#8220;4.2.2&#8243; background_color=&#8220;#ffffff&#8220; use_background_color_gradient=&#8220;on&#8220; background_color_gradient_start=&#8220;#ffffff&#8220; background_color_gradient_end=&#8220;#ffffff&#8220;][\/et_pb_image][\/et_pb_column][\/et_pb_row][et_pb_row _builder_version=&#8220;4.2.2&#8243; background_color=&#8220;#ffffff&#8220; use_background_color_gradient=&#8220;on&#8220; background_color_gradient_start=&#8220;#ffffff&#8220; background_color_gradient_end=&#8220;#ffffff&#8220; custom_margin=&#8220;25px||||false|false&#8220;][et_pb_column type=&#8220;4_4&#8243; _builder_version=&#8220;4.2.2&#8243;][et_pb_text admin_label=&#8220;StreetArt&#8220; _builder_version=&#8220;4.2.2&#8243; text_font=&#8220;Delius||||||||&#8220; text_font_size=&#8220;20px&#8220; header_font=&#8220;Delius|700|||||||&#8220; header_text_color=&#8220;#000000&#8243; header_font_size=&#8220;64px&#8220; header_2_text_color=&#8220;#0c71c3&#8243;]<\/p>\n<p><span style=\"color: #808080;\">Diese kulturelle Vielfalt \u00e4u\u00dfert sich u.a. durch eine rege Street Art Szene. Wir haben selten eine Metropole erlebt, die so zahlreich gut gemachte Street Art aufweist. Dabei ist uns besonders das Viertel Vila Madalena mit der ber\u00fchmten Beco do Batman (Batman-Alley) aufgefallen. Die engen Gassen des Viertels, das sich im Westen der Stadt befindet, wurden mit unz\u00e4hligen bunten Graffiti-Kunstwerken dekoriert. Diese bilden eine beliebte Kulisse f\u00fcr Instagram-Bilder. Aber auch in den vielen Kunstwerken im Kunstmuseum Pinacoteca do Estado de S\u00e3o Paulo, das sich gegen\u00fcber dem wuseligen Bahnhof Luz befindet, lassen die unterschiedlichen kulturellen Hintergr\u00fcnde ihrer K\u00fcnstler erahnen. <\/span><\/p>\n<p>[\/et_pb_text][\/et_pb_column][\/et_pb_row][et_pb_row column_structure=&#8220;1_2,1_2&#8243; _builder_version=&#8220;4.2.2&#8243; background_color=&#8220;#ffffff&#8220; use_background_color_gradient=&#8220;on&#8220; background_color_gradient_start=&#8220;#ffffff&#8220; background_color_gradient_end=&#8220;#ffffff&#8220; custom_margin=&#8220;25px||||false|false&#8220;][et_pb_column type=&#8220;1_2&#8243; _builder_version=&#8220;4.2.2&#8243;][et_pb_image src=&#8220;https:\/\/rudolph-richter.de\/fliesenhandel\/wp-content\/uploads\/2020\/02\/BLOG-Brasilien2020-BatmanUndPele.jpg&#8220; admin_label=&#8220;Batman&#038;Pele&#8220; _builder_version=&#8220;4.2.2&#8243; background_color=&#8220;#ffffff&#8220; use_background_color_gradient=&#8220;on&#8220; background_color_gradient_start=&#8220;#ffffff&#8220; background_color_gradient_end=&#8220;#ffffff&#8220;][\/et_pb_image][\/et_pb_column][et_pb_column type=&#8220;1_2&#8243; _builder_version=&#8220;4.2.2&#8243;][et_pb_image src=&#8220;https:\/\/rudolph-richter.de\/fliesenhandel\/wp-content\/uploads\/2020\/02\/BLOG-Brasilien2020-BatmanAlley-Model.jpg&#8220; admin_label=&#8220;BatmanAlley&#8220; _builder_version=&#8220;4.2.2&#8243; background_color=&#8220;#ffffff&#8220; use_background_color_gradient=&#8220;on&#8220; background_color_gradient_start=&#8220;#ffffff&#8220; background_color_gradient_end=&#8220;#ffffff&#8220;][\/et_pb_image][\/et_pb_column][\/et_pb_row][et_pb_row column_structure=&#8220;1_2,1_2&#8243; _builder_version=&#8220;4.2.2&#8243; background_color=&#8220;#ffffff&#8220; use_background_color_gradient=&#8220;on&#8220; background_color_gradient_start=&#8220;#ffffff&#8220; background_color_gradient_end=&#8220;#ffffff&#8220; custom_margin=&#8220;25px||||false|false&#8220;][et_pb_column type=&#8220;1_2&#8243; _builder_version=&#8220;4.2.2&#8243;][et_pb_image src=&#8220;https:\/\/rudolph-richter.de\/fliesenhandel\/wp-content\/uploads\/2020\/02\/BLOG-Brasilien2020-Pinacoteca.jpg&#8220; admin_label=&#8220;Pinacoteca&#8220; _builder_version=&#8220;4.2.2&#8243; background_color=&#8220;#ffffff&#8220; use_background_color_gradient=&#8220;on&#8220; background_color_gradient_start=&#8220;#ffffff&#8220; background_color_gradient_end=&#8220;#ffffff&#8220;][\/et_pb_image][\/et_pb_column][et_pb_column type=&#8220;1_2&#8243; _builder_version=&#8220;4.2.2&#8243;][et_pb_image src=&#8220;https:\/\/rudolph-richter.de\/fliesenhandel\/wp-content\/uploads\/2020\/02\/BLOG-Brasilien2020-Anthropophaghy.jpg&#8220; admin_label=&#8220;Anthropologie&#8220; _builder_version=&#8220;4.2.2&#8243; background_color=&#8220;#ffffff&#8220; use_background_color_gradient=&#8220;on&#8220; background_color_gradient_start=&#8220;#ffffff&#8220; background_color_gradient_end=&#8220;#ffffff&#8220;][\/et_pb_image][\/et_pb_column][\/et_pb_row][et_pb_row _builder_version=&#8220;4.2.2&#8243; background_color=&#8220;#ffffff&#8220; use_background_color_gradient=&#8220;on&#8220; background_color_gradient_start=&#8220;#ffffff&#8220; background_color_gradient_end=&#8220;#ffffff&#8220; custom_margin=&#8220;25px||||false|false&#8220;][et_pb_column type=&#8220;4_4&#8243; _builder_version=&#8220;4.2.2&#8243;][et_pb_text admin_label=&#8220;Ruhe&#8220; _builder_version=&#8220;4.2.2&#8243; text_font=&#8220;Delius||||||||&#8220; text_font_size=&#8220;20px&#8220; header_font=&#8220;Delius|700|||||||&#8220; header_text_color=&#8220;#000000&#8243; header_font_size=&#8220;64px&#8220; header_2_text_color=&#8220;#0c71c3&#8243;]<\/p>\n<p><span style=\"color: #808080;\">Die K\u00fcche S\u00e3o Paulos pr\u00e4sentiert sich ebenso international wie seine Bewohner. Viele behaupten sogar, dass man in S\u00e3o Paulo eine bessere Pizza bekommt als in ganz Italien! Neben den internationalen kulinarischen Einfl\u00fcssen kann Brasilien auf eine unglaubliche Anzahl von f\u00fcr uns exotischen Fr\u00fcchte- und Gem\u00fcsesorten zur\u00fcckgreifen. Diese werden in riesigen Markthallen angeboten und in den anliegenden Restaurants frisch verarbeitet. Sampa (so nennen die Einwohner liebevoll ihre Stadt) ist aber auch eine Stadt der Kontraste. So besteht die Architektur nicht nur aus den modernen gigantischen Hochh\u00e4usern, sondern es gibt auch zahlreiche Geb\u00e4ude im Kolonial- oder im Art D\u00e9co-Stil. Etwas Ruhe findet man vor dem gesch\u00e4ftigen Trubel \u00a0der Gro\u00dfstadt in den gewaltigen Kirchen wie der neogotischen Catedral da S\u00e9, in der 8000 Menschen Platz finden und \u00fcber 400 t Marmor verarbeitet wurden. Im \u00a0riesigen Stadtpark Parque do Ibirapuerna befinden sich einige Geb\u00e4ude, die von dem brasilianischen Stararchitekten\u00a0 Oscar Niemeyer entworfen wurden. <\/span><\/p>\n<p>[\/et_pb_text][\/et_pb_column][\/et_pb_row][et_pb_row column_structure=&#8220;1_2,1_2&#8243; _builder_version=&#8220;4.2.2&#8243; background_color=&#8220;#ffffff&#8220; use_background_color_gradient=&#8220;on&#8220; background_color_gradient_start=&#8220;#ffffff&#8220; background_color_gradient_end=&#8220;#ffffff&#8220; custom_margin=&#8220;25px||||false|false&#8220;][et_pb_column type=&#8220;1_2&#8243; _builder_version=&#8220;4.2.2&#8243;][et_pb_image src=&#8220;https:\/\/rudolph-richter.de\/fliesenhandel\/wp-content\/uploads\/2020\/02\/BLOG-Brasilien2020-CatedralSe.jpg&#8220; admin_label=&#8220;Catedral Se&#8220; _builder_version=&#8220;4.2.2&#8243; background_color=&#8220;#ffffff&#8220; use_background_color_gradient=&#8220;on&#8220; background_color_gradient_start=&#8220;#ffffff&#8220; background_color_gradient_end=&#8220;#ffffff&#8220;][\/et_pb_image][\/et_pb_column][et_pb_column type=&#8220;1_2&#8243; _builder_version=&#8220;4.2.2&#8243;][et_pb_image src=&#8220;https:\/\/rudolph-richter.de\/fliesenhandel\/wp-content\/uploads\/2020\/02\/BLOG-Brasilien2020-Bandeiras.jpg&#8220; admin_label=&#8220;Bandeiras&#8220; _builder_version=&#8220;4.2.2&#8243; background_color=&#8220;#ffffff&#8220; use_background_color_gradient=&#8220;on&#8220; background_color_gradient_start=&#8220;#ffffff&#8220; background_color_gradient_end=&#8220;#ffffff&#8220;][\/et_pb_image][\/et_pb_column][\/et_pb_row][et_pb_row _builder_version=&#8220;4.2.2&#8243; background_color=&#8220;#ffffff&#8220; use_background_color_gradient=&#8220;on&#8220; background_color_gradient_start=&#8220;#ffffff&#8220; background_color_gradient_end=&#8220;#ffffff&#8220; custom_margin=&#8220;25px||||false|false&#8220;][et_pb_column type=&#8220;4_4&#8243; _builder_version=&#8220;4.2.2&#8243;][et_pb_text admin_label=&#8220;ELIANE, Sao Paulo&#8220; _builder_version=&#8220;4.2.2&#8243; text_font=&#8220;Delius||||||||&#8220; text_font_size=&#8220;20px&#8220; header_font=&#8220;Delius|700|||||||&#8220; header_text_color=&#8220;#000000&#8243; header_font_size=&#8220;64px&#8220; header_2_text_color=&#8220;#0c71c3&#8243;]<\/p>\n<p><span style=\"color: #808080;\">Vor unserem Weiterflug in den Bundesstaat Santa Catarina besuchten wir noch den modernen Showroom der Firma ELIANE im noblen Stadtteil Jardim America. Hier werden aktuelle Serien der Marken ELIANE und Decortile nicht nur geschmackvoll gezeigt, sondern in dem gro\u00dfz\u00fcgigen Geb\u00e4ude finden auch regelm\u00e4\u00dfig Pr\u00e4sentationen und Informationsveranstaltungen f\u00fcr Kunden und Architekten statt. Die Dachterrasse bietet Platz f\u00fcr weitere Events. Besucher haben dort die M\u00f6glichkeit, die Aussicht auf den exklusiven Stadtteil zu genie\u00dfen. Mit vielen neuen Ideen f\u00fcr die Gestaltung unserer Fliesenausstellungen in Essen und Iserlohn ging es anschlie\u00dfend vom innerst\u00e4dtischen Flughafen S\u00e3o Paulo-Congonhas mit der brasilianischen Fluggesellschaft LATAM in den Bundesstaat Santa Catarina.<\/span><\/p>\n<p>[\/et_pb_text][\/et_pb_column][\/et_pb_row][et_pb_row column_structure=&#8220;1_2,1_2&#8243; _builder_version=&#8220;4.2.2&#8243; background_color=&#8220;#ffffff&#8220; use_background_color_gradient=&#8220;on&#8220; background_color_gradient_start=&#8220;#ffffff&#8220; background_color_gradient_end=&#8220;#ffffff&#8220; custom_margin=&#8220;25px||||false|false&#8220;][et_pb_column type=&#8220;1_2&#8243; _builder_version=&#8220;4.2.2&#8243;][et_pb_image src=&#8220;https:\/\/rudolph-richter.de\/fliesenhandel\/wp-content\/uploads\/2020\/02\/BLOG-Brasilien2020-ELIANELogos.jpg&#8220; admin_label=&#8220;ELIANE-Logo&#8220; _builder_version=&#8220;4.2.2&#8243; background_color=&#8220;#ffffff&#8220; use_background_color_gradient=&#8220;on&#8220; background_color_gradient_start=&#8220;#ffffff&#8220; background_color_gradient_end=&#8220;#ffffff&#8220;][\/et_pb_image][\/et_pb_column][et_pb_column type=&#8220;1_2&#8243; _builder_version=&#8220;4.2.2&#8243;][et_pb_image src=&#8220;https:\/\/rudolph-richter.de\/fliesenhandel\/wp-content\/uploads\/2020\/02\/BLOG-Brasilien2020-SP-Showroom1.jpg&#8220; admin_label=&#8220;Eliane-Showroom1&#8243; _builder_version=&#8220;4.2.2&#8243; background_color=&#8220;#ffffff&#8220; use_background_color_gradient=&#8220;on&#8220; background_color_gradient_start=&#8220;#ffffff&#8220; background_color_gradient_end=&#8220;#ffffff&#8220;][\/et_pb_image][\/et_pb_column][\/et_pb_row][et_pb_row column_structure=&#8220;1_2,1_2&#8243; _builder_version=&#8220;4.2.2&#8243; background_color=&#8220;#ffffff&#8220; use_background_color_gradient=&#8220;on&#8220; background_color_gradient_start=&#8220;#ffffff&#8220; background_color_gradient_end=&#8220;#ffffff&#8220; custom_margin=&#8220;25px||||false|false&#8220;][et_pb_column type=&#8220;1_2&#8243; _builder_version=&#8220;4.2.2&#8243;][et_pb_image src=&#8220;https:\/\/rudolph-richter.de\/fliesenhandel\/wp-content\/uploads\/2020\/02\/BLOG-Brasilien2020-Marmoroptik.jpg&#8220; alt=&#8220;im Showroom der Firma ELIANE in Sao Paulo. Hier das Design einer neuen Marmoroptik&#8220; title_text=&#8220;im Showroom der Firma ELIANE in Sao Paulo. Hier das Design einer neuen Marmoroptik&#8220; admin_label=&#8220;Eliane-Marmoroptik&#8220; _builder_version=&#8220;4.2.2&#8243; background_color=&#8220;#ffffff&#8220; use_background_color_gradient=&#8220;on&#8220; background_color_gradient_start=&#8220;#ffffff&#8220; background_color_gradient_end=&#8220;#ffffff&#8220;][\/et_pb_image][\/et_pb_column][et_pb_column type=&#8220;1_2&#8243; _builder_version=&#8220;4.2.2&#8243;][et_pb_image src=&#8220;https:\/\/rudolph-richter.de\/fliesenhandel\/wp-content\/uploads\/2020\/02\/BLOG-Brasilien2020-SRinSP.jpg&#8220; admin_label=&#8220;ELIANE-Showroom2&#8243; _builder_version=&#8220;4.2.2&#8243; background_color=&#8220;#ffffff&#8220; use_background_color_gradient=&#8220;on&#8220; background_color_gradient_start=&#8220;#ffffff&#8220; background_color_gradient_end=&#8220;#ffffff&#8220;][\/et_pb_image][\/et_pb_column][\/et_pb_row][et_pb_row _builder_version=&#8220;4.2.2&#8243; background_color=&#8220;#ffffff&#8220; use_background_color_gradient=&#8220;on&#8220; background_color_gradient_start=&#8220;#ffffff&#8220; background_color_gradient_end=&#8220;#ffffff&#8220; custom_margin=&#8220;25px||||false|false&#8220;][et_pb_column type=&#8220;4_4&#8243; _builder_version=&#8220;4.2.2&#8243;][et_pb_text admin_label=&#8220;ELIANE-SanteCatarina&#8220; _builder_version=&#8220;4.2.2&#8243; text_font=&#8220;Delius||||||||&#8220; text_font_size=&#8220;20px&#8220; header_font=&#8220;Delius|700|||||||&#8220; header_text_color=&#8220;#000000&#8243; header_font_size=&#8220;64px&#8220; header_2_text_color=&#8220;#0c71c3&#8243;]<\/p>\n<h2><span style=\"color: #808080;\">Estamos em Santa Catarina (SC) !<\/span><\/h2>\n<h3><span style=\"color: #808080;\">Der Werksbesuch beginnt &#8230;<\/span><\/h3>\n<p><span style=\"color: #808080;\">Nach einem 1,5 Std. Flug erreichten wir den Provinzflughafen Jaguarana. Dort wurden wir bereits von einem Mitarbeiter der Firma ELIANE erwartet, der uns zu unserem Hotel in der Stadt Crici\u00fama brachte. Am n\u00e4chsten Tag ging es weiter nach Cocal do Sud. Dort wurde vor 60 Jahren das Fliesenwerk von Maximiliano Gaidzinski, dem Gro\u00dfvater des heutigen Firmeninhabers Edson Gaidzinski, gegr\u00fcndet und nach dessen Tochter benannt. Aus einer einfachen Wandfliesenfabrik wurde in sechs Dekaden ein Unternehmen mit drei Fliesenmarken (ELIANE, Decortiles und ElianeTEC) mit sechs Produktionsstandorten (4 befinden sich am Stammsitz Cocal do Sud, einer in der Stadt Crici\u00fama und ein weiterer in Cama\u00e7ari im Bundesstaat Bahia). Eliane produziert mit 2500 Mitarbeitern mehr als 36 Millionen qm pro Jahr und ist somit der gr\u00f6\u00dfte Fliesenproduzent Brasiliens. Das Unternehmen stellt sowohl Wandfliesen in Steingut als auch Bodenfliesen in Steinzeug und Feinsteinzeug her. Das Angebot der Fliesenformate reicht vom Mosaik bis zu XXL-Fliesen im Format 1,20&#215;1,20m. Das Sortiment wird in \u00fcber 55 L\u00e4ndern verkauft. Wir hatten die M\u00f6glichkeit, die hochmoderne Produktionsanlage zu besuchen, auf der gerade die Formate 90x90cm und 120x120cm gefertigt wurden. Viele Aggregate in der Produktion stammen von namhaften italienischen Herstellern. Obwohl die letzte Investition in diese Linie nicht einmal ein Jahr zur\u00fcckliegt, herrschte auf dem riesigen Betriebsgel\u00e4nde schon wieder rege Baut\u00e4tigkeit, da das Werk um eine weitere Linie, auf der \u00a0SACMI-Ofen und Pressen in Zukunft installieret werden, erg\u00e4nzt wird. Auf dieser Produktionslinie wird nicht nur ein System installiert, das die Fliesen digital dekoriert, sondern auch eine Rektifizierungs- und Polieranlage. Neben dieser 27 Mill. US$ teuren Investition wird f\u00fcr 6 Mill. US$\u00a0 ein gigantisches Logistikzentrum mit Platz f\u00fcr mehr als 11.000 Palletten und 11 Verladestellen gebaut, das bereits in wenigen Monaten er\u00f6ffnet werden soll. <\/span><\/p>\n<p>[\/et_pb_text][\/et_pb_column][\/et_pb_row][et_pb_row column_structure=&#8220;1_2,1_2&#8243; _builder_version=&#8220;4.2.2&#8243; background_color=&#8220;#ffffff&#8220; use_background_color_gradient=&#8220;on&#8220; background_color_gradient_start=&#8220;#ffffff&#8220; background_color_gradient_end=&#8220;#ffffff&#8220; custom_margin=&#8220;25px||||false|false&#8220;][et_pb_column type=&#8220;1_2&#8243; _builder_version=&#8220;4.2.2&#8243;][et_pb_image src=&#8220;https:\/\/rudolph-richter.de\/fliesenhandel\/wp-content\/uploads\/2020\/02\/BLOG-Brasilien2020-Fabrik.jpg&#8220; alt=&#8220;Ein kurzer Blick in die brandneue Fabrik von ELIANE in Santa Catarina&#8220; title_text=&#8220;Ein kurzer Blick in die brandneue Fabrik von ELIANE in Santa Catarina&#8220; admin_label=&#8220;Fabrik&#8220; _builder_version=&#8220;4.2.2&#8243; background_color=&#8220;#ffffff&#8220; use_background_color_gradient=&#8220;on&#8220; background_color_gradient_start=&#8220;#ffffff&#8220; background_color_gradient_end=&#8220;#ffffff&#8220;][\/et_pb_image][\/et_pb_column][et_pb_column type=&#8220;1_2&#8243; _builder_version=&#8220;4.2.2&#8243;][et_pb_image src=&#8220;https:\/\/rudolph-richter.de\/fliesenhandel\/wp-content\/uploads\/2020\/02\/BLOG-Brasilien2020-Eliane-Baustelle.jpg&#8220; alt=&#8220;Hier entsteht in wenigen Monaten das neue Logistikzentrum der Firma ELIANE&#8220; title_text=&#8220;Hier entsteht in wenigen Monaten das neue Logistikzentrum der Firma ELIANE&#8220; admin_label=&#8220;Baustelle&#8220; _builder_version=&#8220;4.2.2&#8243; background_color=&#8220;#ffffff&#8220; use_background_color_gradient=&#8220;on&#8220; background_color_gradient_start=&#8220;#ffffff&#8220; background_color_gradient_end=&#8220;#ffffff&#8220;][\/et_pb_image][\/et_pb_column][\/et_pb_row][et_pb_row column_structure=&#8220;1_2,1_2&#8243; _builder_version=&#8220;4.2.2&#8243; background_color=&#8220;#ffffff&#8220; use_background_color_gradient=&#8220;on&#8220; background_color_gradient_start=&#8220;#ffffff&#8220; background_color_gradient_end=&#8220;#ffffff&#8220; custom_margin=&#8220;25px||||false|false&#8220;][et_pb_column type=&#8220;1_2&#8243; _builder_version=&#8220;4.2.2&#8243;][et_pb_image src=&#8220;https:\/\/rudolph-richter.de\/fliesenhandel\/wp-content\/uploads\/2020\/02\/BLOG-Brasilien2020-Designfliesen-Decortile.jpg&#8220; alt=&#8220;Designfliesen von der Firma ELIANE \/ Decortile im Showroom in Santa Catarina&#8220; title_text=&#8220;Designfliesen von der Firma ELIANE \/ Decortile im Showroom in Santa Catarina&#8220; admin_label=&#8220;Fabrik&#8220; _builder_version=&#8220;4.2.2&#8243; background_color=&#8220;#ffffff&#8220; use_background_color_gradient=&#8220;on&#8220; background_color_gradient_start=&#8220;#ffffff&#8220; background_color_gradient_end=&#8220;#ffffff&#8220;][\/et_pb_image][\/et_pb_column][et_pb_column type=&#8220;1_2&#8243; _builder_version=&#8220;4.2.2&#8243;][et_pb_image src=&#8220;https:\/\/rudolph-richter.de\/fliesenhandel\/wp-content\/uploads\/2020\/02\/BLOG-Brasilien2020-SC-Showroom.jpg&#8220; alt=&#8220;Der Showroom der Firma ELIANE in Santa Catarina&#8220; title_text=&#8220;Der Showroom der Firma ELIANE in Santa Catarina&#8220; admin_label=&#8220;Showroom&#8220; _builder_version=&#8220;4.2.2&#8243; background_color=&#8220;#ffffff&#8220; use_background_color_gradient=&#8220;on&#8220; background_color_gradient_start=&#8220;#ffffff&#8220; background_color_gradient_end=&#8220;#ffffff&#8220;][\/et_pb_image][\/et_pb_column][\/et_pb_row][et_pb_row column_structure=&#8220;1_2,1_2&#8243; _builder_version=&#8220;4.2.2&#8243; background_color=&#8220;#ffffff&#8220; use_background_color_gradient=&#8220;on&#8220; background_color_gradient_start=&#8220;#ffffff&#8220; background_color_gradient_end=&#8220;#ffffff&#8220; custom_margin=&#8220;25px||||false|false&#8220;][et_pb_column type=&#8220;1_2&#8243; _builder_version=&#8220;4.2.2&#8243;][et_pb_image src=&#8220;https:\/\/rudolph-richter.de\/fliesenhandel\/wp-content\/uploads\/2020\/02\/BLOG-Brasilien2020-EingangELIANE.jpg&#8220; alt=&#8220;Die Firma Eliane produziert auch XXL-Fliesen&#8220; title_text=&#8220;Die Firma Eliane produziert auch XXL-Fliesen&#8220; admin_label=&#8220;Eingang&#8220; _builder_version=&#8220;4.2.2&#8243; background_color=&#8220;#ffffff&#8220; use_background_color_gradient=&#8220;on&#8220; background_color_gradient_start=&#8220;#ffffff&#8220; background_color_gradient_end=&#8220;#ffffff&#8220;][\/et_pb_image][\/et_pb_column][et_pb_column type=&#8220;1_2&#8243; _builder_version=&#8220;4.2.2&#8243;][et_pb_image src=&#8220;https:\/\/rudolph-richter.de\/fliesenhandel\/wp-content\/uploads\/2020\/02\/BLOG-Brasilien2020-Eliane-Museum.jpg&#8220; alt=&#8220;Die Entwicklung der Fitma ELIANE werden in einem kleinem Museum auf dem Werksgel\u00e4nde liebevoll dokumentiert&#8220; title_text=&#8220;Die Entwicklung der Fitma ELIANE werden in einem kleinem Museum auf dem Werksgel\u00e4nde liebevoll dokumentiert&#8220; admin_label=&#8220;Museum&#8220; _builder_version=&#8220;4.2.2&#8243; background_color=&#8220;#ffffff&#8220; use_background_color_gradient=&#8220;on&#8220; background_color_gradient_start=&#8220;#ffffff&#8220; background_color_gradient_end=&#8220;#ffffff&#8220;][\/et_pb_image][\/et_pb_column][\/et_pb_row][et_pb_row _builder_version=&#8220;4.2.2&#8243; background_color=&#8220;#ffffff&#8220; use_background_color_gradient=&#8220;on&#8220; background_color_gradient_start=&#8220;#ffffff&#8220; background_color_gradient_end=&#8220;#ffffff&#8220; custom_margin=&#8220;25px||||false|false&#8220;][et_pb_column type=&#8220;4_4&#8243; _builder_version=&#8220;4.2.2&#8243;][et_pb_text admin_label=&#8220;Floripa&#8220; _builder_version=&#8220;4.2.2&#8243; text_font=&#8220;Delius||||||||&#8220; text_font_size=&#8220;20px&#8220; header_font=&#8220;Delius|700|||||||&#8220; header_text_color=&#8220;#000000&#8243; header_font_size=&#8220;64px&#8220; header_2_text_color=&#8220;#0c71c3&#8243;]<\/p>\n<p><span style=\"color: #808080;\">Nach der Werksbesichtigung, bei der uns die Reinheit und Ordnung in den Produktionshallen sehr beeindruckte, \u00a0ging es zum Showroom der Firma, in dem aktuelle Fliesenserien aufwendig pr\u00e4sentiert werden. In einer separaten Halle fand die von uns und anderen Kunden mit Spannung erwartete Preview auf zuk\u00fcnftige Fliesenserien statt. Diese werden erst auf der kommenden brasilianischen Fliesenmesse REVESTIR in S\u00e3o Paulo bzw. auf der COVERINGS 2020 in New Orleans\/USA im April vorgestellt, daher wurde uns das Fotografieren verst\u00e4ndlicherweise nicht gestattet. Wir haben aber einige Highlights aus den zuk\u00fcnftigen Serien gesichtet, die uns so begeistert haben, dass wir diese sofort bestellt haben. Diese innovativen Neuheiten \u00a0werden in den kommenden Monaten in unseren Fliesenausstellungen in Iserlohn und Essen im Ruhrgebiet erh\u00e4ltlich sein. Auch aktuelle Fliesenserien werden einige Erg\u00e4nzungen erfahren: Die beliebte Onyx-Serie im Format 60x120cm um zwei zus\u00e4tzliche Farben erweitert. Die wundersch\u00f6ne Zelliges-Nachbildung \u201eMarakesh\u201c wird ebenso wie die quadratische Metrofliesen-Serie \u201eBeatles\u201c im Format 15x15cm in unserem Zentrallager eingelagert. F\u00fcr die Fans von Zementoptiken haben wir Feinsteinzeug-Fliesen im Format 1,20&#215;1,20cm bestellt. Unser Holzoptik-Sortiment werden wir um H\u00f6lzer im Tropenlook erg\u00e4nzen, f\u00fcr die garantiert kein Baum im Urwald gef\u00e4llt wurde. Das absolute Highlight sind aber die neuen Mosaik-Fliesen, die wir nicht nur in den beliebten Neutralfarben sondern auch in den lebendigen Aqua und T\u00fcrkis-Farbt\u00f6nen bestellt haben. Bevor wir zu unserem Hotel in Crici\u00faama zur\u00fcckkehrten,\u00a0besuchten wir noch das Museum der Firma Eliane. Hier wird nicht nur der allererste Bestellzettel von 100qm Wandfliesen in der zweiten Sorte gezeigt, sondern auch die Geschichte der Unternehmerfamilie Gaidzinski und die Entwicklung der Fliesenproduktion ausf\u00fchrlich dokumentiert.<\/span><\/p>\n<h2><span style=\"color: #808080;\">Auf nach Floripa !<\/span><\/h2>\n<p><span style=\"color: #808080;\">Am n\u00e4chsten Tag fuhren wir in die 220km entfernte Stadt Florian\u00f3polis.\u00a0Die Hauptstadt des Bundesstaates Santa Catarina liegt zum Gro\u00dfteil auf der an der Atlantikk\u00fcste vorgelagerten Insel Ilha de Santa Catarina. Diese ist durch drei Br\u00fccken mit dem Kontinent verbunden. Eine davon ist die unter Denkmalschutz stehende Hercilio-Luz-Br\u00fccke. Sie ist die l\u00e4ngste H\u00e4ngebr\u00fccke Brasiliens und wurde in der Zeit 1922-1926 errichtet. Sie wurde vor Kurzem renoviert und ist nur f\u00fcr Fu\u00dfg\u00e4nger zug\u00e4nglich. Bei Touristen ist sie ein beliebtes Fotomotiv. In und um Floripa, so wird Florian\u00f3polis auch abgek\u00fcrzt, \u00a0gibt es weitere einzigartige Fotomotive. Leider konnten wir aber nur wenige besuchen, da ein Unwetter mit Starkregen aufzog. Wir haben es u.a. geschafft, das malerischen Fischerdorf Santo Antonio de Lisboa und die Siedlung Ribeirao da Ilha zu besuchen. Floripa haben wir als eine wirklich sehr sch\u00f6ne K\u00fcstenstadt kennengelernt. Wir sind uns einig, dass wir diese Stadt noch einmal besuchen m\u00fcssen. Am n\u00e4chsten Tag machten wir uns auf den langen Heimweg: Mit LATAM-Airlines ging es am Mittag wieder nach S\u00e3o Paulo, von wo aus unser KLM Flug 792 am Abend Richtung Europa startete. Wir landeten am Mittag des n\u00e4chsten Tages wieder sicher in Amsterdam und machten uns auf den letzten kurzen Teil unseres Nachhauseweges.<\/span><\/p>\n<p>[\/et_pb_text][\/et_pb_column][\/et_pb_row][et_pb_row column_structure=&#8220;1_3,1_3,1_3&#8243; _builder_version=&#8220;4.2.2&#8243; background_color=&#8220;#ffffff&#8220; use_background_color_gradient=&#8220;on&#8220; background_color_gradient_start=&#8220;#ffffff&#8220; background_color_gradient_end=&#8220;#ffffff&#8220; custom_margin=&#8220;25px||||false|false&#8220;][et_pb_column type=&#8220;1_3&#8243; _builder_version=&#8220;4.2.2&#8243;][et_pb_image src=&#8220;https:\/\/rudolph-richter.de\/fliesenhandel\/wp-content\/uploads\/2020\/02\/BLOG-BRasilien2020-Floripa-Schild.jpg&#8220; alt=&#8220;Florianopolis wird auch Floripa genannt&#8220; title_text=&#8220;Florianopolis wird auch Floripa genannt&#8220; admin_label=&#8220;Floripa-Schild&#8220; _builder_version=&#8220;4.2.2&#8243; background_color=&#8220;#ffffff&#8220; use_background_color_gradient=&#8220;on&#8220; background_color_gradient_start=&#8220;#ffffff&#8220; background_color_gradient_end=&#8220;#ffffff&#8220;][\/et_pb_image][\/et_pb_column][et_pb_column type=&#8220;1_3&#8243; _builder_version=&#8220;4.2.2&#8243;][et_pb_image src=&#8220;https:\/\/rudolph-richter.de\/fliesenhandel\/wp-content\/uploads\/2020\/02\/BLOG-Brasolien2020-Fenster.jpg&#8220; alt=&#8220;Fenster in Santo Antonio de Lisboa&#8220; title_text=&#8220;Fenster in Santo Antonio de Lisboa&#8220; admin_label=&#8220;SantoAntonioDeLisboa-Fenster&#8220; _builder_version=&#8220;4.2.2&#8243; background_color=&#8220;#ffffff&#8220; use_background_color_gradient=&#8220;on&#8220; background_color_gradient_start=&#8220;#ffffff&#8220; background_color_gradient_end=&#8220;#ffffff&#8220;][\/et_pb_image][\/et_pb_column][et_pb_column type=&#8220;1_3&#8243; _builder_version=&#8220;4.2.2&#8243;][et_pb_image src=&#8220;https:\/\/rudolph-richter.de\/fliesenhandel\/wp-content\/uploads\/2020\/02\/BLOG-BRasilien2020-Floripa-Bruecke.jpg&#8220; alt=&#8220;Die Hercilio-Luz-Br\u00fccke verbindet in Florianopolis die vorgelagerte Insel mit dem Festland&#8220; title_text=&#8220;Die Hercilio-Luz-Br\u00fccke verbindet in Florianopolis die vorgelagerte Insel mit dem Festland&#8220; admin_label=&#8220;Floripa-Br\u00fccke&#8220; _builder_version=&#8220;4.2.2&#8243; background_color=&#8220;#ffffff&#8220; use_background_color_gradient=&#8220;on&#8220; background_color_gradient_start=&#8220;#ffffff&#8220; background_color_gradient_end=&#8220;#ffffff&#8220;][\/et_pb_image][\/et_pb_column][\/et_pb_row][et_pb_row column_structure=&#8220;1_3,1_3,1_3&#8243; _builder_version=&#8220;4.2.2&#8243; background_color=&#8220;#ffffff&#8220; use_background_color_gradient=&#8220;on&#8220; background_color_gradient_start=&#8220;#ffffff&#8220; background_color_gradient_end=&#8220;#ffffff&#8220; custom_margin=&#8220;25px||||false|false&#8220;][et_pb_column type=&#8220;1_3&#8243; _builder_version=&#8220;4.2.2&#8243;][et_pb_image src=&#8220;https:\/\/rudolph-richter.de\/fliesenhandel\/wp-content\/uploads\/2020\/02\/BLOG-Brasilien2020-SantoAntoniodeLisboa1.jpg&#8220; alt=&#8220;Das bunte Fischerdorf Santo Antonio de Lisboa in der N\u00e4he von Florianopolis&#8220; title_text=&#8220;Das bunte Fischerdorf Santo Antonio de Lisboa in der N\u00e4he von Florianopolis&#8220; admin_label=&#8220;SantoAntoniodeLisboa&#8220; _builder_version=&#8220;4.2.2&#8243; background_color=&#8220;#ffffff&#8220; use_background_color_gradient=&#8220;on&#8220; background_color_gradient_start=&#8220;#ffffff&#8220; background_color_gradient_end=&#8220;#ffffff&#8220;][\/et_pb_image][\/et_pb_column][et_pb_column type=&#8220;1_3&#8243; _builder_version=&#8220;4.2.2&#8243;][et_pb_image src=&#8220;https:\/\/rudolph-richter.de\/fliesenhandel\/wp-content\/uploads\/2020\/02\/BLOG-BRasilien2020-Floripa-Strand.jpg&#8220; alt=&#8220;Der Strand von Florianopolis&#8220; title_text=&#8220;Der Strand von Florianopolis&#8220; admin_label=&#8220;Floripa-Strand&#8220; _builder_version=&#8220;4.2.2&#8243; background_color=&#8220;#ffffff&#8220; use_background_color_gradient=&#8220;on&#8220; background_color_gradient_start=&#8220;#ffffff&#8220; background_color_gradient_end=&#8220;#ffffff&#8220;][\/et_pb_image][\/et_pb_column][et_pb_column type=&#8220;1_3&#8243; _builder_version=&#8220;4.2.2&#8243;][et_pb_image src=&#8220;https:\/\/rudolph-richter.de\/fliesenhandel\/wp-content\/uploads\/2020\/02\/BLOG-Brasilien2020-FLORIPA-Aussicht.jpg&#8220; alt=&#8220;Florianopolis ist einfach ein Paradies !&#8220; title_text=&#8220;Florianopolis ist einfach ein Paradies !&#8220; admin_label=&#8220;Floripa-Inseln&#8220; _builder_version=&#8220;4.2.2&#8243; background_color=&#8220;#ffffff&#8220; use_background_color_gradient=&#8220;on&#8220; background_color_gradient_start=&#8220;#ffffff&#8220; background_color_gradient_end=&#8220;#ffffff&#8220;][\/et_pb_image][\/et_pb_column][\/et_pb_row][et_pb_row _builder_version=&#8220;4.2.2&#8243; background_color=&#8220;#ffffff&#8220; use_background_color_gradient=&#8220;on&#8220; background_color_gradient_start=&#8220;#ffffff&#8220; background_color_gradient_end=&#8220;#ffffff&#8220; custom_margin=&#8220;25px||||false|false&#8220;][et_pb_column type=&#8220;4_4&#8243; _builder_version=&#8220;4.2.2&#8243;][et_pb_text admin_label=&#8220;Brasilien ist wunderbar&#8220; _builder_version=&#8220;4.2.2&#8243; text_font=&#8220;Delius||||||||&#8220; text_font_size=&#8220;20px&#8220; header_font=&#8220;Delius|700|||||||&#8220; header_text_color=&#8220;#000000&#8243; header_font_size=&#8220;64px&#8220; header_2_text_color=&#8220;#0c71c3&#8243;]<\/p>\n<h2><span style=\"color: #808080;\">Brasil e magnifico !<\/span><\/h2>\n<h3><span style=\"color: #808080;\">Obrigado pela hospitalidade e pela maravilhosa coopera\u00e7\u00e3o !<\/span><\/h3>\n<p><span style=\"color: #808080;\">Brasilien ist nat\u00fcrlich immer ein Erlebnis! Obwohl uns das gr\u00f6\u00dfte Land S\u00fcdamerikas nicht unbekannt war, fasziniert uns immer wieder die Vielfalt des Landes und der besondere Vibe, der dort herrscht. Hier hat uns besonders gefallen, wie offen und herzlich sich die Brasilianer uns gegen\u00fcber verhalten haben. Trotz unserer Defizite in der portugiesischen Sprache versuchte man immer, uns zu verstehen und ggf. zu helfen. Diese legend\u00e4re Hilfsbereitschaft durften wir auch in den Metropolen S\u00e3o Paulo und Florianapolis erfahren. Dar\u00fcber waren wir jedes Mal erneut \u00fcberrascht, da wir als Fremde in vergleichbaren Metropolen in Europa oder in anderen Teilen der Welt \u00a0immer eine gewisse Ruppigkeit und Ungeduld der Bewohner erfahren. Der Werksbesuch in Cocal do Sul bei der Firma ELIANE hat uns gezeigt, dass dieses Werk in \u00fcberzeugender Weise mit namhaften Fliesenmarken aus Italien und Spanien mithalten kann. ELIANE versteht es, mit modernen Produktionsanlagen und hochqualitativen Rohstoffen, hochwertige Wand- und Bodenfliesen zu produzieren. Diese Keramik vereint das brasilianische Lebensgef\u00fchl mit zeitgem\u00e4\u00dfem Design. Unsere Gruppe vertreibt seit \u00fcber 20 Jahren die Marken ELIANE und Decortiles in weiten Teilen von Niedersachsen, Nordrhein-Westfalen, Sachsen-Anhalt und Sachsen und wir sind sehr dankbar f\u00fcr diese vertrauensvolle Zusammenarbeit. Aus einer normalen Gesch\u00e4ftsbeziehung sind im Laufe der vielen Jahre pers\u00f6nliche Freundschaften entstanden, die auf dieser Reise gepflegt und intensiviert werden konnten. Wir freuen uns daher auf die n\u00e4chsten 20+ Jahre mit unserem Partner aus S\u00fcdamerika. Gleichzeitig m\u00f6chten wir Sie einladen, das Design und den Spirit Brasiliens in unserer Fliesenausstellung in Essen und in Iserlohn zu erleben. Wir sind \u00fcberzeugt, dass die neuen Serien der Firma ELIANE auch Ihnen gefallen werden.<\/span><\/p>\n<p>[\/et_pb_text][\/et_pb_column][\/et_pb_row][et_pb_row _builder_version=&#8220;4.2.2&#8243; background_color=&#8220;#ffffff&#8220; use_background_color_gradient=&#8220;on&#8220; background_color_gradient_start=&#8220;#ffffff&#8220; background_color_gradient_end=&#8220;#ffffff&#8220; custom_margin=&#8220;25px||||false|false&#8220;][et_pb_column type=&#8220;4_4&#8243; _builder_version=&#8220;4.2.2&#8243;][et_pb_text admin_label=&#8220;Quellenangaben&#8220; _builder_version=&#8220;4.2.2&#8243; text_font=&#8220;Delius||||||||&#8220; text_font_size=&#8220;13px&#8220; header_font=&#8220;Delius|700|||||||&#8220; header_text_color=&#8220;#000000&#8243; header_font_size=&#8220;64px&#8220; header_2_text_color=&#8220;#0c71c3&#8243; header_4_font_size=&#8220;16px&#8220;]<\/p>\n<h4><span style=\"color: #808080;\">Quellenangaben :<\/span><\/h4>\n<ul>\n<li>www.eliane.com<\/li>\n<li>Wir danken der Firma ELIANE f\u00fcr die Bereitstellung der Informationen<\/li>\n<li>Wir danken den Mitarbeitern der Firma ELIANE, die diesen Besuch m\u00f6glich gemacht haben<\/li>\n<li>Alle Bilder sind Eigentum der Rudolph Richter GmbH<\/li>\n<li>Wikipedia f\u00fcr allgemeine Informationen<\/li>\n<li>Brasilien von Petra Schaeber, erschienen im Marco Polo Verlag<\/li>\n<li>Brasilien von Nicolas Stockmann, Werner Rudhart, Helmut Taubald, 2020 erschienen in der 4. Auflage im Dumont-Verlag<\/li>\n<\/ul>\n<p>[\/et_pb_text][\/et_pb_column][\/et_pb_row][\/et_pb_section]<\/p>\n","protected":false},"excerpt":{"rendered":"<p>ELIANE Werksbesuch Es geht nach Brasilien ! Was war das f\u00fcr ein Auftakt in das Jahr 2020 ! Mitte Januar feierte unser Industriepartner ELIANE aus Brasilien nicht nur sein 60j\u00e4hriges Bestehen, sondern stellte auf einer exklusiven Preview in seinem Stammsitz in Cocal do Sul im Bundesstaat Santa Catarina die Neuheiten und Entwicklungen f\u00fcr das Jahr [&hellip;]<\/p>\n","protected":false},"author":1,"featured_media":5214,"comment_status":"closed","ping_status":"closed","template":"","meta":{"_et_pb_use_builder":"on","_et_pb_old_content":"","_et_gb_content_width":"","footnotes":""},"project_category":[54,58],"project_tag":[889,383,909,910,911,912,907,900,908,895,887,888,884,886,885,905,906,457,458,412,411,903,890,893,894,891,892,898,899,901,902,897,896,904,538],"class_list":["post-5134","project","type-project","status-publish","has-post-thumbnail","hentry","project_category-fliesen","project_category-trends","project_tag-besuch-eines-fliesenwerkes","project_tag-blaue-fliesen","project_tag-brasilianische-fliesen","project_tag-brasilien-blog","project_tag-brasilien-blogger","project_tag-brasilien-fotos","project_tag-brasilien-import","project_tag-brasilien-visum","project_tag-business-in-brasilien","project_tag-criciuama-tourist","project_tag-eliane-brasil","project_tag-eliane-brasilien","project_tag-eliane-ceramica","project_tag-eliane-cocal-do-sul","project_tag-eliane-fliesen","project_tag-fliesen-aus-amerika","project_tag-fliesen-aus-suedamerika","project_tag-fliesenausstellung-essen","project_tag-fliesenausstellung-iserlohn","project_tag-fliesenblog","project_tag-fliesenblogger","project_tag-fliesenimport-brasilien","project_tag-fliesenwerk-besuchen","project_tag-florianopolis-tourist","project_tag-floripa-tourist","project_tag-flug-nach-brasilien","project_tag-flug-nach-sao-paulo","project_tag-graffiti-brasilien","project_tag-graffiti-suedamerika","project_tag-highlights-brasilien","project_tag-highlights-suedamerika","project_tag-sao-paulo-graffiti","project_tag-sao-paulo-tourist","project_tag-tuerkise-fliesen","project_tag-werksbesuch"],"_links":{"self":[{"href":"https:\/\/rudolph-richter.de\/fliesenhandel\/wp-json\/wp\/v2\/project\/5134","targetHints":{"allow":["GET"]}}],"collection":[{"href":"https:\/\/rudolph-richter.de\/fliesenhandel\/wp-json\/wp\/v2\/project"}],"about":[{"href":"https:\/\/rudolph-richter.de\/fliesenhandel\/wp-json\/wp\/v2\/types\/project"}],"author":[{"embeddable":true,"href":"https:\/\/rudolph-richter.de\/fliesenhandel\/wp-json\/wp\/v2\/users\/1"}],"replies":[{"embeddable":true,"href":"https:\/\/rudolph-richter.de\/fliesenhandel\/wp-json\/wp\/v2\/comments?post=5134"}],"version-history":[{"count":26,"href":"https:\/\/rudolph-richter.de\/fliesenhandel\/wp-json\/wp\/v2\/project\/5134\/revisions"}],"predecessor-version":[{"id":5213,"href":"https:\/\/rudolph-richter.de\/fliesenhandel\/wp-json\/wp\/v2\/project\/5134\/revisions\/5213"}],"wp:featuredmedia":[{"embeddable":true,"href":"https:\/\/rudolph-richter.de\/fliesenhandel\/wp-json\/wp\/v2\/media\/5214"}],"wp:attachment":[{"href":"https:\/\/rudolph-richter.de\/fliesenhandel\/wp-json\/wp\/v2\/media?parent=5134"}],"wp:term":[{"taxonomy":"project_category","embeddable":true,"href":"https:\/\/rudolph-richter.de\/fliesenhandel\/wp-json\/wp\/v2\/project_category?post=5134"},{"taxonomy":"project_tag","embeddable":true,"href":"https:\/\/rudolph-richter.de\/fliesenhandel\/wp-json\/wp\/v2\/project_tag?post=5134"}],"curies":[{"name":"wp","href":"https:\/\/api.w.org\/{rel}","templated":true}]}}