{"id":5317,"date":"2020-03-28T15:29:51","date_gmt":"2020-03-28T15:29:51","guid":{"rendered":"https:\/\/rudolph-richter.de\/fliesenhandel\/?post_type=project&#038;p=5317"},"modified":"2020-04-03T09:00:06","modified_gmt":"2020-04-03T09:00:06","slug":"schwarz-ist-mystisch","status":"publish","type":"project","link":"https:\/\/rudolph-richter.de\/fliesenhandel\/project\/schwarz-ist-mystisch\/","title":{"rendered":"Schwarz ist mystisch!"},"content":{"rendered":"<p>[et_pb_section fb_built=&#8220;1&#8243; _builder_version=&#8220;4.2.2&#8243; background_color=&#8220;#ffffff&#8220; use_background_color_gradient=&#8220;on&#8220; background_color_gradient_start=&#8220;#ffffff&#8220; background_color_gradient_end=&#8220;#ffffff&#8220;][et_pb_row _builder_version=&#8220;4.2.2&#8243; background_color=&#8220;#ffffff&#8220; use_background_color_gradient=&#8220;on&#8220; background_color_gradient_start=&#8220;#ffffff&#8220; background_color_gradient_end=&#8220;#ffffff&#8220;][et_pb_column type=&#8220;4_4&#8243; _builder_version=&#8220;4.2.2&#8243;][et_pb_text admin_label=&#8220;Einf\u00fchrung&#8220; _builder_version=&#8220;4.2.2&#8243; text_font=&#8220;Arvo||||||||&#8220; text_text_color=&#8220;#000000&#8243; text_font_size=&#8220;22px&#8220; header_font=&#8220;Arvo|700|||||||&#8220; header_text_color=&#8220;#000000&#8243; header_font_size=&#8220;60px&#8220; header_2_font=&#8220;Arvo|700|||||||&#8220; header_2_text_color=&#8220;#000000&#8243; header_2_font_size=&#8220;42px&#8220; header_3_font=&#8220;Arvo|700|||||||&#8220; header_3_text_color=&#8220;#000000&#8243; header_3_font_size=&#8220;36px&#8220; header_4_font=&#8220;Arvo|700|||||||&#8220; header_4_text_color=&#8220;#000000&#8243; header_4_font_size=&#8220;30px&#8220; header_5_font=&#8220;Arvo|700|||||||&#8220; header_5_text_color=&#8220;#000000&#8243; header_text_shadow_style=&#8220;preset3&#8243; header_text_shadow_blur_strength=&#8220;0.45em&#8220; header_2_text_shadow_style=&#8220;preset3&#8243; header_2_text_shadow_blur_strength=&#8220;0.45em&#8220; header_3_text_shadow_style=&#8220;preset3&#8243; header_4_text_shadow_style=&#8220;preset3&#8243; header_4_text_shadow_blur_strength=&#8220;0.45em&#8220; header_5_text_shadow_style=&#8220;preset3&#8243; header_5_text_shadow_blur_strength=&#8220;0.41em&#8220;]<\/p>\n<h1><span style=\"color: #333333;\">Schwarz ist mystisch !<\/span><\/h1>\n<p><span style=\"color: #333333;\">Planen Sie gerade das Badezimmer in Ihrem Neubau oder steht bei Ihnen die Modernisierung des G\u00e4steWCs an? Wahrscheinlich werden Sie f\u00fcr die Gestaltung des Badezimmers eine helle Wandfliese und einem dunklen Boden ausw\u00e4hlen ? M\u00f6glicherweise suchen Sie aber eine L\u00f6sung mit mehr Spannung, die edel wirkt und nicht allt\u00e4glich ist. Finden Sie sich hier wieder, sollten Sie vielleicht \u00fcber eine Gestaltung mit schwarzen Wandfliesen nachdenken. Klingt das zu dunkel, zu maskulin oder zu kalkempfindlich? Das muss aber nicht sein, lesen Sie diesen Blog weiter.\u00a0 Hier geben wir Ihnen Tipps f\u00fcr die Gestaltung mit den extrem dunklen Fliesen und pr\u00e4sentieren Ihnen viele passende Vorschl\u00e4ge aus Steingut, Steinzeug und Feinsteinzeug f\u00fcr Ihr Bauvorhaben.<\/span><\/p>\n<h2><span style=\"color: #333333;\">Schwarz ist keine Farbe !?<\/span><\/h2>\n<p><span style=\"color: #333333;\">Um die Bedeutung der Farbe \u201eSchwarz\u201c in der heutigen Zeit verstehen zu k\u00f6nnen, sollte man eine kurze Zeitreise\u00a0 in das sp\u00e4te Mittelalter unternehmen. Zu jener Zeit kamen mit dem st\u00e4dtebildenden B\u00fcrgertum die unbunten Farben, zu denen schwarz geh\u00f6rt, als Modefarben auf. Der ritterlichen Tradition entsprechend zeigten die Menschen ihre Zugeh\u00f6rigkeit zu einem Stand in der Gesellschaft durch die Verwendung bestimmter Farben. Der Adel hatte Anrecht auf die bunten Farben sowie Gold und Silber. Das Volk trug Ungef\u00e4rbtes, das braun oder undefinierbar grau aussah. F\u00fcr das aufkommende B\u00fcrgertum blieben somit nur Wei\u00df und Schwarz (s. das Gem\u00e4lde &#8222;Die drei Verwalterinnen&#8220; des niederl\u00e4ndischen K\u00fcnstlers Ferdinand Bol). In diesen &#8222;Farben des Geistes&#8220; f\u00fchlt sich der B\u00fcrger seitdem zu Hause (wie in dem Gem\u00e4lde &#8222;Das Fr\u00fchst\u00fcck im Gr\u00fcnen&#8220; von \u00c9douard Manet aus dem Jahr 1863. Hier tragen die beiden Avantgardisten-Br\u00fcder \u00c9duard und Eug\u00e8ne Manet einen schwarzen Gehrock w\u00e4hrend ihre Begleiterinnen unbekleidet oder in wei\u00df gekleidet sind) . Die Zusammensetzung gilt bis heute als edel und elegant. Schwarz ist zur edlen und &#8222;coolen&#8220; Kleiderfarbe vieler Gruppen und Szenen geworden. \u201eBlack Magic\u201c durchzieht alle Bereiche vom Auto bis zur Unterw\u00e4sche. Schwarz wird zum Signum f\u00fcr Individualismus mit Zeitgeist-Bewusstsein. Die Farbe hat ihre Anziehungskraft als etwas Geheimnisvolles nie verloren. Durch ihre tiefenpsychologische Dynamik, die Erotik, Leben und Tod miteinander verbindet und gleichzeitig einen starken Freiheitsimpuls anklingen l\u00e4sst, bleibt sie aktuell. Ein schwarzer Gegenstand ist durch seine Farbe etwas Besonderes. Mit Schwarz kann man seine Individualit\u00e4t ausdr\u00fccken. Der Farbton signalisiert etwas Wertvolles, Erotisches und Spezielles \u2013 eben das Exklusive, wonach viele verlangen. Gerade das Subtile dieser unbunten Farbe macht Schwarz zu einer extravaganten, geheimnisvollen und verzaubernden Farbe. Kein Symbol eignet sich besser, diese Haltung des Besonderen auszudr\u00fccken, als Schwarz. (Quelle: Das gro\u00dfe Buch der Farben von Klausbernd Vollmar)<\/span><\/p>\n<p>[\/et_pb_text][\/et_pb_column][\/et_pb_row][et_pb_row column_structure=&#8220;1_2,1_2&#8243; _builder_version=&#8220;4.2.2&#8243; background_color=&#8220;#ffffff&#8220; use_background_color_gradient=&#8220;on&#8220; background_color_gradient_start=&#8220;#ffffff&#8220; background_color_gradient_end=&#8220;#ffffff&#8220;][et_pb_column type=&#8220;1_2&#8243; _builder_version=&#8220;4.2.2&#8243; background_color=&#8220;#ffffff&#8220; use_background_color_gradient=&#8220;on&#8220; background_color_gradient_start=&#8220;#ffffff&#8220; background_color_gradient_end=&#8220;#ffffff&#8220;][et_pb_image src=&#8220;https:\/\/rudolph-richter.de\/fliesenhandel\/wp-content\/uploads\/2020\/03\/schwarzefliesen-Regentessen.jpg&#8220; alt=&#8220;Bild Portetten van drie regentessen von Ferdinand Bol, ca. 1668- ca. 1671, gesehen im Rijsmuseum in Amsterdam&#8220; title_text=&#8220;Portetten van drie regentessen \/ die drei Verwalterinnen von Ferdinand Bol, ca. 1668- ca. 1671, gesehen im Rijsmuseum in Amsterdam&#8220; admin_label=&#8220;3Verwalterinnen&#8220; _builder_version=&#8220;4.2.2&#8243; background_color=&#8220;#ffffff&#8220; use_background_color_gradient=&#8220;on&#8220; background_color_gradient_start=&#8220;#ffffff&#8220; background_color_gradient_end=&#8220;#ffffff&#8220;][\/et_pb_image][\/et_pb_column][et_pb_column type=&#8220;1_2&#8243; _builder_version=&#8220;4.2.2&#8243;][et_pb_image src=&#8220;https:\/\/rudolph-richter.de\/fliesenhandel\/wp-content\/uploads\/2020\/03\/schwarzefliesen-Manet-dejeuner.jpg&#8220; alt=&#8220;Bild Das Fr\u00fcht\u00fcck im Gr\u00fcnen \/ Le Dejeuner sur l`herbe von Edouard Manet von 1863. Gesehen im Musee d`Orsay in Parsis&#8220; title_text=&#8220;Bild Das Fr\u00fcht\u00fcck im Gr\u00fcnen \/ Le Dejeuner sur l`herbe von Edouard Manet von 1863. Gesehen im Musee d`Orsay in Parsis&#8220; admin_label=&#8220;Dejeuner&#8220; _builder_version=&#8220;4.2.2&#8243; background_color=&#8220;#ffffff&#8220; use_background_color_gradient=&#8220;on&#8220; background_color_gradient_start=&#8220;#ffffff&#8220; background_color_gradient_end=&#8220;#ffffff&#8220;][\/et_pb_image][\/et_pb_column][\/et_pb_row][et_pb_row column_structure=&#8220;1_4,1_2,1_4&#8243; _builder_version=&#8220;4.2.2&#8243; background_color=&#8220;#ffffff&#8220; use_background_color_gradient=&#8220;on&#8220; background_color_gradient_start=&#8220;#ffffff&#8220; background_color_gradient_end=&#8220;#ffffff&#8220;][et_pb_column type=&#8220;1_4&#8243; _builder_version=&#8220;4.2.2&#8243; background_color=&#8220;#ffffff&#8220; use_background_color_gradient=&#8220;on&#8220; background_color_gradient_start=&#8220;#ffffff&#8220; background_color_gradient_end=&#8220;#ffffff&#8220;][\/et_pb_column][et_pb_column type=&#8220;1_2&#8243; _builder_version=&#8220;4.2.2&#8243;][et_pb_image src=&#8220;https:\/\/rudolph-richter.de\/fliesenhandel\/wp-content\/uploads\/2020\/03\/schwarzefliesen-vantablack.jpg&#8220; alt=&#8220;BMW X6 in vantablack. Gesehen auf der IAA 2019 in Frankfurt\/Main&#8220; title_text=&#8220;BMW X6 in vantablack. Gesehen auf der IAA 2019 in Frankfurt\/Main&#8220; admin_label=&#8220;X6&#8243; _builder_version=&#8220;4.2.2&#8243; background_color=&#8220;#ffffff&#8220; use_background_color_gradient=&#8220;on&#8220; background_color_gradient_start=&#8220;#ffffff&#8220; background_color_gradient_end=&#8220;#ffffff&#8220;][\/et_pb_image][\/et_pb_column][et_pb_column type=&#8220;1_4&#8243; _builder_version=&#8220;4.2.2&#8243;][\/et_pb_column][\/et_pb_row][et_pb_row _builder_version=&#8220;4.2.2&#8243; background_color=&#8220;#ffffff&#8220; use_background_color_gradient=&#8220;on&#8220; background_color_gradient_start=&#8220;#ffffff&#8220; background_color_gradient_end=&#8220;#ffffff&#8220;][et_pb_column type=&#8220;4_4&#8243; _builder_version=&#8220;4.2.2&#8243;][et_pb_text admin_label=&#8220;Schwarze Fliesen&#8220; _builder_version=&#8220;4.2.2&#8243; text_font=&#8220;Arvo||||||||&#8220; text_text_color=&#8220;#000000&#8243; text_font_size=&#8220;22px&#8220; header_font=&#8220;Arvo|700|||||||&#8220; header_text_color=&#8220;#000000&#8243; header_font_size=&#8220;60px&#8220; header_2_font=&#8220;Arvo|700|||||||&#8220; header_2_text_color=&#8220;#000000&#8243; header_2_font_size=&#8220;42px&#8220; header_3_font=&#8220;Arvo|700|||||||&#8220; header_3_text_color=&#8220;#000000&#8243; header_3_font_size=&#8220;36px&#8220; header_4_font=&#8220;Arvo|700|||||||&#8220; header_4_text_color=&#8220;#000000&#8243; header_4_font_size=&#8220;30px&#8220; header_5_font=&#8220;Arvo|700|||||||&#8220; header_5_text_color=&#8220;#000000&#8243; header_text_shadow_style=&#8220;preset3&#8243; header_text_shadow_blur_strength=&#8220;0.45em&#8220; header_2_text_shadow_style=&#8220;preset3&#8243; header_2_text_shadow_blur_strength=&#8220;0.45em&#8220; header_3_text_shadow_style=&#8220;preset3&#8243; header_4_text_shadow_style=&#8220;preset3&#8243; header_4_text_shadow_blur_strength=&#8220;0.45em&#8220; header_5_text_shadow_style=&#8220;preset3&#8243; header_5_text_shadow_blur_strength=&#8220;0.41em&#8220;]<\/p>\n<h2>Schwarze Fliesen<\/h2>\n<p><span style=\"color: #333333;\">Viele unserer Kunden, die in unseren Fliesenausstellungen in Iserlohn oder Essenihre Bodenfliesen f\u00fcr den Wohnraum aussuchen, sehen die Farbe Schwarz als echten Allround-Klassiker in der Inneneinrichtung an. Die Beliebtheit von schwarzen Bodenfliesen nimmt daher stetig zu. Die Kunden sind \u00fcberzeugt, dass der Farbton zeitlos ist und sch\u00e4tzen die gro\u00dfe Kombinierf\u00e4higkeit mit anderen (bunten) Farben. F\u00fcr den klassischen Chic bietet sich die schwarz-wei\u00dfe Kombination mit dem gr\u00f6\u00dften Kontrast an. Daneben entfalten zahlreiche Metallfarben im Zusammenspiel mit der schwarzen Farbe eine besondere edle Stimmung. Die dunkle Farbe eignet sich daher gut, um einem Raum eine zeitgem\u00e4\u00dfe, urbane Ausstrahlung zu geben. <\/span><\/p>\n<p>[\/et_pb_text][\/et_pb_column][\/et_pb_row][et_pb_row column_structure=&#8220;1_2,1_2&#8243; _builder_version=&#8220;4.2.2&#8243; background_color=&#8220;#ffffff&#8220; use_background_color_gradient=&#8220;on&#8220; background_color_gradient_start=&#8220;#ffffff&#8220; background_color_gradient_end=&#8220;#ffffff&#8220;][et_pb_column type=&#8220;1_2&#8243; _builder_version=&#8220;4.2.2&#8243;][et_pb_image src=&#8220;https:\/\/rudolph-richter.de\/fliesenhandel\/wp-content\/uploads\/2020\/03\/schwarzefliesen-Charisma-schwarz.jpg&#8220; alt=&#8220;Schwarze Bodenfliesen mit einer lappato Oberfl\u00e4che&#8220; title_text=&#8220;Schwarze Bodenfliesen mit einer lappato Oberfl\u00e4che&#8220; admin_label=&#8220;Monocibec-Charisma&#8220; _builder_version=&#8220;4.2.2&#8243; background_color=&#8220;#ffffff&#8220; use_background_color_gradient=&#8220;on&#8220; background_color_gradient_start=&#8220;#ffffff&#8220; background_color_gradient_end=&#8220;#ffffff&#8220;][\/et_pb_image][\/et_pb_column][et_pb_column type=&#8220;1_2&#8243; _builder_version=&#8220;4.2.2&#8243;][et_pb_image src=&#8220;https:\/\/rudolph-richter.de\/fliesenhandel\/wp-content\/uploads\/2020\/03\/schwarzefliesen-ac-kliff.jpg&#8220; alt=&#8220;Bodenfliesen einer schwarzen Schieferoptik&#8220; title_text=&#8220;Bodenfliesen einer schwarzen Schieferoptik&#8220; admin_label=&#8220;AC-Kliff&#8220; _builder_version=&#8220;4.2.2&#8243; background_color=&#8220;#ffffff&#8220; use_background_color_gradient=&#8220;on&#8220; background_color_gradient_start=&#8220;#ffffff&#8220; background_color_gradient_end=&#8220;#ffffff&#8220;][\/et_pb_image][\/et_pb_column][\/et_pb_row][et_pb_row column_structure=&#8220;1_2,1_2&#8243; _builder_version=&#8220;4.2.2&#8243; background_color=&#8220;#ffffff&#8220; use_background_color_gradient=&#8220;on&#8220; background_color_gradient_start=&#8220;#ffffff&#8220; background_color_gradient_end=&#8220;#ffffff&#8220;][et_pb_column type=&#8220;1_2&#8243; _builder_version=&#8220;4.2.2&#8243;][et_pb_image src=&#8220;https:\/\/rudolph-richter.de\/fliesenhandel\/wp-content\/uploads\/2020\/03\/schwarzefliesen-Waterfront-Nero.jpg&#8220; alt=&#8220;eine schwarze Betonoptik-Fliese mit leichten Vintage-Effekten im Format 60x60cm und 90x90cm&#8220; title_text=&#8220;eine schwarze Betonoptik-Fliese mit leichten Vintage-Effekten im Format 60x60cm und 90x90cm&#8220; admin_label=&#8220;Leonardo-Waterfront&#8220; _builder_version=&#8220;4.2.2&#8243; background_color=&#8220;#ffffff&#8220; use_background_color_gradient=&#8220;on&#8220; background_color_gradient_start=&#8220;#ffffff&#8220; background_color_gradient_end=&#8220;#ffffff&#8220;][\/et_pb_image][\/et_pb_column][et_pb_column type=&#8220;1_2&#8243; _builder_version=&#8220;4.2.2&#8243;][et_pb_image src=&#8220;https:\/\/rudolph-richter.de\/fliesenhandel\/wp-content\/uploads\/2020\/03\/schwarzefliesen-Booast-Tarmac.jpg&#8220; alt=&#8220;Moderne schwarze Betonoptik-Fliesen aus Italien&#8220; title_text=&#8220;Moderne schwarze Betonoptik-Fliesen aus Italien&#8220; admin_label=&#8220;AC-Boost-Tarmac&#8220; _builder_version=&#8220;4.2.2&#8243; background_color=&#8220;#ffffff&#8220; use_background_color_gradient=&#8220;on&#8220; background_color_gradient_start=&#8220;#ffffff&#8220; background_color_gradient_end=&#8220;#ffffff&#8220;][\/et_pb_image][\/et_pb_column][\/et_pb_row][et_pb_row _builder_version=&#8220;4.2.2&#8243; background_color=&#8220;#ffffff&#8220; use_background_color_gradient=&#8220;on&#8220; background_color_gradient_start=&#8220;#ffffff&#8220; background_color_gradient_end=&#8220;#ffffff&#8220;][et_pb_column type=&#8220;4_4&#8243; _builder_version=&#8220;4.2.2&#8243;][et_pb_text admin_label=&#8220;Bad-2&#8243; _builder_version=&#8220;4.2.2&#8243; text_font=&#8220;Arvo||||||||&#8220; text_text_color=&#8220;#000000&#8243; text_font_size=&#8220;22px&#8220; header_font=&#8220;Arvo|700|||||||&#8220; header_text_color=&#8220;#000000&#8243; header_font_size=&#8220;60px&#8220; header_2_font=&#8220;Arvo|700|||||||&#8220; header_2_text_color=&#8220;#000000&#8243; header_2_font_size=&#8220;42px&#8220; header_3_font=&#8220;Arvo|700|||||||&#8220; header_3_text_color=&#8220;#000000&#8243; header_3_font_size=&#8220;36px&#8220; header_4_font=&#8220;Arvo|700|||||||&#8220; header_4_text_color=&#8220;#000000&#8243; header_4_font_size=&#8220;30px&#8220; header_5_font=&#8220;Arvo|700|||||||&#8220; header_5_text_color=&#8220;#000000&#8243; header_text_shadow_style=&#8220;preset3&#8243; header_text_shadow_blur_strength=&#8220;0.45em&#8220; header_2_text_shadow_style=&#8220;preset3&#8243; header_2_text_shadow_blur_strength=&#8220;0.45em&#8220; header_3_text_shadow_style=&#8220;preset3&#8243; header_4_text_shadow_style=&#8220;preset3&#8243; header_4_text_shadow_blur_strength=&#8220;0.45em&#8220; header_5_text_shadow_style=&#8220;preset3&#8243; header_5_text_shadow_blur_strength=&#8220;0.41em&#8220;]<\/p>\n<h2>Schwarz im Bad<\/h2>\n<p><span style=\"color: #333333;\">Schwarz hat auch im Badezimmer seinen Einzug genommen. Auf der letzten Weltleitmesse f\u00fcr Sanit\u00e4r, der ISH in Frankfurt, konnte man viele Sanit\u00e4robjekte und Armaturen in schwarzen Farben bewundern. Diese sind ein wahrer Hingucker in jedem Bad. Leider weisen diese stylischen Sanit\u00e4rprodukte auch einige gravierende Nachteile auf : Der Trendfarbton ist in den aktuellen Serien der Sanit\u00e4r- und Armaturenhersteller nicht immer erh\u00e4ltlich. \u00a0Die Auswahl ist daher eingeschr\u00e4nkt. Im Vergleich zu wei\u00dfen Sanit\u00e4robjekten bzw. verchromten Armaturen sind die schwarzen Modelle teilweise erheblich teurer. Zus\u00e4tzlich kommt leider der erh\u00f6hte Pflegeaufwand. Gerade die Armaturen in den Sonderfarben erfordern besondere Reinigungsmittel und gro\u00dfe Sorgfalt, damit die empfindliche Oberfl\u00e4che, z.B. durch die S\u00e4ure in einem Kalkflecken-Entferner nicht angegriffen wird. Damit Ihr Bad oder G\u00e4steWC dennoch zu einer &#8222;Black Beauty&#8220; werden kann, empfehlen wir Ihnen hier eine andere Gestaltungsidee : Installieren Sie doch Ihre Sanit\u00e4robjekte in Standardwei\u00df auf schwarzen Wandfliesen! Diese sind im Vergleich zu den wei\u00dfen Fliesen nur geringf\u00fcgig teurer und k\u00f6nnen problemlos gereinigt werden. Unsere Auswahl an schwarzen Fliesen ist dazu noch beeindruckend: F\u00fcr die W\u00e4nde Ihres Bades k\u00f6nnen Sie nicht nur Steingut-Fliesen oder Mosaike ausw\u00e4hlen, \u00a0sondern Sie finden den begehrten Farbton auch in unserem breitgef\u00e4cherten Bodenfliesen-Sortiment. Diese Feinsteinzeug-Fliesen k\u00f6nnen auch problemlos an der Wand verlegt werden. Wir haben im Folgenden einige Produkte aus unserem nicht-wei\u00dfen Sortiment f\u00fcr Sie aufgef\u00fchrt :<\/span><\/p>\n<p>[\/et_pb_text][\/et_pb_column][\/et_pb_row][et_pb_row column_structure=&#8220;1_3,1_3,1_3&#8243; _builder_version=&#8220;4.2.2&#8243; background_color=&#8220;#ffffff&#8220; use_background_color_gradient=&#8220;on&#8220; background_color_gradient_start=&#8220;#ffffff&#8220; background_color_gradient_end=&#8220;#ffffff&#8220;][et_pb_column type=&#8220;1_3&#8243; _builder_version=&#8220;4.2.2&#8243;][et_pb_image src=&#8220;https:\/\/rudolph-richter.de\/fliesenhandel\/wp-content\/uploads\/2020\/03\/schwarzefliesen-ISH1.jpg&#8220; alt=&#8220;schwarzes Sanit\u00e4r auf der ISH 2019 in Frankfurt&#8220; title_text=&#8220;schwarzes Sanit\u00e4r auf der ISH 2019 in Frankfurt&#8220; admin_label=&#8220;ISH-Sanit\u00e4r&#8220; _builder_version=&#8220;4.2.2&#8243; background_color=&#8220;#ffffff&#8220; use_background_color_gradient=&#8220;on&#8220; background_color_gradient_start=&#8220;#ffffff&#8220; background_color_gradient_end=&#8220;#ffffff&#8220;][\/et_pb_image][\/et_pb_column][et_pb_column type=&#8220;1_3&#8243; _builder_version=&#8220;4.2.2&#8243;][et_pb_image src=&#8220;https:\/\/rudolph-richter.de\/fliesenhandel\/wp-content\/uploads\/2020\/03\/schwarzefliesen-ISH-badmoebel.jpg&#8220; alt=&#8220;schwarze Badm\u00f6bel auf der ISH 2019 in Frankfurt\/Main&#8220; title_text=&#8220;schwarze Badm\u00f6bel auf der ISH 2019 in Frankfurt\/Main&#8220; admin_label=&#8220;ISH-Badm\u00f6bel&#8220; _builder_version=&#8220;4.2.2&#8243; background_color=&#8220;#ffffff&#8220; use_background_color_gradient=&#8220;on&#8220; background_color_gradient_start=&#8220;#ffffff&#8220; background_color_gradient_end=&#8220;#ffffff&#8220;][\/et_pb_image][\/et_pb_column][et_pb_column type=&#8220;1_3&#8243; _builder_version=&#8220;4.2.2&#8243;][et_pb_image src=&#8220;https:\/\/rudolph-richter.de\/fliesenhandel\/wp-content\/uploads\/2020\/03\/schwarzefliesen-ISH2019-VB.jpg&#8220; alt=&#8220;schwarze Waschbecken auf der Sanit\u00e4rmesse ISH 2019 in Frankfurt\/Main&#8220; title_text=&#8220;schwarze Waschbecken auf der Sanit\u00e4rmesse ISH 2019 in Frankfurt\/Main&#8220; admin_label=&#8220;ISH-Waschbecken&#8220; _builder_version=&#8220;4.2.2&#8243; background_color=&#8220;#ffffff&#8220; use_background_color_gradient=&#8220;on&#8220; background_color_gradient_start=&#8220;#ffffff&#8220; background_color_gradient_end=&#8220;#ffffff&#8220;][\/et_pb_image][\/et_pb_column][\/et_pb_row][et_pb_row _builder_version=&#8220;4.2.2&#8243; background_color=&#8220;#ffffff&#8220; use_background_color_gradient=&#8220;on&#8220; background_color_gradient_start=&#8220;#ffffff&#8220; background_color_gradient_end=&#8220;#ffffff&#8220;][et_pb_column type=&#8220;4_4&#8243; _builder_version=&#8220;4.2.2&#8243;][et_pb_text admin_label=&#8220;Metrofliesen&#8220; _builder_version=&#8220;4.2.2&#8243; text_font=&#8220;Arvo||||||||&#8220; text_text_color=&#8220;#000000&#8243; text_font_size=&#8220;22px&#8220; header_font=&#8220;Arvo|700|||||||&#8220; header_text_color=&#8220;#000000&#8243; header_font_size=&#8220;60px&#8220; header_2_font=&#8220;Arvo|700|||||||&#8220; header_2_text_color=&#8220;#000000&#8243; header_2_font_size=&#8220;42px&#8220; header_3_font=&#8220;Arvo|700|||||||&#8220; header_3_text_color=&#8220;#000000&#8243; header_3_font_size=&#8220;36px&#8220; header_4_font=&#8220;Arvo|700|||||||&#8220; header_4_text_color=&#8220;#000000&#8243; header_4_font_size=&#8220;30px&#8220; header_5_font=&#8220;Arvo|700|||||||&#8220; header_5_text_color=&#8220;#000000&#8243; header_text_shadow_style=&#8220;preset3&#8243; header_text_shadow_blur_strength=&#8220;0.45em&#8220; header_2_text_shadow_style=&#8220;preset3&#8243; header_2_text_shadow_blur_strength=&#8220;0.45em&#8220; header_3_text_shadow_style=&#8220;preset3&#8243; header_4_text_shadow_style=&#8220;preset3&#8243; header_4_text_shadow_blur_strength=&#8220;0.45em&#8220; header_5_text_shadow_style=&#8220;preset3&#8243; header_5_text_shadow_blur_strength=&#8220;0.41em&#8220;]<\/p>\n<h3><span style=\"color: #333333;\">Schwarze Metrofliesen<\/span><\/h3>\n<h4><span style=\"color: #333333;\">Zeit f\u00fcr die kleinen Schwarzen !<\/span><\/h4>\n<p><span style=\"color: #333333;\">Schwarze Metrofliesen sind ein Klassiker. Wir bieten die beliebten Kleinformate nicht nur in verschiedenen Gr\u00f6\u00dfen, sondern ebenfalls in unterschiedlichen Oberfl\u00e4chen an. Neben der bekannten\u00a0 Facettenoptik mit abgeschr\u00e4gten Kanten, finden Sie die Fliesen auch mit einer glatten Oberfl\u00e4che, einer Verso-Optik oder im rustikalen Look in unserer Fliesenausstellung.<\/span><\/p>\n<p>[\/et_pb_text][\/et_pb_column][\/et_pb_row][et_pb_row column_structure=&#8220;1_3,1_3,1_3&#8243; _builder_version=&#8220;4.2.2&#8243; background_color=&#8220;#ffffff&#8220; use_background_color_gradient=&#8220;on&#8220; background_color_gradient_start=&#8220;#ffffff&#8220; background_color_gradient_end=&#8220;#ffffff&#8220;][et_pb_column type=&#8220;1_3&#8243; _builder_version=&#8220;4.2.2&#8243;][et_pb_image src=&#8220;https:\/\/rudolph-richter.de\/fliesenhandel\/wp-content\/uploads\/2020\/03\/schwarzefliesen-schwarzmatteMetrofliesen.jpg&#8220; alt=&#8220;schwarze matte Metrofliesen im Format 10x20cm&#8220; title_text=&#8220;schwarze matte Metrofliesen im Format 10x20cm&#8220; admin_label=&#8220;Metro-matt&#8220; _builder_version=&#8220;4.2.2&#8243; background_color=&#8220;#ffffff&#8220; use_background_color_gradient=&#8220;on&#8220; background_color_gradient_start=&#8220;#ffffff&#8220; background_color_gradient_end=&#8220;#ffffff&#8220;][\/et_pb_image][\/et_pb_column][et_pb_column type=&#8220;1_3&#8243; _builder_version=&#8220;4.2.2&#8243;][et_pb_image src=&#8220;https:\/\/rudolph-richter.de\/fliesenhandel\/wp-content\/uploads\/2020\/03\/schwarzefliesen-NY-black-flat.jpg&#8220; alt=&#8220;schwarz gl\u00e4nzende Metrofliesen in der flachen Obtik im Format 7,5&#215;15 cm&#8220; title_text=&#8220;schwarz gl\u00e4nzende Metrofliesen in der flachen Obtik im Format 7,5&#215;15 cm&#8220; admin_label=&#8220;NewYork&#8220; _builder_version=&#8220;4.2.2&#8243; background_color=&#8220;#ffffff&#8220; use_background_color_gradient=&#8220;on&#8220; background_color_gradient_start=&#8220;#ffffff&#8220; background_color_gradient_end=&#8220;#ffffff&#8220;][\/et_pb_image][\/et_pb_column][et_pb_column type=&#8220;1_3&#8243; _builder_version=&#8220;4.2.2&#8243;][et_pb_image src=&#8220;https:\/\/rudolph-richter.de\/fliesenhandel\/wp-content\/uploads\/2020\/03\/schwarzefliesen-Karlchen.jpg&#8220; alt=&#8220;schwarze Metrofliesen in einer glz. rustikalen Optik in einer Backstube verlegt&#8220; title_text=&#8220;schwarze Metrofliesen in einer glz. rustikalen Optik in einer Backstube verlegt&#8220; admin_label=&#8220;Kerlchen&#8220; _builder_version=&#8220;4.2.2&#8243; background_color=&#8220;#ffffff&#8220; use_background_color_gradient=&#8220;on&#8220; background_color_gradient_start=&#8220;#ffffff&#8220; background_color_gradient_end=&#8220;#ffffff&#8220;][\/et_pb_image][\/et_pb_column][\/et_pb_row][et_pb_row column_structure=&#8220;1_3,1_3,1_3&#8243; _builder_version=&#8220;4.2.2&#8243; background_color=&#8220;#ffffff&#8220; use_background_color_gradient=&#8220;on&#8220; background_color_gradient_start=&#8220;#ffffff&#8220; background_color_gradient_end=&#8220;#ffffff&#8220;][et_pb_column type=&#8220;1_3&#8243; _builder_version=&#8220;4.2.2&#8243;][et_pb_image src=&#8220;https:\/\/rudolph-richter.de\/fliesenhandel\/wp-content\/uploads\/2020\/03\/schwarzefliesen-metrofliesen-verso.jpg&#8220; alt=&#8220;schwarz gl\u00e4nzende Metrofliesen in der Verso Obtik im Format 7,5&#215;15 cm&#8220; title_text=&#8220;schwarz gl\u00e4nzende Metrofliesen in der Verso Obtik im Format 7,5&#215;15 cm&#8220; admin_label=&#8220;Verso&#8220; _builder_version=&#8220;4.2.2&#8243; background_color=&#8220;#ffffff&#8220; use_background_color_gradient=&#8220;on&#8220; background_color_gradient_start=&#8220;#ffffff&#8220; background_color_gradient_end=&#8220;#ffffff&#8220;][\/et_pb_image][\/et_pb_column][et_pb_column type=&#8220;1_3&#8243; _builder_version=&#8220;4.2.2&#8243;][et_pb_image src=&#8220;https:\/\/rudolph-richter.de\/fliesenhandel\/wp-content\/uploads\/2020\/03\/schwarzefliesen-metrofliese-Artistic.jpg&#8220; alt=&#8220;Wandfliese Metrofliese Artistic schwarz matt, Format 7,5x30cm&#8220; title_text=&#8220;Wandfliese Metrofliese Artistic schwarz matt, Format 7,5x30cm&#8220; admin_label=&#8220;Artistic&#8220; _builder_version=&#8220;4.2.2&#8243; background_color=&#8220;#ffffff&#8220; use_background_color_gradient=&#8220;on&#8220; background_color_gradient_start=&#8220;#ffffff&#8220; background_color_gradient_end=&#8220;#ffffff&#8220;][\/et_pb_image][\/et_pb_column][et_pb_column type=&#8220;1_3&#8243; _builder_version=&#8220;4.2.2&#8243;][et_pb_image src=&#8220;https:\/\/rudolph-richter.de\/fliesenhandel\/wp-content\/uploads\/2020\/03\/schwarzefliesen-biseladoUndMETALL.jpg&#8220; alt=&#8220;Metrofliesen %22Biselado Negro%22 im Format 7,5x15cm mit Metalloptik-Metrofliesen&#8220; title_text=&#8220;Metrofliesen %22Biselado Negro%22 im Format 7,5x15cm mit Metalloptik-Metrofliesen&#8220; _builder_version=&#8220;4.2.2&#8243; background_color=&#8220;#ffffff&#8220; use_background_color_gradient=&#8220;on&#8220; background_color_gradient_start=&#8220;#ffffff&#8220; background_color_gradient_end=&#8220;#ffffff&#8220;][\/et_pb_image][\/et_pb_column][\/et_pb_row][et_pb_row _builder_version=&#8220;4.2.2&#8243; background_color=&#8220;#ffffff&#8220; use_background_color_gradient=&#8220;on&#8220; background_color_gradient_start=&#8220;#ffffff&#8220; background_color_gradient_end=&#8220;#ffffff&#8220;][et_pb_column type=&#8220;4_4&#8243; _builder_version=&#8220;4.2.2&#8243;][et_pb_text admin_label=&#8220;Vanta&#038;NormalWand&#8220; _builder_version=&#8220;4.2.2&#8243; text_font=&#8220;Arvo||||||||&#8220; text_text_color=&#8220;#000000&#8243; text_font_size=&#8220;22px&#8220; header_font=&#8220;Arvo|700|||||||&#8220; header_text_color=&#8220;#000000&#8243; header_font_size=&#8220;60px&#8220; header_2_font=&#8220;Arvo|700|||||||&#8220; header_2_text_color=&#8220;#000000&#8243; header_2_font_size=&#8220;42px&#8220; header_3_font=&#8220;Arvo|700|||||||&#8220; header_3_text_color=&#8220;#000000&#8243; header_3_font_size=&#8220;36px&#8220; header_4_font=&#8220;Arvo|700|||||||&#8220; header_4_text_color=&#8220;#000000&#8243; header_4_font_size=&#8220;30px&#8220; header_5_font=&#8220;Arvo|700|||||||&#8220; header_5_text_color=&#8220;#000000&#8243; header_text_shadow_style=&#8220;preset3&#8243; header_text_shadow_blur_strength=&#8220;0.45em&#8220; header_2_text_shadow_style=&#8220;preset3&#8243; header_2_text_shadow_blur_strength=&#8220;0.45em&#8220; header_3_text_shadow_style=&#8220;preset3&#8243; header_4_text_shadow_style=&#8220;preset3&#8243; header_4_text_shadow_blur_strength=&#8220;0.45em&#8220; header_5_text_shadow_style=&#8220;preset3&#8243; header_5_text_shadow_blur_strength=&#8220;0.41em&#8220;]<\/p>\n<h4><span style=\"color: #333333;\">Schwarze Metrofliesen und der Vanta-Effekt<\/span><\/h4>\n<p><span style=\"color: #333333;\">Unsere Metrofliesen weisen einen tiefschwarzen Farbton auf. Daher stellte sich bei einigen Beispiel-Fliesen des Blogbeitrages\u00a0 beim Fotografieren ein Effekt ein, der an das ber\u00fchmte Vanta-Schwarz erinnert. Vantablack ist eine Substanz aus Kohlenstoffnanor\u00f6hren, die 2014 in Gro\u00dfbritannien von der Firma Surrey Nanosystems erfunden wurde und bis zu 99,965 Prozent der Lichtstrahlung aufnimmt. Das schw\u00e4rzeste Schwarz der Welt ist so dunkel, dass es Auge und Gehirn austrickst und Tiefen und Struktur unm\u00f6glich erkennbar werden. (Quelle: Die Welt der Farben , S.295ff.) Bislang hat Ben Jensen, der Inhaber von Surrey Nanosystems, seine Erfindung \u00fcberwiegend an Satellitenbauer, Autohersteller und R\u00fcstungshersteller verkauft, da das Ultraschwarz Radarwellen schlucken kann und somit Objekte f\u00fcr Radarscanner quasi unsichtbar sind. (Quelle: WiWo , Ausgabe 8\/20 , S.73.) Auf der Internationalen Automobilausstellung 2019 konnten wir einen BMW X6 in der Vanta-Black Sonderlackierung bestaunen und waren von der Unsichtbarkeit der Struktur und Form beeindruckt. Nat\u00fcrlich benutzen unsere Metrofliesen-Hersteller keine Glasuren in Vantablack, so dass sowohl die Form und Struktur sichtbar sind. Dennoch konnte unsere Kamera die Struktur und Oberfl\u00e4che nicht richtig einfangen -\u00e4hnlich Radarwellen bei Vantablack-, so dass wir unsere bew\u00e4hrte Draufsicht-Einstellung verlassen und die Fliesen leicht seitlich fotografieren mussten.<\/span><\/p>\n<h3><span style=\"color: #333333;\">Schwarze Wandfliesen f\u00fcr den Mystic-Look !<\/span><\/h3>\n<p><span style=\"color: #333333;\">Neben den kleinformatigen Metrofliesen bieten auch viele Wandfliesen-Hersteller schwarze Steingutfliesen in \u201enormalen\u201c Gr\u00f6\u00dfen wie das Format 30x60cm, 30x90cm etc. an Soll es richtig gro\u00df werden, dann bieten wir XXL-Fliesen aus Feinsteinzeug in den Formaten 120x120cm und 120x240cm an. Die 6mm Materialst\u00e4rke erleichtert Ihnen den Transport und die Verarbeitung.<\/span><\/p>\n<p>[\/et_pb_text][\/et_pb_column][\/et_pb_row][et_pb_row column_structure=&#8220;1_2,1_2&#8243; _builder_version=&#8220;4.2.2&#8243; background_color=&#8220;#ffffff&#8220; use_background_color_gradient=&#8220;on&#8220; background_color_gradient_start=&#8220;#ffffff&#8220; background_color_gradient_end=&#8220;#ffffff&#8220;][et_pb_column type=&#8220;1_2&#8243; _builder_version=&#8220;4.2.2&#8243;][et_pb_image src=&#8220;https:\/\/rudolph-richter.de\/fliesenhandel\/wp-content\/uploads\/2020\/03\/schwarzefliesen-BlackAndWhite.jpg&#8220; alt=&#8220;Die Kollektion %22Negro &#038; Blanco%22 im Format 20x20cm&#8220; title_text=&#8220;Die Kollektion %22Negro &#038; Blanco%22 im Format 20x20cm&#8220; admin_label=&#8220;CAS&#8220; _builder_version=&#8220;4.2.2&#8243; background_color=&#8220;#ffffff&#8220; use_background_color_gradient=&#8220;on&#8220; background_color_gradient_start=&#8220;#ffffff&#8220; background_color_gradient_end=&#8220;#ffffff&#8220;][\/et_pb_image][\/et_pb_column][et_pb_column type=&#8220;1_2&#8243; _builder_version=&#8220;4.2.2&#8243;][et_pb_image src=&#8220;https:\/\/rudolph-richter.de\/fliesenhandel\/wp-content\/uploads\/2020\/03\/schwarzefliesen-cerlatschwarz.jpg&#8220; alt=&#8220;Schwarze Retrofliesen mit Jugendstildekoren&#8220; title_text=&#8220;Schwarze Retrofliesen mit Jugendstildekoren&#8220; admin_label=&#8220;CERLAT&#8220; _builder_version=&#8220;4.2.2&#8243; background_color=&#8220;#ffffff&#8220; use_background_color_gradient=&#8220;on&#8220; background_color_gradient_start=&#8220;#ffffff&#8220; background_color_gradient_end=&#8220;#ffffff&#8220;][\/et_pb_image][\/et_pb_column][\/et_pb_row][et_pb_row column_structure=&#8220;1_2,1_2&#8243; _builder_version=&#8220;4.2.2&#8243; background_color=&#8220;#ffffff&#8220; use_background_color_gradient=&#8220;on&#8220; background_color_gradient_start=&#8220;#ffffff&#8220; background_color_gradient_end=&#8220;#ffffff&#8220;][et_pb_column type=&#8220;1_2&#8243; _builder_version=&#8220;4.2.2&#8243;][et_pb_image src=&#8220;https:\/\/rudolph-richter.de\/fliesenhandel\/wp-content\/uploads\/2020\/03\/schwarzefliesen-EWall-night-purewhite.jpg&#8220; alt=&#8220;Moderne Wandfliesen im Format 40x80cm in schwarz und wei\u00df&#8220; title_text=&#8220;Moderne Wandfliesen im Format 40x80cm in schwarz und wei\u00df&#8220; admin_label=&#8220;AC-EWALL&#8220; _builder_version=&#8220;4.2.2&#8243; background_color=&#8220;#ffffff&#8220; use_background_color_gradient=&#8220;on&#8220; background_color_gradient_start=&#8220;#ffffff&#8220; background_color_gradient_end=&#8220;#ffffff&#8220;][\/et_pb_image][\/et_pb_column][et_pb_column type=&#8220;1_2&#8243; _builder_version=&#8220;4.2.2&#8243;][et_pb_image src=&#8220;https:\/\/rudolph-richter.de\/fliesenhandel\/wp-content\/uploads\/2020\/03\/schwarzefliesen-Stucco.jpg&#8220; alt=&#8220;Wandfliesen-Serie %22Stucco%22 im Format 20x20cm&#8220; title_text=&#8220;Wandfliesen-Serie %22Stucco%22 im Format 20x20cm&#8220; admin_label=&#8220;Stucco&#8220; _builder_version=&#8220;4.2.2&#8243; background_color=&#8220;#ffffff&#8220; use_background_color_gradient=&#8220;on&#8220; background_color_gradient_start=&#8220;#ffffff&#8220; background_color_gradient_end=&#8220;#ffffff&#8220;][\/et_pb_image][\/et_pb_column][\/et_pb_row][et_pb_row column_structure=&#8220;1_2,1_2&#8243; _builder_version=&#8220;4.2.2&#8243; background_color=&#8220;#ffffff&#8220; use_background_color_gradient=&#8220;on&#8220; background_color_gradient_start=&#8220;#ffffff&#8220; background_color_gradient_end=&#8220;#ffffff&#8220;][et_pb_column type=&#8220;1_2&#8243; _builder_version=&#8220;4.2.2&#8243;][et_pb_image src=&#8220;https:\/\/rudolph-richter.de\/fliesenhandel\/wp-content\/uploads\/2020\/03\/schwarzefliesen-Less120.jpg&#8220; alt=&#8220;schwarzes Feinsteinzeug in XXL im Format 120x120cm&#8220; title_text=&#8220;schwarzes Feinsteinzeug in XXL im Format 120x120cm&#8220; admin_label=&#8220;Less120cm&#8220; _builder_version=&#8220;4.2.2&#8243; background_color=&#8220;#ffffff&#8220; use_background_color_gradient=&#8220;on&#8220; background_color_gradient_start=&#8220;#ffffff&#8220; background_color_gradient_end=&#8220;#ffffff&#8220;][\/et_pb_image][\/et_pb_column][et_pb_column type=&#8220;1_2&#8243; _builder_version=&#8220;4.2.2&#8243;][\/et_pb_column][\/et_pb_row][et_pb_row _builder_version=&#8220;4.2.2&#8243; background_color=&#8220;#ffffff&#8220; use_background_color_gradient=&#8220;on&#8220; background_color_gradient_start=&#8220;#ffffff&#8220; background_color_gradient_end=&#8220;#ffffff&#8220;][et_pb_column type=&#8220;4_4&#8243; _builder_version=&#8220;4.2.2&#8243;][et_pb_text admin_label=&#8220;Mosaike&#8220; _builder_version=&#8220;4.2.2&#8243; text_font=&#8220;Arvo||||||||&#8220; text_text_color=&#8220;#000000&#8243; text_font_size=&#8220;22px&#8220; header_font=&#8220;Arvo|700|||||||&#8220; header_text_color=&#8220;#000000&#8243; header_font_size=&#8220;60px&#8220; header_2_font=&#8220;Arvo|700|||||||&#8220; header_2_text_color=&#8220;#000000&#8243; header_2_font_size=&#8220;42px&#8220; header_3_font=&#8220;Arvo|700|||||||&#8220; header_3_text_color=&#8220;#000000&#8243; header_3_font_size=&#8220;36px&#8220; header_4_font=&#8220;Arvo|700|||||||&#8220; header_4_text_color=&#8220;#000000&#8243; header_4_font_size=&#8220;30px&#8220; header_5_font=&#8220;Arvo|700|||||||&#8220; header_5_text_color=&#8220;#000000&#8243; header_text_shadow_style=&#8220;preset3&#8243; header_text_shadow_blur_strength=&#8220;0.45em&#8220; header_2_text_shadow_style=&#8220;preset3&#8243; header_2_text_shadow_blur_strength=&#8220;0.45em&#8220; header_3_text_shadow_style=&#8220;preset3&#8243; header_4_text_shadow_style=&#8220;preset3&#8243; header_4_text_shadow_blur_strength=&#8220;0.45em&#8220; header_5_text_shadow_style=&#8220;preset3&#8243; header_5_text_shadow_blur_strength=&#8220;0.41em&#8220;]<\/p>\n<h3><span style=\"color: #333333;\">Schwarze Mosaike f\u00fcr die Dark Site<\/span><\/h3>\n<p><span style=\"color: #333333;\">Nat\u00fcrlich erfordert die schwarze Wandgestaltung Mut und ein gesundes Selbstbewusstsein. Die bekannte Interior-Design-Journalistin Kate Watson-Smyth schreibt dazu in ihrem Buch \u201eShades of Grey\u201c, dass ein Mittelgrau den Eindruck vermitteln kann, dass Sie im letzten Moment Angst bekommen haben. Es besteht au\u00dferdem die Gefahr, dass ein helles Grau kalt aussieht. Eine dunkle Farbe wirkt dagegen immer w\u00e4rmer. Die Autorin behauptet, dass dunkle Farben entgegen der allgemeinen Meinung optisch zur\u00fccktreten, so dass der Raum nicht zwangsl\u00e4ufig kleiner wirken muss. Sie schl\u00e4gt als Kompromiss vor, eine Wand als Blickfang dunkel zu gestalten. Dieser Akzent im Bad kann zum Beispiel die Vorwandinstallationswand sein. Diese lockert mit den wei\u00df-gl\u00e4nzenden Sanit\u00e4robjekten den Raum auf. F\u00fcr diese Art der Gestaltung k\u00f6nnen wir zahlreiche schwarze Mosaike und Verblender in Brickoptik anbieten.<\/span><\/p>\n<p>[\/et_pb_text][\/et_pb_column][\/et_pb_row][et_pb_row column_structure=&#8220;1_3,1_3,1_3&#8243; _builder_version=&#8220;4.2.2&#8243; background_color=&#8220;#ffffff&#8220; use_background_color_gradient=&#8220;on&#8220; background_color_gradient_start=&#8220;#ffffff&#8220; background_color_gradient_end=&#8220;#ffffff&#8220;][et_pb_column type=&#8220;1_3&#8243; _builder_version=&#8220;4.2.2&#8243;][et_pb_image src=&#8220;https:\/\/rudolph-richter.de\/fliesenhandel\/wp-content\/uploads\/2020\/03\/schwarzefliesen-mosaik-Ornamenta.jpg&#8220; admin_label=&#8220;Ornamenta&#8220; _builder_version=&#8220;4.2.2&#8243; background_color=&#8220;#ffffff&#8220; use_background_color_gradient=&#8220;on&#8220; background_color_gradient_start=&#8220;#ffffff&#8220; background_color_gradient_end=&#8220;#ffffff&#8220;][\/et_pb_image][\/et_pb_column][et_pb_column type=&#8220;1_3&#8243; _builder_version=&#8220;4.2.2&#8243;][et_pb_image src=&#8220;https:\/\/rudolph-richter.de\/fliesenhandel\/wp-content\/uploads\/2020\/03\/schwarzefliesen-ChinaBlackglz.jpg&#8220; alt=&#8220;HEIDOS-Mosaik %22China Black Glossy%22 : schwarz gl\u00e4nzendes Mosaik&#8220; title_text=&#8220;HEIDOS-Mosaik %22China Black Glossy%22 : schwarz gl\u00e4nzendes Mosaik&#8220; admin_label=&#8220;ChinaBlack&#8220; _builder_version=&#8220;4.2.2&#8243; background_color=&#8220;#ffffff&#8220; use_background_color_gradient=&#8220;on&#8220; background_color_gradient_start=&#8220;#ffffff&#8220; background_color_gradient_end=&#8220;#ffffff&#8220;][\/et_pb_image][\/et_pb_column][et_pb_column type=&#8220;1_3&#8243; _builder_version=&#8220;4.2.2&#8243;][et_pb_image src=&#8220;https:\/\/rudolph-richter.de\/fliesenhandel\/wp-content\/uploads\/2020\/03\/schwarzefliesen-BlackStripes.jpg&#8220; alt=&#8220;HEIDOS-Mosaik %22Black Stripes%22 : schwarz gl\u00e4nzende Streifen auf Netz geklebt&#8220; title_text=&#8220;HEIDOS-Mosaik %22Black Stripes%22 : schwarz gl\u00e4nzende Streifen auf Netz geklebt&#8220; admin_label=&#8220;Black Stripes&#8220; _builder_version=&#8220;4.2.2&#8243; background_color=&#8220;#ffffff&#8220; use_background_color_gradient=&#8220;on&#8220; background_color_gradient_start=&#8220;#ffffff&#8220; background_color_gradient_end=&#8220;#ffffff&#8220;][\/et_pb_image][\/et_pb_column][\/et_pb_row][et_pb_row column_structure=&#8220;1_3,1_3,1_3&#8243; _builder_version=&#8220;4.2.2&#8243; background_color=&#8220;#ffffff&#8220; use_background_color_gradient=&#8220;on&#8220; background_color_gradient_start=&#8220;#ffffff&#8220; background_color_gradient_end=&#8220;#ffffff&#8220;][et_pb_column type=&#8220;1_3&#8243; _builder_version=&#8220;4.2.2&#8243;][et_pb_image src=&#8220;https:\/\/rudolph-richter.de\/fliesenhandel\/wp-content\/uploads\/2020\/03\/schwarzefliesen-Florida.jpg&#8220; alt=&#8220;HEIDOS-Mosaik %22Florida%22 im schwarz-wei\u00df Schachbrett-Muster&#8220; title_text=&#8220;HEIDOS-Mosaik %22Florida%22 im schwarz-wei\u00df Schachbrett-Muster&#8220; admin_label=&#8220;Florida&#8220; _builder_version=&#8220;4.2.2&#8243; background_color=&#8220;#ffffff&#8220; use_background_color_gradient=&#8220;on&#8220; background_color_gradient_start=&#8220;#ffffff&#8220; background_color_gradient_end=&#8220;#ffffff&#8220;][\/et_pb_image][\/et_pb_column][et_pb_column type=&#8220;1_3&#8243; _builder_version=&#8220;4.2.2&#8243;][et_pb_image src=&#8220;https:\/\/rudolph-richter.de\/fliesenhandel\/wp-content\/uploads\/2020\/03\/schwarzefliesen-Quarzit.jpg&#8220; alt=&#8220;Naturstein-Mosaik %22Quarzit Black%22&#8243; title_text=&#8220;Naturstein-Mosaik %22Quarzit Black%22&#8243; admin_label=&#8220;QuarzitBlack&#8220; _builder_version=&#8220;4.2.2&#8243; background_color=&#8220;#ffffff&#8220; use_background_color_gradient=&#8220;on&#8220; background_color_gradient_start=&#8220;#ffffff&#8220; background_color_gradient_end=&#8220;#ffffff&#8220;][\/et_pb_image][\/et_pb_column][et_pb_column type=&#8220;1_3&#8243; _builder_version=&#8220;4.2.2&#8243;][et_pb_image src=&#8220;https:\/\/rudolph-richter.de\/fliesenhandel\/wp-content\/uploads\/2020\/03\/schwarzefliesen-TiffanyBlack.jpg&#8220; alt=&#8220;schwarze Verblender in Brick-Optik&#8220; title_text=&#8220;schwarze Verblender in Brick-Optik&#8220; admin_label=&#8220;TiffanyBlack&#8220; _builder_version=&#8220;4.2.2&#8243; background_color=&#8220;#ffffff&#8220; use_background_color_gradient=&#8220;on&#8220; background_color_gradient_start=&#8220;#ffffff&#8220; background_color_gradient_end=&#8220;#ffffff&#8220;][\/et_pb_image][\/et_pb_column][\/et_pb_row][et_pb_row _builder_version=&#8220;4.2.2&#8243; background_color=&#8220;#ffffff&#8220; use_background_color_gradient=&#8220;on&#8220; background_color_gradient_start=&#8220;#ffffff&#8220; background_color_gradient_end=&#8220;#ffffff&#8220;][et_pb_column type=&#8220;4_4&#8243; _builder_version=&#8220;4.2.2&#8243;][et_pb_text admin_label=&#8220;Tipps-Ausgang&#8220; _builder_version=&#8220;4.2.2&#8243; text_font=&#8220;Arvo||||||||&#8220; text_text_color=&#8220;#000000&#8243; text_font_size=&#8220;22px&#8220; header_font=&#8220;Arvo|700|||||||&#8220; header_text_color=&#8220;#000000&#8243; header_font_size=&#8220;60px&#8220; header_2_font=&#8220;Arvo|700|||||||&#8220; header_2_text_color=&#8220;#000000&#8243; header_2_font_size=&#8220;42px&#8220; header_3_font=&#8220;Arvo|700|||||||&#8220; header_3_text_color=&#8220;#000000&#8243; header_3_font_size=&#8220;36px&#8220; header_4_font=&#8220;Arvo|700|||||||&#8220; header_4_text_color=&#8220;#000000&#8243; header_4_font_size=&#8220;30px&#8220; header_5_font=&#8220;Arvo|700|||||||&#8220; header_5_text_color=&#8220;#000000&#8243; header_text_shadow_style=&#8220;preset3&#8243; header_text_shadow_blur_strength=&#8220;0.45em&#8220; header_2_text_shadow_style=&#8220;preset3&#8243; header_2_text_shadow_blur_strength=&#8220;0.45em&#8220; header_3_text_shadow_style=&#8220;preset3&#8243; header_4_text_shadow_style=&#8220;preset3&#8243; header_4_text_shadow_blur_strength=&#8220;0.45em&#8220; header_5_text_shadow_style=&#8220;preset3&#8243; header_5_text_shadow_blur_strength=&#8220;0.41em&#8220;]<\/p>\n<h2><span style=\"color: #333333;\">So gelingt der perfekte schwarze Mystic-Style !<\/span><\/h2>\n<p><span style=\"color: #333333;\">Sind Sie \u00fcberrascht, wie vielf\u00e4ltig man mit schwarzen Fliesen eine Wandfl\u00e4che gestalten kann? Damit die dunkle Wandfl\u00e4che ihre dramatische authentische Wirkung entfalten kann, haben wir noch ein paar Gestaltungstipps f\u00fcr Sie zusammengestellt : Fehlen Ihnen die passenden Bodenfliesen f\u00fcr Ihr schwarzes Bad? Hier gibt es endlose M\u00f6glichkeiten. F\u00fcr den Liebhaber des klassischen Looks, der harte Kontraste sch\u00e4tzt, haben wir wei\u00dfe Bodenfliesen in unterschiedlichen Formaten und Oberfl\u00e4chen im Sortiment. Diejenigen, denen dieser Kontrast zu hart ist, w\u00e4hlen evtl. eine graue Bodenfliese in einer Betonoptik. Fans des Retrolooks kombinieren schwarze Metrofliesen an der Wand mit passenden Retro-Bodenfliesen, deren Dekore an die Jungendstil-Epoche erinnern. Kombiniert man die dunklen Wandfliesen mit Holzoptik-Fliesen wirkt der Raum sehr gem\u00fctlich und strahlt W\u00e4rme aus. Die Sch\u00f6ner-Wohnen-Autorin Simone Knauss empfiehlt die Kombination mit Cremet\u00f6nen, um die Coolness zu mildern. Diese sollten allerdings nicht gelbstichig sein, damit sie nicht schmutzig wirken. Man sollte ebenfalls beachten, dass viele helle Dinge vor einem schwarzen Hintergrund richtig zur Geltung kommen und dass diese auch zu einem Fluch werden k\u00f6nnen. Die Sch\u00f6ner-Wohnen-Produzentin Bettina Eulenburg bemerkt dazu, dass wei\u00dfe Heizk\u00f6rper oder &#8222;mittelsch\u00f6ne&#8220; Plastik-Lichtschalter davor erst richtig auffallen. Dieses sollte man unbedingt bei der Raumplanung beachten und eventuell eine andere Farbe f\u00fcr Lichtschalter und Heizk\u00f6rper w\u00e4hlen. Viele Fans der unbunten Farbe bef\u00fcrchten, dass Fussel und Staub schneller sichtbar sind. Leider k\u00f6nnen wir Ihnen keine Fliesen anbieten, die das Putzen und Reinigen \u00fcberfl\u00fcssig machen. Geben Sie aber etwas Essig in das Wischwasser, k\u00f6nnen Sie Fussel &amp; Co. zumindest einige Zeit auf Abstand halten. Kalk- und Wasserflecken werden ebenfalls mit Essigreinigern entfernt. (Tipps gefunden in \u201eStark und Schwarz\u201c von Kiki Ahlers). Aggressive alkalische Fettl\u00f6ser mit einem sehr hohen ph-Wert k\u00f6nnen ebenfalls auf keramischen Oberfl\u00e4chen angewendet werden (bitte aber vorher die Fugen ausreichend w\u00e4ssern!). Generell ist die Auswahl der Fugenfarben ein wichtiges Thema. Eine hellere Fugenfarbe lockert die dunkle Wand extrem auf. Dieses Spiel mit den hell-dunkel-Kontrasten empfehlen wir besonders den kleinformatigen Wandfliesen (z.B. bei den Metrofliesen). W\u00e4hlen Sie dagegen eine dunkle Fugenfarbe aus, verschwindet beinahe das Fugenbild und die verflieste Wand wirkt wie eine einheitliche Fl\u00e4che. Damit Ihre schwarze Wandkeramik auch den gew\u00fcnschten mystischen Look entfalten kann, sollten Sie sich nat\u00fcrlich auch Gedanken \u00fcber das richtige Raumlicht Gedanken machen. Gibt es eventuell ein gro\u00dfes Fenster, das tags\u00fcber den Raum gen\u00fcgend erhellt? Oder haben Sie schon einmal \u00fcber die Anwendung\u00a0 von smarten LED-Lampen (wie zum Beispiel das Philips HUE-System) Gedanken gemacht? Diese lassen sich nicht nur per APP energiesparend betreiben, sondern sie erzeugen auch je nach Stimmung die perfekte Atmosph\u00e4re.<\/span><\/p>\n<h2><span style=\"color: #333333;\">Black is back !<\/span><\/h2>\n<p><span style=\"color: #333333;\">Sie sollten schon ein wenig mutig und\u00a0 selbstbewusst sein. Der Look ist nicht f\u00fcr jedermann! Haben Sie aber Lust auf den mystischen Look bekommen und planen nun eine Gestaltung mit schwarzen Fliesen ? Diese ist nat\u00fcrlich auch nicht nur auf das Bad oder G\u00e4steWC begrenzt. Schwarze Fliesen geben auch der K\u00fcchenr\u00fcckwand zwischen den hellen K\u00fcchenm\u00f6beln einen besonderen Touch. Das gilt auch im modernen Ladenbau: Wir beliefern zum Beispiel B\u00e4ckerei-Ketten, die in ihren neuen Filialen ausschlie\u00dflich schwarze Metrofliesen verwenden. Diese lassen die davor ausgestellten Backwaren noch Appetit anregender erscheinen. Wir k\u00f6nnen in einem Blogbeitrag leider nur einen kleinen Ausschnitt unseres unbunten Sortimentes abbilden. In unseren Fliesenausstellungen in der Baarstr. 130 in Iserlohn und in der Alten-Bottroper Str. 43 in Essen zeigen wir weitere M\u00f6glichkeiten und Muster f\u00fcr die Ebonisierung Ihres Wohnraums und Ihres Badezimmers.<\/span><\/p>\n<p>[\/et_pb_text][\/et_pb_column][\/et_pb_row][et_pb_row _builder_version=&#8220;4.2.2&#8243; background_color=&#8220;#ffffff&#8220; use_background_color_gradient=&#8220;on&#8220; background_color_gradient_start=&#8220;#ffffff&#8220; background_color_gradient_end=&#8220;#ffffff&#8220;][et_pb_column type=&#8220;4_4&#8243; _builder_version=&#8220;4.2.2&#8243;][et_pb_text admin_label=&#8220;Quellen&#8220; _builder_version=&#8220;4.2.2&#8243; text_font=&#8220;Arvo||||||||&#8220; text_text_color=&#8220;#000000&#8243; text_font_size=&#8220;15px&#8220; header_font=&#8220;Arvo|700|||||||&#8220; header_text_color=&#8220;#000000&#8243; header_font_size=&#8220;60px&#8220; header_2_font=&#8220;Arvo|700|||||||&#8220; header_2_text_color=&#8220;#000000&#8243; header_2_font_size=&#8220;42px&#8220; header_3_font=&#8220;Arvo|700|||||||&#8220; header_3_text_color=&#8220;#000000&#8243; header_3_font_size=&#8220;36px&#8220; header_4_font=&#8220;Arvo|700|||||||&#8220; header_4_text_color=&#8220;#000000&#8243; header_4_font_size=&#8220;30px&#8220; header_5_font=&#8220;Arvo|700|||||||&#8220; header_5_text_color=&#8220;#000000&#8243; header_text_shadow_style=&#8220;preset3&#8243; header_text_shadow_blur_strength=&#8220;0.45em&#8220; header_2_text_shadow_style=&#8220;preset3&#8243; header_2_text_shadow_blur_strength=&#8220;0.45em&#8220; header_3_text_shadow_style=&#8220;preset3&#8243; header_4_text_shadow_style=&#8220;preset3&#8243; header_4_text_shadow_blur_strength=&#8220;0.45em&#8220; header_5_text_shadow_style=&#8220;preset3&#8243; header_5_text_shadow_blur_strength=&#8220;0.41em&#8220;]<\/p>\n<h5><span style=\"color: #333333;\">Unsere schwarzen Quellen :<\/span><\/h5>\n<ul>\n<li><span style=\"color: #333333;\">Das gro\u00dfe Buch der Farben von Klausbernd Vollmar, im K\u00f6nigsfurt-Urania-Verlag erschienen<\/span><\/li>\n<li><span style=\"color: #333333;\">Individuell Wohnen mit Farbe von David Willis, erschienen im DVA-Verlag<\/span><\/li>\n<li><span style=\"color: #333333;\">Artikel \u201eDer Fortschritt ist dunkel\u201c von Thomas Stolzel, aus der Wirtschaftswoche-Ausgabe 8 vom 14.02.2020<\/span><\/li>\n<li><span style=\"color: #333333;\">Die Welt der Farben von Kassia St. Clair, 2. Auflage, erschienen im Hoffmann und Campe-Verlag<\/span><\/li>\n<li><span style=\"color: #333333;\">Graue Eleganz von Kate Watson-Smyth, erschienen im Busse Verlag<\/span><\/li>\n<li><span style=\"color: #333333;\">Shades of Grey von Kate Watson-Smyth, erschienen bei Ryland-Peters&amp;Small<\/span><\/li>\n<li><span style=\"color: #333333;\">Artikel \u201eWei\u00df auf schwarz\u201c von Simone Knauss im Sch\u00f6ner Wohnen-Magazin, Ausgabe Februar 2019, S. 87ff.<\/span><\/li>\n<li><span style=\"color: #333333;\">Artikel \u201eStark und Schwarz\u201c von Kiki Ahlers im Sch\u00f6ner Wohnen-Magazin, Ausgabe Mai 2019, S. 122<\/span><\/li>\n<li><span style=\"color: #333333;\">Artikel \u201eDie grosse Geste von Bettina Eulenburg, im Sch\u00f6ner Wohnen-Magazin, Ausgabe September 2019, S. 30ff.<\/span><\/li>\n<li><span style=\"color: #333333;\">Monochrome Home von Hilary Robertson, erschienen bei Ryland Peters&amp;Small<\/span><\/li>\n<li><span style=\"color: #333333;\">Wir danken unseren Industriepartnern f\u00fcr die Bereitstellung der Fotos<\/span><\/li>\n<li><span style=\"color: #333333;\">Alle \u00fcbrigen Fotos sind Eigentum der Rudolph Richter GmbH<\/span><\/li>\n<\/ul>\n<p>[\/et_pb_text][\/et_pb_column][\/et_pb_row][\/et_pb_section]<\/p>\n","protected":false},"excerpt":{"rendered":"<p>Schwarz ist mystisch ! Planen Sie gerade das Badezimmer in Ihrem Neubau oder steht bei Ihnen die Modernisierung des G\u00e4steWCs an? Wahrscheinlich werden Sie f\u00fcr die Gestaltung des Badezimmers eine helle Wandfliese und einem dunklen Boden ausw\u00e4hlen ? M\u00f6glicherweise suchen Sie aber eine L\u00f6sung mit mehr Spannung, die edel wirkt und nicht allt\u00e4glich ist. Finden [&hellip;]<\/p>\n","protected":false},"author":1,"featured_media":5400,"comment_status":"closed","ping_status":"closed","template":"","meta":{"_et_pb_use_builder":"on","_et_pb_old_content":"","_et_gb_content_width":"","footnotes":""},"project_category":[54,50,58],"project_tag":[945,935,948,457,458,412,411,947,944,981,982,964,969,966,967,940,932,975,931,973,974,957,936,958,970,977,953,949,938,965,960,972,943,962,976,933,978,937,952,955,950,963,959,979,951,934,971,954,956,941,939,968,946,980,942,961],"class_list":["post-5317","project","type-project","status-publish","has-post-thumbnail","hentry","project_category-fliesen","project_category-neues-aus-unseren-ausstellungen","project_category-trends","project_tag-b-ad-mit-schwarzen-fliesen","project_tag-badezimmer","project_tag-flecken-auf-schwarzen-fliesen","project_tag-fliesenausstellung-essen","project_tag-fliesenausstellung-iserlohn","project_tag-fliesenblog","project_tag-fliesenblogger","project_tag-kalk-auf-schwarzen-fliesen","project_tag-kalkflecken-auf-schwarzen-fliesen-entfernen","project_tag-mystik","project_tag-mystische-schwarze-fliesen","project_tag-pflege-schwarze-fliesen","project_tag-reinigungsmittel-schwarze-fliesen","project_tag-schwarze-armaturen","project_tag-schwarze-badezimmermoebel","project_tag-schwarze-bodenfliesen","project_tag-schwarze-faerben","project_tag-schwarze-feinsteinzeugfliesen","project_tag-schwarze-fliesen","project_tag-schwarze-fliesen-15x15","project_tag-schwarze-fliesen-2o0x20","project_tag-schwarze-fliesen-60x60-cm","project_tag-schwarze-fliesen-bad","project_tag-schwarze-fliesen-betonoptik","project_tag-schwarze-fliesen-empfindlich","project_tag-schwarze-fliesen-erfahrungen","project_tag-schwarze-fliesen-flur","project_tag-schwarze-fliesen-fugen","project_tag-schwarze-fliesen-glaenzend","project_tag-schwarze-fliesen-guenstig","project_tag-schwarze-fliesen-in-der-dusche","project_tag-schwarze-fliesen-kalk","project_tag-schwarze-fliesen-kalkempfindlich","project_tag-schwarze-fliesen-kaufen","project_tag-schwarze-fliesen-kombinieren","project_tag-schwarze-fliesen-kueche","project_tag-schwarze-fliesen-marmoroptik","project_tag-schwarze-fliesen-mattt","project_tag-schwarze-fliesen-mit-weissen-fugen","project_tag-schwarze-fliesen-putzen","project_tag-schwarze-fliesen-reinigen-ohne-streifen","project_tag-schwarze-fliesen-ruhrgebiet","project_tag-schwarze-fliesen-schieferoptik","project_tag-schwarze-fliesen-schwarz-verfugen","project_tag-schwarze-fliesen-welche-fugenfarbe","project_tag-schwarze-fliesen-wohnzimmer","project_tag-schwarze-fliesen-zauberhaften","project_tag-schwarze-fliesen-zu-dunkel","project_tag-schwarze-metrofliesen","project_tag-schwarze-mosaike","project_tag-schwarze-wandfliesen","project_tag-schwarzes-sanitaer","project_tag-teppich-mit-schwarzen-fliesen","project_tag-wasserflecken-auf-schwarzen-fliesen","project_tag-wie-reinigt-man-schwarze-fliesen","project_tag-xxl-fliesen-in-schwarz"],"_links":{"self":[{"href":"https:\/\/rudolph-richter.de\/fliesenhandel\/wp-json\/wp\/v2\/project\/5317","targetHints":{"allow":["GET"]}}],"collection":[{"href":"https:\/\/rudolph-richter.de\/fliesenhandel\/wp-json\/wp\/v2\/project"}],"about":[{"href":"https:\/\/rudolph-richter.de\/fliesenhandel\/wp-json\/wp\/v2\/types\/project"}],"author":[{"embeddable":true,"href":"https:\/\/rudolph-richter.de\/fliesenhandel\/wp-json\/wp\/v2\/users\/1"}],"replies":[{"embeddable":true,"href":"https:\/\/rudolph-richter.de\/fliesenhandel\/wp-json\/wp\/v2\/comments?post=5317"}],"version-history":[{"count":26,"href":"https:\/\/rudolph-richter.de\/fliesenhandel\/wp-json\/wp\/v2\/project\/5317\/revisions"}],"predecessor-version":[{"id":5398,"href":"https:\/\/rudolph-richter.de\/fliesenhandel\/wp-json\/wp\/v2\/project\/5317\/revisions\/5398"}],"wp:featuredmedia":[{"embeddable":true,"href":"https:\/\/rudolph-richter.de\/fliesenhandel\/wp-json\/wp\/v2\/media\/5400"}],"wp:attachment":[{"href":"https:\/\/rudolph-richter.de\/fliesenhandel\/wp-json\/wp\/v2\/media?parent=5317"}],"wp:term":[{"taxonomy":"project_category","embeddable":true,"href":"https:\/\/rudolph-richter.de\/fliesenhandel\/wp-json\/wp\/v2\/project_category?post=5317"},{"taxonomy":"project_tag","embeddable":true,"href":"https:\/\/rudolph-richter.de\/fliesenhandel\/wp-json\/wp\/v2\/project_tag?post=5317"}],"curies":[{"name":"wp","href":"https:\/\/api.w.org\/{rel}","templated":true}]}}