{"id":6056,"date":"2021-02-07T01:29:07","date_gmt":"2021-02-07T01:29:07","guid":{"rendered":"https:\/\/rudolph-richter.de\/fliesenhandel\/?post_type=project&#038;p=6056"},"modified":"2021-02-21T00:28:35","modified_gmt":"2021-02-21T00:28:35","slug":"fliesentrends2021","status":"publish","type":"project","link":"https:\/\/rudolph-richter.de\/fliesenhandel\/project\/fliesentrends2021\/","title":{"rendered":"Fliesentrends2021"},"content":{"rendered":"<p>[et_pb_section fb_built=&#8220;1&#8243; _builder_version=&#8220;4.7.7&#8243; _module_preset=&#8220;default&#8220; background_color=&#8220;#ffffff&#8220; use_background_color_gradient=&#8220;on&#8220; background_color_gradient_start=&#8220;#ffffff&#8220; background_color_gradient_end=&#8220;#ffffff&#8220;][et_pb_row _builder_version=&#8220;4.7.7&#8243; _module_preset=&#8220;default&#8220; background_color=&#8220;#ffffff&#8220; use_background_color_gradient=&#8220;on&#8220; background_color_gradient_start=&#8220;#ffffff&#8220; background_color_gradient_end=&#8220;#ffffff&#8220; width=&#8220;100%&#8220;][et_pb_column type=&#8220;4_4&#8243; _builder_version=&#8220;4.7.7&#8243; _module_preset=&#8220;default&#8220;][et_pb_text admin_label=&#8220;Einf\u00fchrung&#038;farbige Bodenfliesen&#8220; _builder_version=&#8220;4.7.7&#8243; _module_preset=&#8220;default&#8220; text_font=&#8220;Montserrat Alternates|600|||||||&#8220; text_font_size=&#8220;20px&#8220; header_font=&#8220;Montserrat Alternates|700|||on|||#f5df4d|double&#8220; header_font_size=&#8220;45px&#8220; header_2_font=&#8220;Montserrat Alternates|700|||on|||#f5df4d|double&#8220; header_2_font_size=&#8220;32px&#8220; header_3_font=&#8220;Montserrat Alternates|700|||on|||#f5df4d|double&#8220; header_3_font_size=&#8220;25px&#8220; header_4_font=&#8220;Montserrat Alternates|700|||on|||#f5df4d|double&#8220; hover_enabled=&#8220;0&#8243; sticky_enabled=&#8220;0&#8243;]<\/p>\n<h1><strong><span style=\"color: #808080;\">Fliesentrends 2021<\/span><\/strong><\/h1>\n<p><span style=\"color: #808080;\">Kann es wirklich die neuen Fliesentrends 2021 geben? Wir schreiben diesen Blog Anfang Februar 2021. Unsere Regierung hat erneut den harten Lockdown ausgerufen, um mit dem erzwungenen Stillstand die hohen COVID-19 Infektionszahlen zu senken. Restaurants, viele Hotels und die meisten Einzelh\u00e4ndler haben schon seit Wochen geschlossen. Gro\u00dfe Veranstaltungen wie Messen fanden quasi seit Februar 2020 nicht mehr statt. Wer in diesen Tagen verreisen m\u00f6chte, muss strikte Auflagen erf\u00fcllen und ist in der Auswahl seiner Urlaubsdestination stark eingeschr\u00e4nkt. K\u00f6nnen sich unter diesen Umst\u00e4nden neue Trends entwickeln? Haben Designer und Techniker unserer Industriepartner \u00fcberhaupt die M\u00f6glichkeit gehabt, sich auszutauschen, kreativ zu arbeiten und neue Technologien auszuprobieren? Als wichtige Branchenevents wie die US-Fliesenmesse COVERINGS 2020 und die gr\u00f6\u00dfte Fliesenmesse CERSAIE 2020 immer wieder verschoben und schlie\u00dflich abgesagt wurden, kamen uns auch Zweifel, ob und wann es Fliesen-Neuheiten im Jahr 2021 geben wird. Nicht nur bei der Auswahl der <a href=\"https:\/\/rudolph-richter.de\/fliesenhandel\/project\/pantone-2021\/\">Pantone Trendfarbe 2021<\/a> haben die Ereignisse der letzten Monate einen gro\u00dfen Einfluss auf die Entwicklung gehabt. Als sich das Jahr 2020 zum Ende neigte, wurde uns aber erneut bewusst, dass in den Entwicklungsabteilungen der Fliesenproduzenten Kreativit\u00e4t und Neugierde, die Freude, etwas Neues auszuprobieren und der Hunger nach neuen Farben und Designs sich nicht so einfach herunterfahren lassen. Wir freuen uns daher, Ihnen in diesem Blogbeitrag \u00fcber drei absolute Fliesentrend-Highlights, eine wichtige Trendentwicklung und eine strategische Entscheidung in eigener Sache berichten zu k\u00f6nnen.<\/span><\/p>\n<p>&nbsp;<\/p>\n<h2><strong><span style=\"color: #808080;\">Fliesentrend 2021 -1: Farbige Bodenfliesen<\/span><\/strong><\/h2>\n<p><span style=\"color: #808080;\">Wenn man sich unsere Fliesentrends-Prognose f\u00fcr das vergangene <a href=\"https:\/\/rudolph-richter.de\/fliesenhandel\/project\/fliesentrends2020\/\">Jahr 2020<\/a> noch einmal durchliest, erf\u00e4hrt man, dass wir \u201edie neue Farbigkeit\u201c als neuen Megatrend festgestellt haben. In dem Blogbeitrag sind wir \u00fcberwiegend auf farbige Akzentw\u00e4nde eingegangen. Wir stellten den Einfluss des Bauhausstils und die beliebte Gestaltungstechnik des \u201eColorblockings\u201c vor. In diesem Jahr nimmt die neue Buntheit im Interior Design noch mehr Fahrt auf: Die Fans der Polychromie k\u00f6nnen nun jetzt nicht nur aus einer immer gr\u00f6\u00dferen Farbpalette bei Wandfliesen ausw\u00e4hlen, sondern auch bei den Bodenfliesen! Von farbigen Bodenfliesen, die historische Jugendstil-Zementfliesen neu interpretieren, bis zu gro\u00dfformatigen Betonoptiken, die in angenehmen Blau- und Gr\u00fcnt\u00f6nen eingef\u00e4rbt worden sind, reicht hier das Angebot.<\/span><\/p>\n<p>[\/et_pb_text][\/et_pb_column][\/et_pb_row][et_pb_row column_structure=&#8220;1_2,1_2&#8243; _builder_version=&#8220;4.7.7&#8243; _module_preset=&#8220;default&#8220; background_color=&#8220;#ffffff&#8220; use_background_color_gradient=&#8220;on&#8220; background_color_gradient_start=&#8220;#ffffff&#8220; background_color_gradient_end=&#8220;#ffffff&#8220; width=&#8220;100%&#8220;][et_pb_column type=&#8220;1_2&#8243; _builder_version=&#8220;4.7.7&#8243; _module_preset=&#8220;default&#8220;][et_pb_image src=&#8220;https:\/\/rudolph-richter.de\/fliesenhandel\/wp-content\/uploads\/2021\/02\/fliesentrends2021-farbigebodenfliesen-ac-ventiboost-classic2.jpg&#8220; alt=&#8220;farbige Bodenfliesen in einer Zementfliesenoptik sind schon lange bei unseren Kunden beliebt&#8220; title_text=&#8220;farbige Bodenfliesen in einer Zementfliesenoptik sind schon lange bei unseren Kunden beliebt&#8220; admin_label=&#8220;AC-Ventboost-claasic2&#8243; _builder_version=&#8220;4.7.7&#8243; _module_preset=&#8220;default&#8220; background_color=&#8220;#ffffff&#8220; use_background_color_gradient=&#8220;on&#8220; background_color_gradient_start=&#8220;#ffffff&#8220; background_color_gradient_end=&#8220;#ffffff&#8220;][\/et_pb_image][\/et_pb_column][et_pb_column type=&#8220;1_2&#8243; _builder_version=&#8220;4.7.7&#8243; _module_preset=&#8220;default&#8220;][et_pb_image src=&#8220;https:\/\/rudolph-richter.de\/fliesenhandel\/wp-content\/uploads\/2021\/02\/fliesentrends2021-farbigeboden-lafaenza-terrabp.jpg&#8220; alt=&#8220;Farbe &#8211; jetzt auch auf dem Boden ! Bodenfliesen in einem Preu\u00dfisch-Blau sehen sehr edel aus&#8220; title_text=&#8220;Farbe &#8211; jetzt auch auf dem Boden ! Bodenfliesen in einem Preu\u00dfisch-Blau sehen sehr edel aus&#8220; admin_label=&#8220;LaFa-Terra-BP&#8220; _builder_version=&#8220;4.7.7&#8243; _module_preset=&#8220;default&#8220; background_color=&#8220;#ffffff&#8220; use_background_color_gradient=&#8220;on&#8220; background_color_gradient_start=&#8220;#ffffff&#8220; background_color_gradient_end=&#8220;#ffffff&#8220;][\/et_pb_image][\/et_pb_column][\/et_pb_row][et_pb_row column_structure=&#8220;1_2,1_2&#8243; _builder_version=&#8220;4.7.7&#8243; _module_preset=&#8220;default&#8220; background_color=&#8220;#ffffff&#8220; use_background_color_gradient=&#8220;on&#8220; background_color_gradient_start=&#8220;#ffffff&#8220; background_color_gradient_end=&#8220;#ffffff&#8220; width=&#8220;100%&#8220;][et_pb_column type=&#8220;1_2&#8243; _builder_version=&#8220;4.7.7&#8243; _module_preset=&#8220;default&#8220;][et_pb_image src=&#8220;https:\/\/rudolph-richter.de\/fliesenhandel\/wp-content\/uploads\/2021\/02\/fliesentrends2021-farbige-boden-lafaenza-vis-vm.jpg&#8220; alt=&#8220;farbige Bodenfliesen werden 2021 zu einem Trend! Schlafzimmer mit einer Bodenfliesen in Verde&#8220; title_text=&#8220;farbige Bodenfliesen werden 2021 zu einem Trend! Schlafzimmer mit einer Bodenfliesen in Verde&#8220; admin_label=&#8220;LaFa-Vis-VM&#8220; _builder_version=&#8220;4.7.7&#8243; _module_preset=&#8220;default&#8220; background_color=&#8220;#ffffff&#8220; use_background_color_gradient=&#8220;on&#8220; background_color_gradient_start=&#8220;#ffffff&#8220; background_color_gradient_end=&#8220;#ffffff&#8220;][\/et_pb_image][\/et_pb_column][et_pb_column type=&#8220;1_2&#8243; _builder_version=&#8220;4.7.7&#8243; _module_preset=&#8220;default&#8220;][et_pb_image src=&#8220;https:\/\/rudolph-richter.de\/fliesenhandel\/wp-content\/uploads\/2021\/02\/fliesentrends2021-farbigebodenfliesen-supergres-collove.jpg&#8220; alt=&#8220;farbige Bodenfliesen werden 2021 zu einem Trend! Ankleidezimmer in einem angenehmen Blauton&#8220; title_text=&#8220;farbige Bodenfliesen werden 2021 zu einem Trend! Ankleidezimmer in einem angenehmen Blauton&#8220; admin_label=&#8220;Supergres-Collove-blau&#8220; _builder_version=&#8220;4.7.7&#8243; _module_preset=&#8220;default&#8220; background_color=&#8220;#ffffff&#8220; use_background_color_gradient=&#8220;on&#8220; background_color_gradient_start=&#8220;#ffffff&#8220; background_color_gradient_end=&#8220;#ffffff&#8220;][\/et_pb_image][\/et_pb_column][\/et_pb_row][et_pb_row _builder_version=&#8220;4.7.7&#8243; _module_preset=&#8220;default&#8220; background_color=&#8220;#ffffff&#8220; use_background_color_gradient=&#8220;on&#8220; background_color_gradient_start=&#8220;#ffffff&#8220; background_color_gradient_end=&#8220;#ffffff&#8220; width=&#8220;100%&#8220;][et_pb_column type=&#8220;4_4&#8243; _builder_version=&#8220;4.7.7&#8243; _module_preset=&#8220;default&#8220;][et_pb_text admin_label=&#8220;Ged\u00e4mpfte Farben&#8220; _builder_version=&#8220;4.7.7&#8243; _module_preset=&#8220;default&#8220; text_font=&#8220;Montserrat Alternates|600|||||||&#8220; text_font_size=&#8220;20px&#8220; header_font=&#8220;Montserrat Alternates|700|||on|||#f5df4d|double&#8220; header_font_size=&#8220;45px&#8220; header_2_font=&#8220;Montserrat Alternates|700|||on|||#f5df4d|double&#8220; header_2_font_size=&#8220;32px&#8220; header_3_font=&#8220;Montserrat Alternates|700|||on|||#f5df4d|double&#8220; header_3_font_size=&#8220;25px&#8220; header_4_font=&#8220;Montserrat Alternates|700|||on|||#f5df4d|double&#8220;]<\/p>\n<h2><strong><span style=\"color: #808080;\">Fliesentrend 2021 -2: Konzept der ged\u00e4mpften Farben<\/span><\/strong><\/h2>\n<p><span style=\"color: #808080;\">Liegt es an der st\u00e4ndigen Unsicherheit und der gef\u00fchlten K\u00e4lte, die uns 2020 st\u00e4ndig begleiteten, dass wir uns wieder mehr nach W\u00e4rme und Geborgenheit in den eigenen vier W\u00e4nden sehnen ? (s. dazu den Artikel \u201eDas sind ja ganz neue T\u00f6ne\u201c im Magazin \u201eZuhause Wohnen\u201c, Ausgabe 05-2020) \u00a0Wir haben den Trend zu w\u00e4rmeren Farben bereits in unserer Fliesentrend-Vorschau f\u00fcr das Jahr 2020 festgestellt. Unser Rundgang auf der Internationalen M\u00f6belmesse in K\u00f6ln im Januar 2020 best\u00e4tigte den Trend zu den w\u00e4rmeren Farben. Aktuelle Wohnmagazine k\u00fcren Terracotta, Ocker, Cognac und Nudet\u00f6ne als unangefochtene (Farb-)Stars des neuen Jahres. (Quelle: \u201eWohntrends2021\u201c in der Januar-Ausgabe 21 \u201eLiving At Home\u201c-Magazin) \u00a0\u00a0Es \u00fcberrascht also wenig, dass viele aktuelle Fliesenkollektionen mit Nuancen in Beige und Braun pr\u00e4sentiert werden. Die ehemals hart wei\u00dfen Wandfliesen werden in einem abgemilderten Off_White oder einem Ivory gezeigt. Die beliebte graue Betonoptik f\u00fcr den Boden wird 2021 mit Pigmenten warmer Farben angereichert und sorgt f\u00fcr ein angenehmes Raumgef\u00fchl. Selbst die Prim\u00e4rfarben f\u00fcr Akzentw\u00e4nde werden ged\u00e4mpft und erscheinen damit nicht mehr als greller Kontrast. Pastellfarben, die seit kurzer Zeit ebenfalls wieder beliebt geworden sind, werden dagegen mit leichten Grauanteilen vermischt. Dieses nimmt ihnen das S\u00fc\u00dfliche und macht sie erwachsener. Altrosa beispielsweise wirkt weniger kindlich als hellrosa. Solche T\u00f6ne tragen im Interior Design als Zusatz zum Farbnamen oft die Bezeichnung \u201eDusty\u201c \u2013 was auf englisch &#8222;staubig&#8220; bedeutet. Das bringt es perfekt auf den Punkt (Quelle : Interview mit dem Creative Director Andreas Lichtenstein; Magazin \u201eLiving At Home\u201c, Ausgabe 02\/21). Mit Bodenfliesen in ged\u00e4mpften Farben sind Sie ebenfalls auf den n\u00e4chsten gro\u00dfen Trend im Interior-Design vorbereitet. Wir wagen die Prognose, dass wir vielleicht schon 2021 das Comeback des Karomusters erleben werden. Erste Aussichten auf Tartan-, Glencheck- und Hahnentrittstrukturen gab es schon auf der IMM 2020 zu sehen und Wohnexperten wie Ute Laatz; \u201eWohnidee\u201c-Magazin haben die neue Design-Epoche bereits eingel\u00e4utet. (s. \u201eKaro sticht\u201c in \u201eWohnidee\u201c-Magazin)<\/span><\/p>\n<p>[\/et_pb_text][\/et_pb_column][\/et_pb_row][et_pb_row column_structure=&#8220;1_2,1_2&#8243; _builder_version=&#8220;4.7.7&#8243; _module_preset=&#8220;default&#8220; background_color=&#8220;#ffffff&#8220; use_background_color_gradient=&#8220;on&#8220; background_color_gradient_start=&#8220;#ffffff&#8220; background_color_gradient_end=&#8220;#ffffff&#8220; width=&#8220;100%&#8220;][et_pb_column type=&#8220;1_2&#8243; _builder_version=&#8220;4.7.7&#8243; _module_preset=&#8220;default&#8220;][et_pb_image src=&#8220;https:\/\/rudolph-richter.de\/fliesenhandel\/wp-content\/uploads\/2021\/02\/fliesentrends2021-gedaempftefarben-livingpearl.jpg&#8220; alt=&#8220;2021 werden die Farben abgemildert durch beige, braun bzw. graue Farbpigmente&#8220; title_text=&#8220;2021 werden die Farben abgemildert durch beige, braun bzw. graue Farbpigmente&#8220; admin_label=&#8220;Supergres-H24-Pearl&#8220; _builder_version=&#8220;4.7.7&#8243; _module_preset=&#8220;default&#8220; background_color=&#8220;#ffffff&#8220; use_background_color_gradient=&#8220;on&#8220; background_color_gradient_start=&#8220;#ffffff&#8220; background_color_gradient_end=&#8220;#ffffff&#8220;][\/et_pb_image][\/et_pb_column][et_pb_column type=&#8220;1_2&#8243; _builder_version=&#8220;4.7.7&#8243; _module_preset=&#8220;default&#8220;][et_pb_image src=&#8220;https:\/\/rudolph-richter.de\/fliesenhandel\/wp-content\/uploads\/2021\/02\/fliesentrends2021-ac-venti-gedaempfte-mix.jpg&#8220; alt=&#8220;Zementfliesen in ged\u00e4mpften Farben wird es ebenfalls 2021 bei uns geben&#8220; title_text=&#8220;Zementfliesen in ged\u00e4mpften Farben wird es ebenfalls 2021 bei uns geben&#8220; admin_label=&#8220;AC-ventiboost-warm-carpet&#8220; _builder_version=&#8220;4.7.7&#8243; _module_preset=&#8220;default&#8220; background_color=&#8220;#ffffff&#8220; use_background_color_gradient=&#8220;on&#8220; background_color_gradient_start=&#8220;#ffffff&#8220; background_color_gradient_end=&#8220;#ffffff&#8220;][\/et_pb_image][\/et_pb_column][\/et_pb_row][et_pb_row column_structure=&#8220;1_2,1_2&#8243; _builder_version=&#8220;4.7.7&#8243; _module_preset=&#8220;default&#8220; background_color=&#8220;#ffffff&#8220; use_background_color_gradient=&#8220;on&#8220; background_color_gradient_start=&#8220;#ffffff&#8220; background_color_gradient_end=&#8220;#ffffff&#8220; width=&#8220;100%&#8220;][et_pb_column type=&#8220;1_2&#8243; _builder_version=&#8220;4.7.7&#8243; _module_preset=&#8220;default&#8220;][et_pb_image src=&#8220;https:\/\/rudolph-richter.de\/fliesenhandel\/wp-content\/uploads\/2021\/02\/fliesentrends2021-gedaempfte-monocibec-tradition.jpg&#8220; alt=&#8220;Neu in unserem Fliesen-Sortiment : Feinsteinzeug in einem warmen Travertin-Farbton&#8220; title_text=&#8220;Neu in unserem Fliesen-Sortiment : Feinsteinzeug in einem warmen Travertin-Farbton&#8220; admin_label=&#8220;Monocibec-Tradition-Travertin&#8220; _builder_version=&#8220;4.7.7&#8243; _module_preset=&#8220;default&#8220; background_color=&#8220;#ffffff&#8220; use_background_color_gradient=&#8220;on&#8220; background_color_gradient_start=&#8220;#ffffff&#8220; background_color_gradient_end=&#8220;#ffffff&#8220;][\/et_pb_image][\/et_pb_column][et_pb_column type=&#8220;1_2&#8243; _builder_version=&#8220;4.7.7&#8243; _module_preset=&#8220;default&#8220;][et_pb_image src=&#8220;https:\/\/rudolph-richter.de\/fliesenhandel\/wp-content\/uploads\/2021\/02\/fliesentrends2021-gedaempft-provence-mc.jpg&#8220; alt=&#8220;Bodenfliese %22Provenza MC%22 im Format 60x60cm harmoniert auch optimal mit aktuellen gelben Farben&#8220; title_text=&#8220;Bodenfliese %22Provenza MC%22 im Format 60x60cm harmoniert auch optimal mit aktuellen gelben Farben&#8220; admin_label=&#8220;Rondine-Provenza-MC&#8220; _builder_version=&#8220;4.7.7&#8243; _module_preset=&#8220;default&#8220; background_color=&#8220;#ffffff&#8220; use_background_color_gradient=&#8220;on&#8220; background_color_gradient_start=&#8220;#ffffff&#8220; background_color_gradient_end=&#8220;#ffffff&#8220;][\/et_pb_image][\/et_pb_column][\/et_pb_row][et_pb_row _builder_version=&#8220;4.7.7&#8243; _module_preset=&#8220;default&#8220; background_color=&#8220;#ffffff&#8220; use_background_color_gradient=&#8220;on&#8220; background_color_gradient_start=&#8220;#ffffff&#8220; background_color_gradient_end=&#8220;#ffffff&#8220; width=&#8220;100%&#8220;][et_pb_column type=&#8220;4_4&#8243; _builder_version=&#8220;4.7.7&#8243; _module_preset=&#8220;default&#8220;][et_pb_text admin_label=&#8220;schwarz-wei\u00df&#8220; _builder_version=&#8220;4.7.7&#8243; _module_preset=&#8220;default&#8220; text_font=&#8220;Montserrat Alternates|600|||||||&#8220; text_font_size=&#8220;20px&#8220; header_font=&#8220;Montserrat Alternates|700|||on|||#f5df4d|double&#8220; header_font_size=&#8220;45px&#8220; header_2_font=&#8220;Montserrat Alternates|700|||on|||#f5df4d|double&#8220; header_2_font_size=&#8220;32px&#8220; header_3_font=&#8220;Montserrat Alternates|700|||on|||#f5df4d|double&#8220; header_3_font_size=&#8220;25px&#8220; header_4_font=&#8220;Montserrat Alternates|700|||on|||#f5df4d|double&#8220;]<\/p>\n<h2><strong><span style=\"color: #808080;\">Fliesentrend 2021 -3: Der h\u00e4rteste Kontrast<\/span><\/strong><\/h2>\n<p><span style=\"color: #808080;\">Die franz\u00f6sische Modedesignerin Coco Chanel soll einmal gesagt haben : \u201e Schwarz ist vollkommen. Wei\u00df auch. Zusammen sind sie pure Harmonie\u201c \u2013 2021 erlebt diese Farbkombination ihr absolutes Comeback. Dieser monochrome Farbtrend, der den Gegentrend zur aktuellen Farbigkeit bildet, orientiert sich an klassischen Einrichtungsstilen. Dabei ist er alles andere als minimalistisch und langweilig. In diesem Jahr vertreiben unregelm\u00e4\u00dfige Marmor-Adern, 3D-Strukturen oder geometrische Muster bei den Wand- und Bodenfliesen die Sterilit\u00e4t. Die neuen Interpretationen der Klassik beleben dadurch den Raum und wirken jedes Mal aufregend. \u00a0Die Einrichtungsexpertin Hilary Robertson weist in ihrem Buch \u201eMonochrome Home\u201c darauf hin, dass es wichtig sei, das perfekte Mischungsverh\u00e4ltnis der beiden Kontrastfarben in dem Raum zu erreichen, damit dieses f\u00fcr eine Ausgeglichenheit und eine gewisse Bodenst\u00e4ndigkeit sorge. Gleichzeitig er\u00f6ffnen die schwarz-wei\u00df-Kombinationen neue Gestaltungsm\u00f6glichkeiten: In einem Raum, der mit diesen \u201eNichtfarben\u201c gestaltet wurde, kommen Prim\u00e4rfarben wie das angesagte Gelb besonders zur Geltung und geben eine moderne Kombi mit Retro-Touch ab. (Quelle: \u201eMagazin \u201eLiving At Home -Ideenbuch Wohnen mit Farbe\u201c)<\/span><\/p>\n<p>[\/et_pb_text][\/et_pb_column][\/et_pb_row][et_pb_row column_structure=&#8220;1_2,1_2&#8243; _builder_version=&#8220;4.7.7&#8243; _module_preset=&#8220;default&#8220; background_color=&#8220;#ffffff&#8220; use_background_color_gradient=&#8220;on&#8220; background_color_gradient_start=&#8220;#ffffff&#8220; background_color_gradient_end=&#8220;#ffffff&#8220; width=&#8220;100%&#8220;][et_pb_column type=&#8220;1_2&#8243; _builder_version=&#8220;4.7.7&#8243; _module_preset=&#8220;default&#8220;][et_pb_image src=&#8220;https:\/\/rudolph-richter.de\/fliesenhandel\/wp-content\/uploads\/2021\/02\/fliesentrends2021-bw-marble-fall.jpg&#8220; alt=&#8220;Badezimmer in einer schwarz-wei\u00df Marmoroptik&#8220; title_text=&#8220;Badezimmer in einer schwarz-wei\u00df Marmoroptik&#8220; admin_label=&#8220;B&#038;WMarble-Fall&#8220; _builder_version=&#8220;4.7.7&#8243; _module_preset=&#8220;default&#8220; background_color=&#8220;#ffffff&#8220; use_background_color_gradient=&#8220;on&#8220; background_color_gradient_start=&#8220;#ffffff&#8220; background_color_gradient_end=&#8220;#ffffff&#8220;][\/et_pb_image][\/et_pb_column][et_pb_column type=&#8220;1_2&#8243; _builder_version=&#8220;4.7.7&#8243; _module_preset=&#8220;default&#8220;][et_pb_image src=&#8220;https:\/\/rudolph-richter.de\/fliesenhandel\/wp-content\/uploads\/2021\/02\/fliesentrends2021-cerlat-marquina.jpg&#8220; alt=&#8220;klassische schwarz-wei\u00dfe Bodenfliesen mit passenden Dekorfliesen&#8220; title_text=&#8220;klassische schwarz-wei\u00dfe Bodenfliesen mit passenden Dekorfliesen&#8220; admin_label=&#8220;Cerlat-Marquinia&#8220; _builder_version=&#8220;4.7.7&#8243; _module_preset=&#8220;default&#8220;][\/et_pb_image][\/et_pb_column][\/et_pb_row][et_pb_row column_structure=&#8220;1_2,1_2&#8243; _builder_version=&#8220;4.7.7&#8243; _module_preset=&#8220;default&#8220; background_color=&#8220;#ffffff&#8220; use_background_color_gradient=&#8220;on&#8220; background_color_gradient_start=&#8220;#ffffff&#8220; background_color_gradient_end=&#8220;#ffffff&#8220; width=&#8220;100%&#8220;][et_pb_column type=&#8220;1_2&#8243; _builder_version=&#8220;4.7.7&#8243; _module_preset=&#8220;default&#8220;][et_pb_image src=&#8220;https:\/\/rudolph-richter.de\/fliesenhandel\/wp-content\/uploads\/2021\/02\/fliesentrends2021-bw-metrofliesen.jpg&#8220; alt=&#8220;der Klassiker : die beliebten Metrofliesen in schwarz- wei\u00df&#8220; title_text=&#8220;der Klassiker : die beliebten Metrofliesen in schwarz- wei\u00df&#8220; admin_label=&#8220;Metrofliesen schwarz-weiss&#8220; _builder_version=&#8220;4.7.7&#8243; _module_preset=&#8220;default&#8220; background_color=&#8220;#ffffff&#8220; use_background_color_gradient=&#8220;on&#8220; background_color_gradient_start=&#8220;#ffffff&#8220; background_color_gradient_end=&#8220;#ffffff&#8220;][\/et_pb_image][\/et_pb_column][et_pb_column type=&#8220;1_2&#8243; _builder_version=&#8220;4.7.7&#8243; _module_preset=&#8220;default&#8220;][et_pb_image src=&#8220;https:\/\/rudolph-richter.de\/fliesenhandel\/wp-content\/uploads\/2021\/02\/fliesentrends2021-bw-marmor-pebble.jpg&#8220; alt=&#8220;Badezimmer in einer schwarz-wei\u00df Marmoroptik&#8220; title_text=&#8220;Badezimmer in einer schwarz-wei\u00df Marmoroptik&#8220; admin_label=&#8220;b&#038;WMarble.Pebble&#8220; _builder_version=&#8220;4.7.7&#8243; _module_preset=&#8220;default&#8220; background_color=&#8220;#ffffff&#8220; use_background_color_gradient=&#8220;on&#8220; background_color_gradient_start=&#8220;#ffffff&#8220; background_color_gradient_end=&#8220;#ffffff&#8220;][\/et_pb_image][\/et_pb_column][\/et_pb_row][et_pb_row _builder_version=&#8220;4.7.7&#8243; _module_preset=&#8220;default&#8220; background_color=&#8220;#ffffff&#8220; use_background_color_gradient=&#8220;on&#8220; background_color_gradient_start=&#8220;#ffffff&#8220; background_color_gradient_end=&#8220;#ffffff&#8220; width=&#8220;100%&#8220;][et_pb_column type=&#8220;4_4&#8243; _builder_version=&#8220;4.7.7&#8243; _module_preset=&#8220;default&#8220;][et_pb_text admin_label=&#8220;Fliese &#038; neuer Showroom&#8220; _builder_version=&#8220;4.7.7&#8243; _module_preset=&#8220;default&#8220; text_font=&#8220;Montserrat Alternates|600|||||||&#8220; text_font_size=&#8220;20px&#8220; header_font=&#8220;Montserrat Alternates|700|||on|||#f5df4d|double&#8220; header_font_size=&#8220;45px&#8220; header_2_font=&#8220;Montserrat Alternates|700|||on|||#f5df4d|double&#8220; header_2_font_size=&#8220;32px&#8220; header_3_font=&#8220;Montserrat Alternates|700|||on|||#f5df4d|double&#8220; header_3_font_size=&#8220;25px&#8220; header_4_font=&#8220;Montserrat Alternates|700|||on|||#f5df4d|double&#8220;]<\/p>\n<h2><strong><span style=\"color: #808080;\">Fliesentrend 2021 -4: Die Fliese !<\/span><\/strong><\/h2>\n<p><span style=\"color: #808080;\">Ist es richtig, wenn man von Gewinnern einer Pandemie spricht? Selbst wenn wir oder unsere n\u00e4chsten Angeh\u00f6rigen und Freunde hoffentlich(!) \u00a0von der Krankheit verschont geblieben sind, haben wir alle w\u00e4hrend der Pandemie aufgrund der vielen Einschr\u00e4nkungen an Lebensqualit\u00e4t verloren. Dennoch gibt es eine aus unserer Sicht sehr erfreuliche Marktentwicklung: Keramische Fliesen erfreuen sich steigender Beliebtheit! Der Gesamtabsatz im deutschen Markt ist in dem Zeitraum 2010-2019 um 28 Millionen Quadratmeter gewachsen ! Die Fliesenhersteller in Italien konnten ihren Export nach Deutschland um 37,7% erh\u00f6hen! Spanische Hersteller steigerten sogar ihre Exporte um 40,3% ! Der Gesamtabsatz im deutschen Markt ist im ersten Halbjahr 2020 sogar noch um ca. 7-8% gestiegen.(Quelle \u201eEntwicklung des deutschen Fliesenmarktes im 1. Halbjahr 2020 von Ralf Schanze und Carlo Cit auf 1200grad.com ). Als im M\u00e4rz und April 2020 die Pandemie gro\u00dfe Teile Europas komplett lahmlegte und viele Fliesenhersteller in Italien und Spanien ihre Produktion zum Teil komplett einstellen mussten, rechnete man mit einem gewaltigen Nachfrageeinbruch. Auf vielen Gro\u00dfbaustellen fehlten ab diesem Zeitpunkt dazu die Fliesenleger aus dem Ausland, da die Grenzen geschlossen wurden. F\u00fcr wichtige Projekte wie Einkaufszentren und Hotels wurde die Planung eingestellt, da die Investoren die Auswirkungen der Pandemie nicht einsch\u00e4tzen konnten. Trotz dieser weltweit unsicheren Situation sank der Fliesenabsatz der italienischen Hersteller im Jahr 2020 \u201enur\u201c um 4% (2019 : 406,6 Millionen Quadratmeter zu 2020: 391 Millionen\/qm) (Quelle: \u201eItalien 2020: Das k\u00fcrzeste Jahr\u201c im Fliesen&amp;Platten Magazin 02\/2021 . Leider liegen uns beim Verfassen dieses Blogs noch nicht die Daten der anderen Fliesen-Exportl\u00e4nder vor.\u00a0<\/span><span style=\"color: #808080;\">Auch international steigt die Begeisterung f\u00fcr keramische Fliesen. Es hat uns zum Beispiel \u00fcberrascht, dass in den USA, in denen traditionell viel Teppichboden verlegt wird, der Marktanteil von keramischen Fliesen bei den Bodenbel\u00e4gen in den letzten 10 Jahren auf fast 15% angewachsen ist. Teppichboden und Laminat haben dagegen Markanteile verloren. (Quelle: The U.S. Flooring Market von Joe Lundgren). Wir m\u00f6chten an dieser Stelle nicht auf alle Vorteile von keramischen Fliesenbel\u00e4gen eingehen, sondern nur auf das in 2020\/21 wichtigste Argument: Fliesen lassen sich problemlos desinfizieren! (Quelle: Journal of Hospital Infection) Desinfektionsmittel, die meistens Wasserstoffperoxid, Alkohole oder verschiedene Chloride enthalten, greifen keramische Oberfl\u00e4chen nicht an. Es gibt keine ungewollten chemischen (evtl. gesundheitssch\u00e4dlichen !) Reaktionen und keine Verf\u00e4rbungen. Eventuell werden wir dieses wichtige Thema in einem zuk\u00fcnftigen Blog-Beitrag intensiver behandeln.<\/span><\/p>\n<p>&nbsp;<\/p>\n<h2><strong><span style=\"color: #808080;\">Fliesentrend 2021 -5: digitaler vs. realer Showroom<\/span><\/strong><\/h2>\n<p><span style=\"color: #808080;\">Ende 2020 waren wir auch von dem harten Lockdown betroffen: Wir mussten unsere Fliesenausstellungen aufgrund des Regierungsbeschlusses zur Eind\u00e4mmung der Pandemie schlie\u00dfen. Wir durften private Bauherren\/*innen nur telefonisch und online beraten. In den ersten Tagen des harten Lockdowns bestellten die Kunden Ware, die sie vor der Zwangsschlie\u00dfung bereits ausgew\u00e4hlt hatten. Gleichzeitig stellten wir unseren gewerblichen Partnerfirmen wie Fliesenlegern und Renovierungsfirmen auf Anfrage Musterpakete zusammen, damit sie direkt eine kleine Bemusterung auf der Baustelle organisieren konnten. Zus\u00e4tzlich bekamen wir zahlreiche Anfragen aufgrund unserer Online-Pr\u00e4sentationen (wie in diesen <a href=\"https:\/\/rudolph-richter.de\/fliesenhandel\/fliesenverkauf-aktuell\/\">Blogs<\/a>) oder aufgrund unserer Aktivit\u00e4ten in den Social Media-Kan\u00e4len \u00a0wie Instagram oder Facebook. In den Wochen des ersten Lockdowns (M\u00e4rz\/April 2020) hatten wir weitere harte Ma\u00dfnahmen gegen COVID-19 bef\u00fcrchtet, wie das komplette Herunterfahren der Wirtschaft, Ausgangssperren etc. Daher \u00a0bauten wir seitdem unsere Online Pr\u00e4senz weiter aus. So blieben wir mit unseren Kunden aus der Ferne und sicherem Abstand in Kontakt \u00a0und konnten interessante Fliesen-Neuheiten vorstellen. Ein Onlineshop war f\u00fcr uns keine Option, da wir schnell an die Grenzen des digitalen Vertriebes kamen: Die dargestellten Farben sind nicht 100% originalgetreu. Viele aktuelle Fliesen mit unterschiedlichen Strukturen und Farbspiel k\u00f6nnen nicht entsprechend abgebildet werden. Der Wunsch der Kunden, die Fliesen auch anzufassen und die Haptik der Ware zu sp\u00fcren, kann online nicht erf\u00fcllt werden. Au\u00dferdem k\u00f6nnen unterschiedliche Blickwinkel nur sehr schwer am PC wiedergegeben werden. Es erscheint, dass eine reine Online-Pr\u00e4sentation viele Kunden eher verunsichert als dass sie sie bei der Fliesenauswahl f\u00fcr das Eigenheim unterst\u00fctzt. Selbstverst\u00e4ndlich analysierten wir auch das Kaufverhalten von Online-Fliesenk\u00e4ufern und waren \u00fcber die hohe Retouren-Quote erschrocken. Wir kamen schnell zu dem Entschluss, dass wir nur in \u201erichtigen\u201c Fliesenausstellungen den gr\u00f6\u00dftm\u00f6glichen Service f\u00fcr unsere Kunden bieten k\u00f6nnen. Unsere digitale Pr\u00e4senz werden wir nat\u00fcrlich zus\u00e4tzlich weiter ausbauen, um mehr Informationen weiterzugeben und die Fliesenauswahl in unseren offline Ausstellungen zu erleichtern. Mitten in der Pandemie reifte in unserem Unternehmen der Plan, eine weitere reale Ausstellung zu er\u00f6ffnen! Wir hoffen, dass wir im Laufe des Jahres 2021 eine Ausstellung im Gro\u00dfraum Bremen er\u00f6ffnen k\u00f6nnen. Die komplett neu errichtete Ausstellung ist verkehrstechnisch ideal zu erreichen, so dass wir hoffentlich bald (= der Fortschritt der Bauarbeiten h\u00e4ngt nat\u00fcrlich auch vom Pandemie-Verlauf ab) viele neue Kunden aus Bremen, Stuhr, Delmenhorst, Ganderkesee, Oldenburg etc. in unserem gro\u00dfz\u00fcgigen modernen Fliesen-Showroom begr\u00fc\u00dfen k\u00f6nnen. Nat\u00fcrlich werden wir auf unserer Website und auf Social-Media \u00fcber den Fortschritt auf der Baustelle und beim sp\u00e4teren Innenausbau berichten.<\/span><\/p>\n<p>[\/et_pb_text][\/et_pb_column][\/et_pb_row][et_pb_row column_structure=&#8220;1_2,1_2&#8243; _builder_version=&#8220;4.7.7&#8243; _module_preset=&#8220;default&#8220; background_color=&#8220;#ffffff&#8220; use_background_color_gradient=&#8220;on&#8220; background_color_gradient_start=&#8220;#ffffff&#8220; background_color_gradient_end=&#8220;#ffffff&#8220; width=&#8220;100%&#8220;][et_pb_column type=&#8220;1_2&#8243; _builder_version=&#8220;4.7.7&#8243; _module_preset=&#8220;default&#8220;][et_pb_image src=&#8220;https:\/\/rudolph-richter.de\/fliesenhandel\/wp-content\/uploads\/2021\/02\/fliesentrends2021-showroom-blog.jpg&#8220; alt=&#8220;Unser Fliesenblog : Unser digitaler Fliesen-Showroom&#8220; title_text=&#8220;Unser Fliesenblog : Unser digitaler Fliesen-Showroom&#8220; admin_label=&#8220;Blog&#8220; _builder_version=&#8220;4.7.7&#8243; _module_preset=&#8220;default&#8220; background_color=&#8220;#ffffff&#8220; use_background_color_gradient=&#8220;on&#8220; background_color_gradient_start=&#8220;#ffffff&#8220; background_color_gradient_end=&#8220;#ffffff&#8220;][\/et_pb_image][\/et_pb_column][et_pb_column type=&#8220;1_2&#8243; _builder_version=&#8220;4.7.7&#8243; _module_preset=&#8220;default&#8220;][et_pb_image src=&#8220;https:\/\/rudolph-richter.de\/fliesenhandel\/wp-content\/uploads\/2021\/02\/fliesentrends2021-fliesenausstellung-bremen-schlachte.jpg&#8220; alt=&#8220;2021 entern wir den Norden ! Leinen los f\u00fcr unsere neue Fliesenausstellung im Gro\u00dfraum Bremen&#8220; title_text=&#8220;2021 entern wir den Norden ! Leinen los f\u00fcr unsere neue Fliesenausstellung im Gro\u00dfraum Bremen&#8220; admin_label=&#8220;Bremen-Schlachte&#8220; _builder_version=&#8220;4.7.7&#8243; _module_preset=&#8220;default&#8220; background_color=&#8220;#ffffff&#8220; use_background_color_gradient=&#8220;on&#8220; background_color_gradient_start=&#8220;#ffffff&#8220; background_color_gradient_end=&#8220;#ffffff&#8220;][\/et_pb_image][\/et_pb_column][\/et_pb_row][et_pb_row column_structure=&#8220;1_2,1_2&#8243; _builder_version=&#8220;4.7.7&#8243; _module_preset=&#8220;default&#8220; background_color=&#8220;#ffffff&#8220; use_background_color_gradient=&#8220;on&#8220; background_color_gradient_start=&#8220;#ffffff&#8220; background_color_gradient_end=&#8220;#ffffff&#8220; width=&#8220;100%&#8220;][et_pb_column type=&#8220;1_2&#8243; _builder_version=&#8220;4.7.7&#8243; _module_preset=&#8220;default&#8220;][et_pb_image src=&#8220;https:\/\/rudolph-richter.de\/fliesenhandel\/wp-content\/uploads\/2021\/02\/fliesentrends2021-bremen-roland.jpg&#8220; alt=&#8220;Wir freuen uns auf neue Kunden im Norden !&#8220; title_text=&#8220;Wir freuen uns auf neue Kunden im Norden !&#8220; admin_label=&#8220;Bremen-Roland&#8220; _builder_version=&#8220;4.7.7&#8243; _module_preset=&#8220;default&#8220; background_color=&#8220;#ffffff&#8220; use_background_color_gradient=&#8220;on&#8220; background_color_gradient_start=&#8220;#ffffff&#8220; background_color_gradient_end=&#8220;#ffffff&#8220;][\/et_pb_image][\/et_pb_column][et_pb_column type=&#8220;1_2&#8243; _builder_version=&#8220;4.7.7&#8243; _module_preset=&#8220;default&#8220;][et_pb_image src=&#8220;https:\/\/rudolph-richter.de\/fliesenhandel\/wp-content\/uploads\/2021\/02\/fliesentrends2021-neueausstellung-planung.jpg&#8220; alt=&#8220;Wir planen eine neue Ausstellung im Raum Bremen !&#8220; title_text=&#8220;Wir planen eine neue Ausstellung im Raum Bremen !&#8220; admin_label=&#8220;XXXX-Planung-XXXX&#8220; _builder_version=&#8220;4.7.7&#8243; _module_preset=&#8220;default&#8220; background_color=&#8220;#ffffff&#8220; use_background_color_gradient=&#8220;on&#8220; background_color_gradient_start=&#8220;#ffffff&#8220; background_color_gradient_end=&#8220;#ffffff&#8220;][\/et_pb_image][\/et_pb_column][\/et_pb_row][et_pb_row _builder_version=&#8220;4.7.7&#8243; _module_preset=&#8220;default&#8220; background_color=&#8220;#ffffff&#8220; use_background_color_gradient=&#8220;on&#8220; background_color_gradient_start=&#8220;#ffffff&#8220; background_color_gradient_end=&#8220;#ffffff&#8220; width=&#8220;100%&#8220;][et_pb_column type=&#8220;4_4&#8243; _builder_version=&#8220;4.7.7&#8243; _module_preset=&#8220;default&#8220;][et_pb_text admin_label=&#8220;Fazit&#8220; _builder_version=&#8220;4.7.7&#8243; _module_preset=&#8220;default&#8220; text_font=&#8220;Montserrat Alternates|600|||||||&#8220; text_font_size=&#8220;20px&#8220; header_font=&#8220;Montserrat Alternates|700|||on|||#f5df4d|double&#8220; header_font_size=&#8220;45px&#8220; header_2_font=&#8220;Montserrat Alternates|700|||on|||#f5df4d|double&#8220; header_2_font_size=&#8220;32px&#8220; header_3_font=&#8220;Montserrat Alternates|700|||on|||#f5df4d|double&#8220; header_3_font_size=&#8220;25px&#8220; header_4_font=&#8220;Montserrat Alternates|700|||on|||#f5df4d|double&#8220;]<\/p>\n<h2><strong><span style=\"color: #808080;\">Fliesentrends 2021 : Das Fazit :<\/span><\/strong><\/h2>\n<p><span style=\"color: #808080;\">Planen Sie 2021 einen Neubau oder Umbau? Geh\u00f6ren Sie auch zu der wachsenden Gruppe, die von den vielen Vorteilen der keramischen Fliesen \u00fcberzeugt ist? Sind Sie \u00fcberrascht, welche Fliesen-Trends uns auch dieses Jahr erreichen? Wir haben die Zeit des Lockdowns genutzt, um bereits viele Fliesen-Neuheiten zu bemustern und kleine Umbauten in unseren Showrooms vorzunehmen. Wir freuen uns daher, Sie bald in unserer Fliesenausstellung in Iserlohn, Essen im Ruhrgebiet oder (hoffentlich in K\u00fcrze !) im hohen Norden begr\u00fc\u00dfen und bei Ihrer Fliesenauswahl unterst\u00fctzen zu d\u00fcrfen. Leider m\u00fcssen wir bef\u00fcrchten, dass uns dieses Jahr COVID-19 noch f\u00fcr l\u00e4ngere Zeit besch\u00e4ftigen wird. Wir m\u00f6chten Ihnen aber versichern, dass wir Alles unternehmen, damit Ihr Besuch bei uns so sicher wie m\u00f6glich verl\u00e4uft. Der Schutz der Gesundheit Ihrer \u00a0und unserer Kollegen in den Ausstellungsr\u00e4umen ist uns ein sehr wichtiges Anliegen. In unseren H\u00e4usern werden daher die Auflagen der lokalen Beh\u00f6rden und die Empfehlungen der Gesundheits\u00e4mter immer umgehend umgesetzt und die Einhaltung kontrolliert. Nat\u00fcrlich w\u00fcnschen wir uns, dass wir bald zur alten Normalit\u00e4t zur\u00fcckkehren k\u00f6nnen und unsere Beratungen wieder ohne Restriktionen stattfinden d\u00fcrfen. Bleiben Sie bis dahin gesund &#8211; \u00a0#staysafe !<\/span><\/p>\n<p>[\/et_pb_text][\/et_pb_column][\/et_pb_row][et_pb_row _builder_version=&#8220;4.7.7&#8243; _module_preset=&#8220;default&#8220; background_color=&#8220;#ffffff&#8220; use_background_color_gradient=&#8220;on&#8220; background_color_gradient_start=&#8220;#ffffff&#8220; background_color_gradient_end=&#8220;#ffffff&#8220; width=&#8220;100%&#8220;][et_pb_column type=&#8220;4_4&#8243; _builder_version=&#8220;4.7.7&#8243; _module_preset=&#8220;default&#8220;][et_pb_text admin_label=&#8220;Quellen&#8220; _builder_version=&#8220;4.7.7&#8243; _module_preset=&#8220;default&#8220; text_font=&#8220;Montserrat Alternates|600|||||||&#8220; text_font_size=&#8220;16px&#8220; header_font=&#8220;Montserrat Alternates|700|||on|||#f5df4d|double&#8220; header_font_size=&#8220;45px&#8220; header_2_font=&#8220;Montserrat Alternates|700|||on|||#f5df4d|double&#8220; header_2_font_size=&#8220;32px&#8220; header_3_font=&#8220;Montserrat Alternates|700|||on|||#f5df4d|double&#8220; header_3_font_size=&#8220;25px&#8220; header_4_font=&#8220;Montserrat Alternates|700|||on|||#f5df4d|double&#8220; header_4_font_size=&#8220;19px&#8220;]<\/p>\n<h4><strong><span style=\"color: #808080;\">Quellen f\u00fcr Fliesentrends 2021<\/span><\/strong><\/h4>\n<ul>\n<li><a href=\"https:\/\/www.pantone.com\">www.pantone.com<\/a><\/li>\n<li><span style=\"color: #808080;\">\u201eMonochrome Home\u201c von Hilary Robertson, 2015 erschienen im Ryland and Peters Verlag, Seite 14ff.<\/span><\/li>\n<li><span style=\"color: #808080;\">\u201eEntwicklung des deutschen Fliesenmarktes im 1. Halbjahr 2020&#8243; von Ralf Schanze und Carlo Cit auf 1200grad.com<\/span><\/li>\n<li><span style=\"color: #808080;\">Artikel \u201eWohntrends 2021\u201c im Magazin \u201eLiving At Home\u201c, Ausgabe 01\/21, Seite 28ff.<\/span><\/li>\n<li><span style=\"color: #808080;\">Artikel \u201eDas sind ja ganz neue T\u00f6ne\u201c im Magazin \u201eZuhause Wohnen\u201c, Ausgabe 05\/20, Seite 10ff<\/span><\/li>\n<li><span style=\"color: #808080;\">Artikel \u201eV\u00f6llig neue Ansichten + Interview mit Andreas Lichtenstein\u201c im Magazin \u201eLiving At Home\u201c, Ausgabe 02\/2021, Seite 37<\/span><\/li>\n<li><span style=\"color: #808080;\">Artikel \u201eIm Trend: Gelbt\u00f6ne\u201c im \u201eLiving At Home Ideenbuch Wohnen mit Farbe\u201c, Seite 42ff<\/span><\/li>\n<li><span style=\"color: #808080;\">Artikel \u201eKaro Sticht!\u201c von Ute Laatz im \u201eWohnidee\u201c-Magazin, Ausgabe 01\/2021, Seite 98ff.<\/span><\/li>\n<li><span style=\"color: #808080;\">Artikel \u201eItalien 2020: \u201eDas k\u00fcrzeste Jahr\u201c von Uwe Leppert im Magazin \u201eFliesen&amp;Platten\u201c, Ausgabe 02\/2021, Seite 48<\/span><\/li>\n<li><span style=\"color: #808080;\">Artikel \u201eThe U.S. Flooring Market: Who is going to win?\u201d von Joe Lundgren im Magazin \u201cTile International: Coverings 2020\u201d, Seite 66ff.<\/span><\/li>\n<li><span style=\"color: #808080;\">Artikel \u201cPersistence of coronaviruses on inanimate surfaces and their inactivation with biocidal agents&#8220; von Kampf, Todt, Pfaender und Steinmann im Magazin \u201cJournal of Hospital Infection\u201d, S. 246-251<\/span><\/li>\n<li>Wir danken unseren Industriepartnern f\u00fcr die Bereitstellung der Fotos<\/li>\n<li>Alle \u00fcbrigen Fotos sind Eigentum der Rudolph Richter GmbH<\/li>\n<\/ul>\n<p>[\/et_pb_text][\/et_pb_column][\/et_pb_row][\/et_pb_section]<\/p>\n","protected":false},"excerpt":{"rendered":"<p>Fliesentrends 2021 Kann es wirklich die neuen Fliesentrends 2021 geben? Wir schreiben diesen Blog Anfang Februar 2021. Unsere Regierung hat erneut den harten Lockdown ausgerufen, um mit dem erzwungenen Stillstand die hohen COVID-19 Infektionszahlen zu senken. Restaurants, viele Hotels und die meisten Einzelh\u00e4ndler haben schon seit Wochen geschlossen. Gro\u00dfe Veranstaltungen wie Messen fanden quasi seit [&hellip;]<\/p>\n","protected":false},"author":1,"featured_media":6117,"comment_status":"closed","ping_status":"closed","template":"","meta":{"_et_pb_use_builder":"on","_et_pb_old_content":"","_et_gb_content_width":"","footnotes":""},"project_category":[54,50,58],"project_tag":[1319,1327,1322,1331,1329,1330,703,854,853,700,1321,702,458,882,1317,1316,1315,1300,1324,1323,1326,1320,1318,1328,1325],"class_list":["post-6056","project","type-project","status-publish","has-post-thumbnail","hentry","project_category-fliesen","project_category-neues-aus-unseren-ausstellungen","project_category-trends","project_tag-aktuelle-fliesen-2021","project_tag-einrichtungstrend-2021","project_tag-farbtrends-2021","project_tag-fliesen-im-internet-kaufen-2021","project_tag-fliesen-online-kaufen-2021","project_tag-fliesen-onlinehandel-2021","project_tag-fliesenausstellung-bottrop","project_tag-fliesenausstellung-bremen","project_tag-fliesenausstellung-delmenhorst","project_tag-fliesenausstellung-dortmund","project_tag-fliesenausstellung-essen-ruhrgebiet","project_tag-fliesenausstellung-gelsenkirchen","project_tag-fliesenausstellung-iserlohn","project_tag-fliesenausstellung-menden","project_tag-fliesenpreview2021","project_tag-fliesentrend2021","project_tag-fliesentrends2021","project_tag-hausbau-2021","project_tag-neubau-2021","project_tag-pantone-farben-2021","project_tag-renovieren-2021","project_tag-rudolph-richter-fliesenhandel","project_tag-welche-fliesen-2021","project_tag-welche-fliesen-im-badezimmer-2021","project_tag-wir-bauen-2021"],"_links":{"self":[{"href":"https:\/\/rudolph-richter.de\/fliesenhandel\/wp-json\/wp\/v2\/project\/6056","targetHints":{"allow":["GET"]}}],"collection":[{"href":"https:\/\/rudolph-richter.de\/fliesenhandel\/wp-json\/wp\/v2\/project"}],"about":[{"href":"https:\/\/rudolph-richter.de\/fliesenhandel\/wp-json\/wp\/v2\/types\/project"}],"author":[{"embeddable":true,"href":"https:\/\/rudolph-richter.de\/fliesenhandel\/wp-json\/wp\/v2\/users\/1"}],"replies":[{"embeddable":true,"href":"https:\/\/rudolph-richter.de\/fliesenhandel\/wp-json\/wp\/v2\/comments?post=6056"}],"version-history":[{"count":23,"href":"https:\/\/rudolph-richter.de\/fliesenhandel\/wp-json\/wp\/v2\/project\/6056\/revisions"}],"predecessor-version":[{"id":6121,"href":"https:\/\/rudolph-richter.de\/fliesenhandel\/wp-json\/wp\/v2\/project\/6056\/revisions\/6121"}],"wp:featuredmedia":[{"embeddable":true,"href":"https:\/\/rudolph-richter.de\/fliesenhandel\/wp-json\/wp\/v2\/media\/6117"}],"wp:attachment":[{"href":"https:\/\/rudolph-richter.de\/fliesenhandel\/wp-json\/wp\/v2\/media?parent=6056"}],"wp:term":[{"taxonomy":"project_category","embeddable":true,"href":"https:\/\/rudolph-richter.de\/fliesenhandel\/wp-json\/wp\/v2\/project_category?post=6056"},{"taxonomy":"project_tag","embeddable":true,"href":"https:\/\/rudolph-richter.de\/fliesenhandel\/wp-json\/wp\/v2\/project_tag?post=6056"}],"curies":[{"name":"wp","href":"https:\/\/api.w.org\/{rel}","templated":true}]}}